{"id":34,"date":"2025-12-12T19:03:09","date_gmt":"2025-12-12T18:03:09","guid":{"rendered":"http:\/\/paris-ancien.fr\/passages-couverts\/?page_id=34"},"modified":"2025-12-18T09:41:08","modified_gmt":"2025-12-18T08:41:08","slug":"galerie-vero-dodat","status":"publish","type":"page","link":"https:\/\/www.paris-ancien.fr\/passages-couverts\/galerie-vero-dodat\/","title":{"rendered":"Galerie V\u00e9ro Dodat"},"content":{"rendered":"\t\t<div data-elementor-type=\"wp-page\" data-elementor-id=\"34\" class=\"elementor elementor-34\">\n\t\t\t\t<div class=\"elementor-element elementor-element-b3d1ba4 e-flex e-con-boxed e-con e-parent\" data-id=\"b3d1ba4\" data-element_type=\"container\" data-e-type=\"container\">\n\t\t\t\t\t<div class=\"e-con-inner\">\n\t\t\t\t<div class=\"elementor-element elementor-element-3345e05 elementor-widget elementor-widget-heading\" data-id=\"3345e05\" data-element_type=\"widget\" data-e-type=\"widget\" data-widget_type=\"heading.default\">\n\t\t\t\t\t<h2 class=\"elementor-heading-title elementor-size-default\">Galerie V\u00e9ro Dodat<\/h2>\t\t\t\t<\/div>\n\t\t\t\t\t<\/div>\n\t\t\t\t<\/div>\n\t\t<div class=\"elementor-element elementor-element-11551bd e-flex e-con-boxed e-con e-parent\" data-id=\"11551bd\" data-element_type=\"container\" data-e-type=\"container\">\n\t\t\t\t\t<div class=\"e-con-inner\">\n\t\t\t\t<div class=\"elementor-element elementor-element-a6c2af8 elementor-widget elementor-widget-heading\" data-id=\"a6c2af8\" data-element_type=\"widget\" data-e-type=\"widget\" data-widget_type=\"heading.default\">\n\t\t\t\t\t<h5 class=\"elementor-heading-title elementor-size-default\">19, rue Jean-Jacques-Rousseau \/ 2, rue du Bouloi <\/h5>\t\t\t\t<\/div>\n\t\t\t\t\t<\/div>\n\t\t\t\t<\/div>\n\t\t<div class=\"elementor-element elementor-element-302101d e-flex e-con-boxed e-con e-parent\" data-id=\"302101d\" data-element_type=\"container\" data-e-type=\"container\">\n\t\t\t\t\t<div class=\"e-con-inner\">\n\t\t<div class=\"elementor-element elementor-element-b8169cb e-con-full e-flex e-con e-child\" data-id=\"b8169cb\" data-element_type=\"container\" data-e-type=\"container\">\n\t\t\t\t<div class=\"elementor-element elementor-element-307eec9 elementor-widget__width-inherit elementor-widget elementor-widget-google_maps\" data-id=\"307eec9\" data-element_type=\"widget\" data-e-type=\"widget\" data-widget_type=\"google_maps.default\">\n\t\t\t\t\t\t\t<div class=\"elementor-custom-embed\">\n\t\t\t<iframe loading=\"lazy\"\n\t\t\t\t\tsrc=\"https:\/\/maps.google.com\/maps?q=galerie%20vero%20dodat&#038;t=m&#038;z=15&#038;output=embed&#038;iwloc=near\"\n\t\t\t\t\ttitle=\"galerie vero dodat\"\n\t\t\t\t\taria-label=\"galerie vero dodat\"\n\t\t\t><\/iframe>\n\t\t<\/div>\n\t\t\t\t\t\t<\/div>\n\t\t\t\t<\/div>\n\t\t<div class=\"elementor-element elementor-element-48b65d8 e-con-full e-flex e-con e-child\" data-id=\"48b65d8\" data-element_type=\"container\" data-e-type=\"container\">\n\t\t\t\t<div class=\"elementor-element elementor-element-158f4a4 elementor-widget elementor-widget-text-editor\" data-id=\"158f4a4\" data-element_type=\"widget\" data-e-type=\"widget\" data-widget_type=\"text-editor.default\">\n\t\t\t\t\t\t\t\t\t<p>Cette galerie a \u00e9t\u00e9 construite lors d\u2019une \u00e9norme sp\u00e9culation immobili\u00e8re apr\u00e8s la r\u00e9volution. V\u00e9ro ayant une forte somme qu\u2019il a sp\u00e9cul\u00e9 en bourse , fait construire une partie de la vers 1837. Dodat poss\u00e9dait un magasin proche de la galerie .<\/p>\t\t\t\t\t\t\t\t<\/div>\n\t\t\t\t<\/div>\n\t\t\t\t\t<\/div>\n\t\t\t\t<\/div>\n\t\t<div class=\"elementor-element elementor-element-61c6cdd e-flex e-con-boxed e-con e-parent\" data-id=\"61c6cdd\" data-element_type=\"container\" data-e-type=\"container\">\n\t\t\t\t\t<div class=\"e-con-inner\">\n\t\t<div class=\"elementor-element elementor-element-3b7e28f e-con-full e-flex e-con e-child\" data-id=\"3b7e28f\" data-element_type=\"container\" data-e-type=\"container\">\n\t\t\t\t<div class=\"elementor-element elementor-element-0b27d45 elementor-widget elementor-widget-image\" data-id=\"0b27d45\" data-element_type=\"widget\" data-e-type=\"widget\" data-widget_type=\"image.default\">\n\t\t\t\t\t\t\t\t\t\t\t\t\t\t\t\t<a href=\"https:\/\/www.paris-ancien.fr\/passages-couverts\/wp-content\/uploads\/2025\/12\/vero-dodat.jpg\" data-elementor-open-lightbox=\"yes\" data-elementor-lightbox-title=\"vero-dodat\" data-e-action-hash=\"#elementor-action%3Aaction%3Dlightbox%26settings%3DeyJpZCI6MTc2LCJ1cmwiOiJodHRwczpcL1wvd3d3LnBhcmlzLWFuY2llbi5mclwvcGFzc2FnZXMtY291dmVydHNcL3dwLWNvbnRlbnRcL3VwbG9hZHNcLzIwMjVcLzEyXC92ZXJvLWRvZGF0LmpwZyJ9\">\n\t\t\t\t\t\t\t<img alt=\"\" fetchpriority=\"high\" decoding=\"async\" width=\"768\" height=\"576\" src=\"https:\/\/www.paris-ancien.fr\/passages-couverts\/wp-content\/uploads\/2025\/12\/vero-dodat-768x576.jpg\" class=\"attachment-medium_large size-medium_large wp-image-176\" alt=\"\" srcset=\"https:\/\/www.paris-ancien.fr\/passages-couverts\/wp-content\/uploads\/2025\/12\/vero-dodat-768x576.jpg 768w, https:\/\/www.paris-ancien.fr\/passages-couverts\/wp-content\/uploads\/2025\/12\/vero-dodat-300x225.jpg 300w, https:\/\/www.paris-ancien.fr\/passages-couverts\/wp-content\/uploads\/2025\/12\/vero-dodat-1024x768.jpg 1024w, https:\/\/www.paris-ancien.fr\/passages-couverts\/wp-content\/uploads\/2025\/12\/vero-dodat-1536x1152.jpg 1536w, https:\/\/www.paris-ancien.fr\/passages-couverts\/wp-content\/uploads\/2025\/12\/vero-dodat.jpg 1600w\" sizes=\"(max-width: 768px) 100vw, 768px\" \/>\t\t\t\t\t\t\t\t<\/a>\n\t\t\t\t\t\t\t\t\t\t\t\t\t\t\t<\/div>\n\t\t\t\t<\/div>\n\t\t<div class=\"elementor-element elementor-element-a63f8df e-con-full e-flex e-con e-child\" data-id=\"a63f8df\" data-element_type=\"container\" data-e-type=\"container\">\n\t\t\t\t<div class=\"elementor-element elementor-element-ddb6799 elementor-widget elementor-widget-image\" data-id=\"ddb6799\" data-element_type=\"widget\" data-e-type=\"widget\" data-widget_type=\"image.default\">\n\t\t\t\t\t\t\t\t\t\t\t\t\t\t\t\t<a href=\"https:\/\/www.paris-ancien.fr\/passages-couverts\/wp-content\/uploads\/2025\/12\/bois-vero-dodat.jpg\" data-elementor-open-lightbox=\"yes\" data-elementor-lightbox-title=\"bois-vero-dodat\" data-e-action-hash=\"#elementor-action%3Aaction%3Dlightbox%26settings%3DeyJpZCI6MjIyLCJ1cmwiOiJodHRwczpcL1wvd3d3LnBhcmlzLWFuY2llbi5mclwvcGFzc2FnZXMtY291dmVydHNcL3dwLWNvbnRlbnRcL3VwbG9hZHNcLzIwMjVcLzEyXC9ib2lzLXZlcm8tZG9kYXQuanBnIn0%3D\">\n\t\t\t\t\t\t\t<img alt=\"\" decoding=\"async\" width=\"768\" height=\"576\" src=\"https:\/\/www.paris-ancien.fr\/passages-couverts\/wp-content\/uploads\/2025\/12\/bois-vero-dodat-768x576.jpg\" class=\"attachment-medium_large size-medium_large wp-image-222\" alt=\"\" srcset=\"https:\/\/www.paris-ancien.fr\/passages-couverts\/wp-content\/uploads\/2025\/12\/bois-vero-dodat-768x576.jpg 768w, https:\/\/www.paris-ancien.fr\/passages-couverts\/wp-content\/uploads\/2025\/12\/bois-vero-dodat-300x225.jpg 300w, https:\/\/www.paris-ancien.fr\/passages-couverts\/wp-content\/uploads\/2025\/12\/bois-vero-dodat-1024x768.jpg 1024w, https:\/\/www.paris-ancien.fr\/passages-couverts\/wp-content\/uploads\/2025\/12\/bois-vero-dodat-1536x1152.jpg 1536w, https:\/\/www.paris-ancien.fr\/passages-couverts\/wp-content\/uploads\/2025\/12\/bois-vero-dodat.jpg 1600w\" sizes=\"(max-width: 768px) 100vw, 768px\" \/>\t\t\t\t\t\t\t\t<\/a>\n\t\t\t\t\t\t\t\t\t\t\t\t\t\t\t<\/div>\n\t\t\t\t<\/div>\n\t\t<div class=\"elementor-element elementor-element-fa72cd9 e-con-full e-flex e-con e-child\" data-id=\"fa72cd9\" data-element_type=\"container\" data-e-type=\"container\">\n\t\t\t\t<div class=\"elementor-element elementor-element-866efdb elementor-widget elementor-widget-image\" data-id=\"866efdb\" data-element_type=\"widget\" data-e-type=\"widget\" data-widget_type=\"image.default\">\n\t\t\t\t\t\t\t\t\t\t\t\t\t\t\t\t<a href=\"https:\/\/www.paris-ancien.fr\/passages-couverts\/wp-content\/uploads\/2025\/12\/peinture-vero-dodat.jpg\" data-elementor-open-lightbox=\"yes\" data-elementor-lightbox-title=\"peinture-vero-dodat\" data-e-action-hash=\"#elementor-action%3Aaction%3Dlightbox%26settings%3DeyJpZCI6MjI5LCJ1cmwiOiJodHRwczpcL1wvd3d3LnBhcmlzLWFuY2llbi5mclwvcGFzc2FnZXMtY291dmVydHNcL3dwLWNvbnRlbnRcL3VwbG9hZHNcLzIwMjVcLzEyXC9wZWludHVyZS12ZXJvLWRvZGF0LmpwZyJ9\">\n\t\t\t\t\t\t\t<img alt=\"\" decoding=\"async\" width=\"768\" height=\"576\" src=\"https:\/\/www.paris-ancien.fr\/passages-couverts\/wp-content\/uploads\/2025\/12\/peinture-vero-dodat-768x576.jpg\" class=\"attachment-medium_large size-medium_large wp-image-229\" alt=\"\" srcset=\"https:\/\/www.paris-ancien.fr\/passages-couverts\/wp-content\/uploads\/2025\/12\/peinture-vero-dodat-768x576.jpg 768w, https:\/\/www.paris-ancien.fr\/passages-couverts\/wp-content\/uploads\/2025\/12\/peinture-vero-dodat-300x225.jpg 300w, https:\/\/www.paris-ancien.fr\/passages-couverts\/wp-content\/uploads\/2025\/12\/peinture-vero-dodat-1024x768.jpg 1024w, https:\/\/www.paris-ancien.fr\/passages-couverts\/wp-content\/uploads\/2025\/12\/peinture-vero-dodat-1536x1152.jpg 1536w, https:\/\/www.paris-ancien.fr\/passages-couverts\/wp-content\/uploads\/2025\/12\/peinture-vero-dodat.jpg 1600w\" sizes=\"(max-width: 768px) 100vw, 768px\" \/>\t\t\t\t\t\t\t\t<\/a>\n\t\t\t\t\t\t\t\t\t\t\t\t\t\t\t<\/div>\n\t\t\t\t<\/div>\n\t\t<div class=\"elementor-element elementor-element-26f9de4 e-con-full e-flex e-con e-child\" data-id=\"26f9de4\" data-element_type=\"container\" data-e-type=\"container\">\n\t\t\t\t<div class=\"elementor-element elementor-element-8af091b elementor-widget elementor-widget-image\" data-id=\"8af091b\" data-element_type=\"widget\" data-e-type=\"widget\" data-widget_type=\"image.default\">\n\t\t\t\t\t\t\t\t\t\t\t\t\t\t\t\t<a href=\"https:\/\/www.paris-ancien.fr\/passages-couverts\/wp-content\/uploads\/2025\/12\/escaliers-vero-dodat.jpg\" data-elementor-open-lightbox=\"yes\" data-elementor-lightbox-title=\"escaliers-vero-dodat\" data-e-action-hash=\"#elementor-action%3Aaction%3Dlightbox%26settings%3DeyJpZCI6MTA2MSwidXJsIjoiaHR0cHM6XC9cL3d3dy5wYXJpcy1hbmNpZW4uZnJcL3Bhc3NhZ2VzLWNvdXZlcnRzXC93cC1jb250ZW50XC91cGxvYWRzXC8yMDI1XC8xMlwvZXNjYWxpZXJzLXZlcm8tZG9kYXQuanBnIn0%3D\">\n\t\t\t\t\t\t\t<img alt=\"\" loading=\"lazy\" decoding=\"async\" width=\"768\" height=\"576\" src=\"https:\/\/www.paris-ancien.fr\/passages-couverts\/wp-content\/uploads\/2025\/12\/escaliers-vero-dodat-768x576.jpg\" class=\"attachment-medium_large size-medium_large wp-image-1061\" alt=\"\" srcset=\"https:\/\/www.paris-ancien.fr\/passages-couverts\/wp-content\/uploads\/2025\/12\/escaliers-vero-dodat-768x576.jpg 768w, https:\/\/www.paris-ancien.fr\/passages-couverts\/wp-content\/uploads\/2025\/12\/escaliers-vero-dodat-300x225.jpg 300w, https:\/\/www.paris-ancien.fr\/passages-couverts\/wp-content\/uploads\/2025\/12\/escaliers-vero-dodat-1024x768.jpg 1024w, https:\/\/www.paris-ancien.fr\/passages-couverts\/wp-content\/uploads\/2025\/12\/escaliers-vero-dodat-1536x1152.jpg 1536w, https:\/\/www.paris-ancien.fr\/passages-couverts\/wp-content\/uploads\/2025\/12\/escaliers-vero-dodat.jpg 1600w\" sizes=\"(max-width: 768px) 100vw, 768px\" \/>\t\t\t\t\t\t\t\t<\/a>\n\t\t\t\t\t\t\t\t\t\t\t\t\t\t\t<\/div>\n\t\t\t\t<\/div>\n\t\t\t\t\t<\/div>\n\t\t\t\t<\/div>\n\t\t<div class=\"elementor-element elementor-element-7fd4f14 e-flex e-con-boxed e-con e-parent\" data-id=\"7fd4f14\" data-element_type=\"container\" data-e-type=\"container\">\n\t\t\t\t\t<div class=\"e-con-inner\">\n\t\t\t\t<div class=\"elementor-element elementor-element-e90c4d4 elementor-widget elementor-widget-spacer\" data-id=\"e90c4d4\" data-element_type=\"widget\" data-e-type=\"widget\" data-widget_type=\"spacer.default\">\n\t\t\t\t\t\t\t<div class=\"elementor-spacer\">\n\t\t\t<div class=\"elementor-spacer-inner\"><\/div>\n\t\t<\/div>\n\t\t\t\t\t\t<\/div>\n\t\t\t\t\t<\/div>\n\t\t\t\t<\/div>\n\t\t\t\t<\/div>\n\t\t","protected":false},"excerpt":{"rendered":"<p>Galerie V\u00e9ro Dodat 19, rue Jean-Jacques-Rousseau \/ 2, rue du Bouloi Cette galerie a \u00e9t\u00e9 construite lors d\u2019une \u00e9norme sp\u00e9culation [&hellip;]<\/p>\n","protected":false},"author":1,"featured_media":0,"parent":0,"menu_order":0,"comment_status":"closed","ping_status":"closed","template":"elementor_header_footer","meta":{"_seopress_robots_primary_cat":"0","_seopress_titles_title":"","_seopress_titles_desc":"Galerie V\u00e9ro Dodat. Passages Couverts de Paris. Galerie construite lors d\u2019une sp\u00e9culation immobili\u00e8re. V\u00e9ro fait construire une partie de la galerie vers 1837.","_seopress_robots_index":"","_monsterinsights_skip_tracking":false,"_monsterinsights_sitenote_active":false,"_monsterinsights_sitenote_note":"","_monsterinsights_sitenote_category":0,"site-sidebar-layout":"no-sidebar","site-content-layout":"","ast-site-content-layout":"full-width-container","site-content-style":"default","site-sidebar-style":"default","ast-global-header-display":"","ast-banner-title-visibility":"","ast-main-header-display":"","ast-hfb-above-header-display":"","ast-hfb-below-header-display":"","ast-hfb-mobile-header-display":"","site-post-title":"disabled","ast-breadcrumbs-content":"","ast-featured-img":"disabled","footer-sml-layout":"","ast-disable-related-posts":"","theme-transparent-header-meta":"","adv-header-id-meta":"","stick-header-meta":"","header-above-stick-meta":"","header-main-stick-meta":"","header-below-stick-meta":"","astra-migrate-meta-layouts":"default","ast-page-background-enabled":"default","ast-page-background-meta":{"desktop":{"background-color":"var(--ast-global-color-5)","background-image":"","background-repeat":"repeat","background-position":"center center","background-size":"auto","background-attachment":"scroll","background-type":"","background-media":"","overlay-type":"","overlay-color":"","overlay-opacity":"","overlay-gradient":""},"tablet":{"background-color":"","background-image":"","background-repeat":"repeat","background-position":"center center","background-size":"auto","background-attachment":"scroll","background-type":"","background-media":"","overlay-type":"","overlay-color":"","overlay-opacity":"","overlay-gradient":""},"mobile":{"background-color":"","background-image":"","background-repeat":"repeat","background-position":"center center","background-size":"auto","background-attachment":"scroll","background-type":"","background-media":"","overlay-type":"","overlay-color":"","overlay-opacity":"","overlay-gradient":""}},"ast-content-background-meta":{"desktop":{"background-color":"var(--ast-global-color-4)","background-image":"","background-repeat":"repeat","background-position":"center center","background-size":"auto","background-attachment":"scroll","background-type":"","background-media":"","overlay-type":"","overlay-color":"","overlay-opacity":"","overlay-gradient":""},"tablet":{"background-color":"var(--ast-global-color-4)","background-image":"","background-repeat":"repeat","background-position":"center center","background-size":"auto","background-attachment":"scroll","background-type":"","background-media":"","overlay-type":"","overlay-color":"","overlay-opacity":"","overlay-gradient":""},"mobile":{"background-color":"var(--ast-global-color-4)","background-image":"","background-repeat":"repeat","background-position":"center center","background-size":"auto","background-attachment":"scroll","background-type":"","background-media":"","overlay-type":"","overlay-color":"","overlay-opacity":"","overlay-gradient":""}},"footnotes":""},"class_list":["post-34","page","type-page","status-publish","hentry"],"_links":{"self":[{"href":"https:\/\/www.paris-ancien.fr\/passages-couverts\/wp-json\/wp\/v2\/pages\/34","targetHints":{"allow":["GET"]}}],"collection":[{"href":"https:\/\/www.paris-ancien.fr\/passages-couverts\/wp-json\/wp\/v2\/pages"}],"about":[{"href":"https:\/\/www.paris-ancien.fr\/passages-couverts\/wp-json\/wp\/v2\/types\/page"}],"author":[{"embeddable":true,"href":"https:\/\/www.paris-ancien.fr\/passages-couverts\/wp-json\/wp\/v2\/users\/1"}],"replies":[{"embeddable":true,"href":"https:\/\/www.paris-ancien.fr\/passages-couverts\/wp-json\/wp\/v2\/comments?post=34"}],"version-history":[{"count":74,"href":"https:\/\/www.paris-ancien.fr\/passages-couverts\/wp-json\/wp\/v2\/pages\/34\/revisions"}],"predecessor-version":[{"id":1155,"href":"https:\/\/www.paris-ancien.fr\/passages-couverts\/wp-json\/wp\/v2\/pages\/34\/revisions\/1155"}],"wp:attachment":[{"href":"https:\/\/www.paris-ancien.fr\/passages-couverts\/wp-json\/wp\/v2\/media?parent=34"}],"curies":[{"name":"wp","href":"https:\/\/api.w.org\/{rel}","templated":true}]}}