{"id":50,"date":"2025-12-21T21:47:23","date_gmt":"2025-12-21T20:47:23","guid":{"rendered":"https:\/\/www.paris-ancien.fr\/metro-guimard\/?page_id=50"},"modified":"2025-12-29T16:17:18","modified_gmt":"2025-12-29T15:17:18","slug":"autres-oeuvres-hors-paris","status":"publish","type":"page","link":"https:\/\/www.paris-ancien.fr\/metro-guimard\/autres-oeuvres-hors-paris\/","title":{"rendered":"Autres Oeuvres &#8211; Hors de Paris"},"content":{"rendered":"\t\t<div data-elementor-type=\"wp-page\" data-elementor-id=\"50\" class=\"elementor elementor-50\">\n\t\t\t\t<div class=\"elementor-element elementor-element-21a4e0a e-flex e-con-boxed e-con e-parent\" data-id=\"21a4e0a\" data-element_type=\"container\" data-e-type=\"container\">\n\t\t\t\t\t<div class=\"e-con-inner\">\n\t\t\t\t<div class=\"elementor-element elementor-element-19a218f elementor-widget elementor-widget-heading\" data-id=\"19a218f\" data-element_type=\"widget\" data-e-type=\"widget\" data-widget_type=\"heading.default\">\n\t\t\t\t\t<h2 class=\"elementor-heading-title elementor-size-default\">Autres Oeuvres - Hors de Paris<\/h2>\t\t\t\t<\/div>\n\t\t\t\t\t<\/div>\n\t\t\t\t<\/div>\n\t\t<div class=\"elementor-element elementor-element-a0e0afb e-flex e-con-boxed e-con e-parent\" data-id=\"a0e0afb\" data-element_type=\"container\" data-e-type=\"container\">\n\t\t\t\t\t<div class=\"e-con-inner\">\n\t\t\t\t<div class=\"elementor-element elementor-element-05297fe elementor-widget elementor-widget-heading\" data-id=\"05297fe\" data-element_type=\"widget\" data-e-type=\"widget\" data-widget_type=\"heading.default\">\n\t\t\t\t\t<h4 class=\"elementor-heading-title elementor-size-default\">Villa Jass\u00e9d\u00e9, 63 Avenue du G\u00e9n\u00e9ral-de-Gaulle, Issy les Moulineaux<\/h4>\t\t\t\t<\/div>\n\t\t\t\t\t<\/div>\n\t\t\t\t<\/div>\n\t\t<div class=\"elementor-element elementor-element-2676ff9 e-flex e-con-boxed e-con e-parent\" data-id=\"2676ff9\" data-element_type=\"container\" data-e-type=\"container\">\n\t\t\t\t\t<div class=\"e-con-inner\">\n\t\t<div class=\"elementor-element elementor-element-5476b74 e-con-full e-flex e-con e-child\" data-id=\"5476b74\" data-element_type=\"container\" data-e-type=\"container\">\n\t\t\t\t<div class=\"elementor-element elementor-element-1715591 elementor-widget elementor-widget-google_maps\" data-id=\"1715591\" data-element_type=\"widget\" data-e-type=\"widget\" data-widget_type=\"google_maps.default\">\n\t\t\t\t\t\t\t<div class=\"elementor-custom-embed\">\n\t\t\t<iframe loading=\"lazy\"\n\t\t\t\t\tsrc=\"https:\/\/maps.google.com\/maps?q=%2063%20Avenue%20du%20G%C3%A9n%C3%A9ral-de-Gaulle%2C%20Issy%20les%20Moulineaux&#038;t=m&#038;z=15&#038;output=embed&#038;iwloc=near\"\n\t\t\t\t\ttitle=\" 63 Avenue du G\u00e9n\u00e9ral-de-Gaulle, Issy les Moulineaux\"\n\t\t\t\t\taria-label=\" 63 Avenue du G\u00e9n\u00e9ral-de-Gaulle, Issy les Moulineaux\"\n\t\t\t><\/iframe>\n\t\t<\/div>\n\t\t\t\t\t\t<\/div>\n\t\t\t\t<\/div>\n\t\t<div class=\"elementor-element elementor-element-0ad5856 e-con-full e-flex e-con e-child\" data-id=\"0ad5856\" data-element_type=\"container\" data-e-type=\"container\">\n\t\t\t\t<div class=\"elementor-element elementor-element-39dce05 elementor-widget elementor-widget-image\" data-id=\"39dce05\" data-element_type=\"widget\" data-e-type=\"widget\" data-widget_type=\"image.default\">\n\t\t\t\t\t\t\t\t\t\t\t\t\t\t\t\t<a href=\"https:\/\/www.paris-ancien.fr\/metro-guimard\/wp-content\/uploads\/2025\/12\/issymoulineaux.jpg\" data-elementor-open-lightbox=\"yes\" data-elementor-lightbox-title=\"issymoulineaux\" data-e-action-hash=\"#elementor-action%3Aaction%3Dlightbox%26settings%3DeyJpZCI6ODQ2LCJ1cmwiOiJodHRwczpcL1wvd3d3LnBhcmlzLWFuY2llbi5mclwvbWV0cm8tZ3VpbWFyZFwvd3AtY29udGVudFwvdXBsb2Fkc1wvMjAyNVwvMTJcL2lzc3ltb3VsaW5lYXV4LmpwZyJ9\">\n\t\t\t\t\t\t\t<img alt=\"\" fetchpriority=\"high\" decoding=\"async\" width=\"768\" height=\"576\" src=\"https:\/\/www.paris-ancien.fr\/metro-guimard\/wp-content\/uploads\/2025\/12\/issymoulineaux-768x576.jpg\" class=\"attachment-medium_large size-medium_large wp-image-846\" alt=\"\" srcset=\"https:\/\/www.paris-ancien.fr\/metro-guimard\/wp-content\/uploads\/2025\/12\/issymoulineaux-768x576.jpg 768w, https:\/\/www.paris-ancien.fr\/metro-guimard\/wp-content\/uploads\/2025\/12\/issymoulineaux-300x225.jpg 300w, https:\/\/www.paris-ancien.fr\/metro-guimard\/wp-content\/uploads\/2025\/12\/issymoulineaux.jpg 960w\" sizes=\"(max-width: 768px) 100vw, 768px\" \/>\t\t\t\t\t\t\t\t<\/a>\n\t\t\t\t\t\t\t\t\t\t\t\t\t\t\t<\/div>\n\t\t\t\t<\/div>\n\t\t\t\t\t<\/div>\n\t\t\t\t<\/div>\n\t\t<div class=\"elementor-element elementor-element-de4aaab e-flex e-con-boxed e-con e-parent\" data-id=\"de4aaab\" data-element_type=\"container\" data-e-type=\"container\">\n\t\t\t\t\t<div class=\"e-con-inner\">\n\t\t\t\t<div class=\"elementor-element elementor-element-9f1e571 elementor-widget elementor-widget-heading\" data-id=\"9f1e571\" data-element_type=\"widget\" data-e-type=\"widget\" data-widget_type=\"heading.default\">\n\t\t\t\t\t<h4 class=\"elementor-heading-title elementor-size-default\">Chalet Blanc, 2 rue du Lyc\u00e9e, Sceaux. Villa construite en 1899.<\/h4>\t\t\t\t<\/div>\n\t\t\t\t\t<\/div>\n\t\t\t\t<\/div>\n\t\t<div class=\"elementor-element elementor-element-c275b12 e-flex e-con-boxed e-con e-parent\" data-id=\"c275b12\" data-element_type=\"container\" data-e-type=\"container\">\n\t\t\t\t\t<div class=\"e-con-inner\">\n\t\t<div class=\"elementor-element elementor-element-1fb1546 e-con-full e-flex e-con e-child\" data-id=\"1fb1546\" data-element_type=\"container\" data-e-type=\"container\">\n\t\t\t\t<div class=\"elementor-element elementor-element-0ac56f3 elementor-widget elementor-widget-google_maps\" data-id=\"0ac56f3\" data-element_type=\"widget\" data-e-type=\"widget\" data-widget_type=\"google_maps.default\">\n\t\t\t\t\t\t\t<div class=\"elementor-custom-embed\">\n\t\t\t<iframe loading=\"lazy\"\n\t\t\t\t\tsrc=\"https:\/\/maps.google.com\/maps?q=Chalet%20Blanc%2C%202%20rue%20du%20Lyc%C3%A9e%2C%20Sceaux&#038;t=m&#038;z=15&#038;output=embed&#038;iwloc=near\"\n\t\t\t\t\ttitle=\"Chalet Blanc, 2 rue du Lyc\u00e9e, Sceaux\"\n\t\t\t\t\taria-label=\"Chalet Blanc, 2 rue du Lyc\u00e9e, Sceaux\"\n\t\t\t><\/iframe>\n\t\t<\/div>\n\t\t\t\t\t\t<\/div>\n\t\t\t\t<\/div>\n\t\t<div class=\"elementor-element elementor-element-9994d9a e-con-full e-flex e-con e-child\" data-id=\"9994d9a\" data-element_type=\"container\" data-e-type=\"container\">\n\t\t\t\t<div class=\"elementor-element elementor-element-b8885f7 elementor-widget elementor-widget-image\" data-id=\"b8885f7\" data-element_type=\"widget\" data-e-type=\"widget\" data-widget_type=\"image.default\">\n\t\t\t\t\t\t\t\t\t\t\t\t\t\t\t\t<a href=\"https:\/\/www.paris-ancien.fr\/metro-guimard\/wp-content\/uploads\/2025\/12\/chalet-blanc-sceaux.jpg\" data-elementor-open-lightbox=\"yes\" data-elementor-lightbox-title=\"chalet-blanc-sceaux\" data-e-action-hash=\"#elementor-action%3Aaction%3Dlightbox%26settings%3DeyJpZCI6ODQ3LCJ1cmwiOiJodHRwczpcL1wvd3d3LnBhcmlzLWFuY2llbi5mclwvbWV0cm8tZ3VpbWFyZFwvd3AtY29udGVudFwvdXBsb2Fkc1wvMjAyNVwvMTJcL2NoYWxldC1ibGFuYy1zY2VhdXguanBnIn0%3D\">\n\t\t\t\t\t\t\t<img alt=\"\" decoding=\"async\" width=\"768\" height=\"576\" src=\"https:\/\/www.paris-ancien.fr\/metro-guimard\/wp-content\/uploads\/2025\/12\/chalet-blanc-sceaux-768x576.jpg\" class=\"attachment-medium_large size-medium_large wp-image-847\" alt=\"\" srcset=\"https:\/\/www.paris-ancien.fr\/metro-guimard\/wp-content\/uploads\/2025\/12\/chalet-blanc-sceaux-768x576.jpg 768w, https:\/\/www.paris-ancien.fr\/metro-guimard\/wp-content\/uploads\/2025\/12\/chalet-blanc-sceaux-300x225.jpg 300w, https:\/\/www.paris-ancien.fr\/metro-guimard\/wp-content\/uploads\/2025\/12\/chalet-blanc-sceaux-1024x768.jpg 1024w, https:\/\/www.paris-ancien.fr\/metro-guimard\/wp-content\/uploads\/2025\/12\/chalet-blanc-sceaux-1536x1152.jpg 1536w, https:\/\/www.paris-ancien.fr\/metro-guimard\/wp-content\/uploads\/2025\/12\/chalet-blanc-sceaux.jpg 1600w\" sizes=\"(max-width: 768px) 100vw, 768px\" \/>\t\t\t\t\t\t\t\t<\/a>\n\t\t\t\t\t\t\t\t\t\t\t\t\t\t\t<\/div>\n\t\t\t\t<\/div>\n\t\t\t\t\t<\/div>\n\t\t\t\t<\/div>\n\t\t<div class=\"elementor-element elementor-element-5e0b685 e-flex e-con-boxed e-con e-parent\" data-id=\"5e0b685\" data-element_type=\"container\" data-e-type=\"container\">\n\t\t\t\t\t<div class=\"e-con-inner\">\n\t\t\t\t<div class=\"elementor-element elementor-element-4fae221 elementor-widget elementor-widget-heading\" data-id=\"4fae221\" data-element_type=\"widget\" data-e-type=\"widget\" data-widget_type=\"heading.default\">\n\t\t\t\t\t<h4 class=\"elementor-heading-title elementor-size-default\">Villa, 16 rue Jean-Doyen, Eaubonne<\/h4>\t\t\t\t<\/div>\n\t\t\t\t\t<\/div>\n\t\t\t\t<\/div>\n\t\t<div class=\"elementor-element elementor-element-c718ef7 e-flex e-con-boxed e-con e-parent\" data-id=\"c718ef7\" data-element_type=\"container\" data-e-type=\"container\">\n\t\t\t\t\t<div class=\"e-con-inner\">\n\t\t<div class=\"elementor-element elementor-element-72ffa62 e-con-full e-flex e-con e-child\" data-id=\"72ffa62\" data-element_type=\"container\" data-e-type=\"container\">\n\t\t\t\t<div class=\"elementor-element elementor-element-e9d483b elementor-widget elementor-widget-google_maps\" data-id=\"e9d483b\" data-element_type=\"widget\" data-e-type=\"widget\" data-widget_type=\"google_maps.default\">\n\t\t\t\t\t\t\t<div class=\"elementor-custom-embed\">\n\t\t\t<iframe loading=\"lazy\"\n\t\t\t\t\tsrc=\"https:\/\/maps.google.com\/maps?q=16%20rue%20Jean-Doyen%2C%20Eaubonne&#038;t=m&#038;z=15&#038;output=embed&#038;iwloc=near\"\n\t\t\t\t\ttitle=\"16 rue Jean-Doyen, Eaubonne\"\n\t\t\t\t\taria-label=\"16 rue Jean-Doyen, Eaubonne\"\n\t\t\t><\/iframe>\n\t\t<\/div>\n\t\t\t\t\t\t<\/div>\n\t\t\t\t<\/div>\n\t\t<div class=\"elementor-element elementor-element-4b60a32 e-con-full e-flex e-con e-child\" data-id=\"4b60a32\" data-element_type=\"container\" data-e-type=\"container\">\n\t\t\t\t<div class=\"elementor-element elementor-element-43edf8a elementor-widget elementor-widget-image\" data-id=\"43edf8a\" data-element_type=\"widget\" data-e-type=\"widget\" data-widget_type=\"image.default\">\n\t\t\t\t\t\t\t\t\t\t\t\t\t\t\t\t<a href=\"https:\/\/www.paris-ancien.fr\/metro-guimard\/wp-content\/uploads\/2025\/12\/maisoneaubonne.jpg\" data-elementor-open-lightbox=\"yes\" data-elementor-lightbox-title=\"maisoneaubonne\" data-e-action-hash=\"#elementor-action%3Aaction%3Dlightbox%26settings%3DeyJpZCI6ODU3LCJ1cmwiOiJodHRwczpcL1wvd3d3LnBhcmlzLWFuY2llbi5mclwvbWV0cm8tZ3VpbWFyZFwvd3AtY29udGVudFwvdXBsb2Fkc1wvMjAyNVwvMTJcL21haXNvbmVhdWJvbm5lLmpwZyJ9\">\n\t\t\t\t\t\t\t<img alt=\"\" decoding=\"async\" width=\"768\" height=\"576\" src=\"https:\/\/www.paris-ancien.fr\/metro-guimard\/wp-content\/uploads\/2025\/12\/maisoneaubonne-768x576.jpg\" class=\"attachment-medium_large size-medium_large wp-image-857\" alt=\"\" srcset=\"https:\/\/www.paris-ancien.fr\/metro-guimard\/wp-content\/uploads\/2025\/12\/maisoneaubonne-768x576.jpg 768w, https:\/\/www.paris-ancien.fr\/metro-guimard\/wp-content\/uploads\/2025\/12\/maisoneaubonne-300x225.jpg 300w, https:\/\/www.paris-ancien.fr\/metro-guimard\/wp-content\/uploads\/2025\/12\/maisoneaubonne.jpg 960w\" sizes=\"(max-width: 768px) 100vw, 768px\" \/>\t\t\t\t\t\t\t\t<\/a>\n\t\t\t\t\t\t\t\t\t\t\t\t\t\t\t<\/div>\n\t\t\t\t<\/div>\n\t\t\t\t\t<\/div>\n\t\t\t\t<\/div>\n\t\t<div class=\"elementor-element elementor-element-93128eb e-flex e-con-boxed e-con e-parent\" data-id=\"93128eb\" data-element_type=\"container\" data-e-type=\"container\">\n\t\t\t\t\t<div class=\"e-con-inner\">\n\t\t\t\t<div class=\"elementor-element elementor-element-4ec59af elementor-widget elementor-widget-heading\" data-id=\"4ec59af\" data-element_type=\"widget\" data-e-type=\"widget\" data-widget_type=\"heading.default\">\n\t\t\t\t\t<h4 class=\"elementor-heading-title elementor-size-default\">La Hubloti\u00e8re, 72, route de Montesson, Le V\u00e9sinet<\/h4>\t\t\t\t<\/div>\n\t\t\t\t\t<\/div>\n\t\t\t\t<\/div>\n\t\t<div class=\"elementor-element elementor-element-29cea10 e-flex e-con-boxed e-con e-parent\" data-id=\"29cea10\" data-element_type=\"container\" data-e-type=\"container\">\n\t\t\t\t\t<div class=\"e-con-inner\">\n\t\t<div class=\"elementor-element elementor-element-f0a71a5 e-con-full e-flex e-con e-child\" data-id=\"f0a71a5\" data-element_type=\"container\" data-e-type=\"container\">\n\t\t\t\t<div class=\"elementor-element elementor-element-47b0102 elementor-widget elementor-widget-google_maps\" data-id=\"47b0102\" data-element_type=\"widget\" data-e-type=\"widget\" data-widget_type=\"google_maps.default\">\n\t\t\t\t\t\t\t<div class=\"elementor-custom-embed\">\n\t\t\t<iframe loading=\"lazy\"\n\t\t\t\t\tsrc=\"https:\/\/maps.google.com\/maps?q=72%2C%20route%20de%20Montesson%2C%20Le%20V%C3%A9sinet&#038;t=m&#038;z=15&#038;output=embed&#038;iwloc=near\"\n\t\t\t\t\ttitle=\"72, route de Montesson, Le V\u00e9sinet\"\n\t\t\t\t\taria-label=\"72, route de Montesson, Le V\u00e9sinet\"\n\t\t\t><\/iframe>\n\t\t<\/div>\n\t\t\t\t\t\t<\/div>\n\t\t\t\t<\/div>\n\t\t<div class=\"elementor-element elementor-element-bcbab23 e-con-full e-flex e-con e-child\" data-id=\"bcbab23\" data-element_type=\"container\" data-e-type=\"container\">\n\t\t\t\t<div class=\"elementor-element elementor-element-859cf5a elementor-widget elementor-widget-image\" data-id=\"859cf5a\" data-element_type=\"widget\" data-e-type=\"widget\" data-widget_type=\"image.default\">\n\t\t\t\t\t\t\t\t\t\t\t\t\t\t\t\t<a href=\"https:\/\/www.paris-ancien.fr\/metro-guimard\/wp-content\/uploads\/2025\/12\/hublotiere.jpg\" data-elementor-open-lightbox=\"yes\" data-elementor-lightbox-title=\"hublotiere\" data-e-action-hash=\"#elementor-action%3Aaction%3Dlightbox%26settings%3DeyJpZCI6ODYxLCJ1cmwiOiJodHRwczpcL1wvd3d3LnBhcmlzLWFuY2llbi5mclwvbWV0cm8tZ3VpbWFyZFwvd3AtY29udGVudFwvdXBsb2Fkc1wvMjAyNVwvMTJcL2h1YmxvdGllcmUuanBnIn0%3D\">\n\t\t\t\t\t\t\t<img alt=\"\" loading=\"lazy\" decoding=\"async\" width=\"768\" height=\"576\" src=\"https:\/\/www.paris-ancien.fr\/metro-guimard\/wp-content\/uploads\/2025\/12\/hublotiere-768x576.jpg\" class=\"attachment-medium_large size-medium_large wp-image-861\" alt=\"\" srcset=\"https:\/\/www.paris-ancien.fr\/metro-guimard\/wp-content\/uploads\/2025\/12\/hublotiere-768x576.jpg 768w, https:\/\/www.paris-ancien.fr\/metro-guimard\/wp-content\/uploads\/2025\/12\/hublotiere-300x225.jpg 300w, https:\/\/www.paris-ancien.fr\/metro-guimard\/wp-content\/uploads\/2025\/12\/hublotiere.jpg 960w\" sizes=\"(max-width: 768px) 100vw, 768px\" \/>\t\t\t\t\t\t\t\t<\/a>\n\t\t\t\t\t\t\t\t\t\t\t\t\t\t\t<\/div>\n\t\t\t\t<\/div>\n\t\t\t\t\t<\/div>\n\t\t\t\t<\/div>\n\t\t<div class=\"elementor-element elementor-element-fd0eef0 e-flex e-con-boxed e-con e-parent\" data-id=\"fd0eef0\" data-element_type=\"container\" data-e-type=\"container\">\n\t\t\t\t\t<div class=\"e-con-inner\">\n\t\t\t\t<div class=\"elementor-element elementor-element-2c7dc47 elementor-widget elementor-widget-heading\" data-id=\"2c7dc47\" data-element_type=\"widget\" data-e-type=\"widget\" data-widget_type=\"heading.default\">\n\t\t\t\t\t<h4 class=\"elementor-heading-title elementor-size-default\">Castel Val,  4, rue des Meuli\u00e8res, Chaponval, Auvers-sur-Oise, Construite en 1903<\/h4>\t\t\t\t<\/div>\n\t\t\t\t\t<\/div>\n\t\t\t\t<\/div>\n\t\t<div class=\"elementor-element elementor-element-f114ce7 e-flex e-con-boxed e-con e-parent\" data-id=\"f114ce7\" data-element_type=\"container\" data-e-type=\"container\">\n\t\t\t\t\t<div class=\"e-con-inner\">\n\t\t<div class=\"elementor-element elementor-element-76d6a3a e-con-full e-flex e-con e-child\" data-id=\"76d6a3a\" data-element_type=\"container\" data-e-type=\"container\">\n\t\t\t\t<div class=\"elementor-element elementor-element-36e10d4 elementor-widget elementor-widget-google_maps\" data-id=\"36e10d4\" data-element_type=\"widget\" data-e-type=\"widget\" data-widget_type=\"google_maps.default\">\n\t\t\t\t\t\t\t<div class=\"elementor-custom-embed\">\n\t\t\t<iframe loading=\"lazy\"\n\t\t\t\t\tsrc=\"https:\/\/maps.google.com\/maps?q=4%2C%20rue%20des%20Meuli%C3%A8res%2C%20Chaponval%2C%20Auvers-sur-Oise&#038;t=m&#038;z=15&#038;output=embed&#038;iwloc=near\"\n\t\t\t\t\ttitle=\"4, rue des Meuli\u00e8res, Chaponval, Auvers-sur-Oise\"\n\t\t\t\t\taria-label=\"4, rue des Meuli\u00e8res, Chaponval, Auvers-sur-Oise\"\n\t\t\t><\/iframe>\n\t\t<\/div>\n\t\t\t\t\t\t<\/div>\n\t\t\t\t<\/div>\n\t\t<div class=\"elementor-element elementor-element-6a3f086 e-con-full e-flex e-con e-child\" data-id=\"6a3f086\" data-element_type=\"container\" data-e-type=\"container\">\n\t\t\t\t<div class=\"elementor-element elementor-element-982b05d elementor-widget elementor-widget-image\" data-id=\"982b05d\" data-element_type=\"widget\" data-e-type=\"widget\" data-widget_type=\"image.default\">\n\t\t\t\t\t\t\t\t\t\t\t\t\t\t\t\t<a href=\"https:\/\/www.paris-ancien.fr\/metro-guimard\/wp-content\/uploads\/2025\/12\/castelval.jpg\" data-elementor-open-lightbox=\"yes\" data-elementor-lightbox-title=\"castelval\" data-e-action-hash=\"#elementor-action%3Aaction%3Dlightbox%26settings%3DeyJpZCI6ODY1LCJ1cmwiOiJodHRwczpcL1wvd3d3LnBhcmlzLWFuY2llbi5mclwvbWV0cm8tZ3VpbWFyZFwvd3AtY29udGVudFwvdXBsb2Fkc1wvMjAyNVwvMTJcL2Nhc3RlbHZhbC5qcGcifQ%3D%3D\">\n\t\t\t\t\t\t\t<img alt=\"\" loading=\"lazy\" decoding=\"async\" width=\"768\" height=\"576\" src=\"https:\/\/www.paris-ancien.fr\/metro-guimard\/wp-content\/uploads\/2025\/12\/castelval-768x576.jpg\" class=\"attachment-medium_large size-medium_large wp-image-865\" alt=\"\" srcset=\"https:\/\/www.paris-ancien.fr\/metro-guimard\/wp-content\/uploads\/2025\/12\/castelval-768x576.jpg 768w, https:\/\/www.paris-ancien.fr\/metro-guimard\/wp-content\/uploads\/2025\/12\/castelval-300x225.jpg 300w, https:\/\/www.paris-ancien.fr\/metro-guimard\/wp-content\/uploads\/2025\/12\/castelval.jpg 960w\" sizes=\"(max-width: 768px) 100vw, 768px\" \/>\t\t\t\t\t\t\t\t<\/a>\n\t\t\t\t\t\t\t\t\t\t\t\t\t\t\t<\/div>\n\t\t\t\t<\/div>\n\t\t\t\t\t<\/div>\n\t\t\t\t<\/div>\n\t\t<div class=\"elementor-element elementor-element-604d65f e-flex e-con-boxed e-con e-parent\" data-id=\"604d65f\" data-element_type=\"container\" data-e-type=\"container\">\n\t\t\t\t\t<div class=\"e-con-inner\">\n\t\t\t\t<div class=\"elementor-element elementor-element-d4b517b elementor-widget elementor-widget-heading\" data-id=\"d4b517b\" data-element_type=\"widget\" data-e-type=\"widget\" data-widget_type=\"heading.default\">\n\t\t\t\t\t<h4 class=\"elementor-heading-title elementor-size-default\">Castel Orgeval,  2, avenue de la Mare-Tambour  , Villemoisson. Construite en 1904<\/h4>\t\t\t\t<\/div>\n\t\t\t\t\t<\/div>\n\t\t\t\t<\/div>\n\t\t<div class=\"elementor-element elementor-element-a5dfa2d e-flex e-con-boxed e-con e-parent\" data-id=\"a5dfa2d\" data-element_type=\"container\" data-e-type=\"container\">\n\t\t\t\t\t<div class=\"e-con-inner\">\n\t\t<div class=\"elementor-element elementor-element-0e98479 e-con-full e-flex e-con e-child\" data-id=\"0e98479\" data-element_type=\"container\" data-e-type=\"container\">\n\t\t\t\t<div class=\"elementor-element elementor-element-d914247 elementor-widget elementor-widget-google_maps\" data-id=\"d914247\" data-element_type=\"widget\" data-e-type=\"widget\" data-widget_type=\"google_maps.default\">\n\t\t\t\t\t\t\t<div class=\"elementor-custom-embed\">\n\t\t\t<iframe loading=\"lazy\"\n\t\t\t\t\tsrc=\"https:\/\/maps.google.com\/maps?q=%202%2C%20avenue%20de%20la%20Mare-Tambour%2C%20villemoisson&#038;t=m&#038;z=15&#038;output=embed&#038;iwloc=near\"\n\t\t\t\t\ttitle=\" 2, avenue de la Mare-Tambour, villemoisson\"\n\t\t\t\t\taria-label=\" 2, avenue de la Mare-Tambour, villemoisson\"\n\t\t\t><\/iframe>\n\t\t<\/div>\n\t\t\t\t\t\t<\/div>\n\t\t\t\t<\/div>\n\t\t<div class=\"elementor-element elementor-element-bb71ff9 e-con-full e-flex e-con e-child\" data-id=\"bb71ff9\" data-element_type=\"container\" data-e-type=\"container\">\n\t\t\t\t<div class=\"elementor-element elementor-element-1c00658 elementor-widget elementor-widget-image\" data-id=\"1c00658\" data-element_type=\"widget\" data-e-type=\"widget\" data-widget_type=\"image.default\">\n\t\t\t\t\t\t\t\t\t\t\t\t\t\t\t\t<a href=\"https:\/\/www.paris-ancien.fr\/metro-guimard\/wp-content\/uploads\/2025\/12\/castelorgeval.jpg\" data-elementor-open-lightbox=\"yes\" data-elementor-lightbox-title=\"castelorgeval\" data-e-action-hash=\"#elementor-action%3Aaction%3Dlightbox%26settings%3DeyJpZCI6ODc1LCJ1cmwiOiJodHRwczpcL1wvd3d3LnBhcmlzLWFuY2llbi5mclwvbWV0cm8tZ3VpbWFyZFwvd3AtY29udGVudFwvdXBsb2Fkc1wvMjAyNVwvMTJcL2Nhc3RlbG9yZ2V2YWwuanBnIn0%3D\">\n\t\t\t\t\t\t\t<img alt=\"\" loading=\"lazy\" decoding=\"async\" width=\"768\" height=\"576\" src=\"https:\/\/www.paris-ancien.fr\/metro-guimard\/wp-content\/uploads\/2025\/12\/castelorgeval-768x576.jpg\" class=\"attachment-medium_large size-medium_large wp-image-875\" alt=\"\" srcset=\"https:\/\/www.paris-ancien.fr\/metro-guimard\/wp-content\/uploads\/2025\/12\/castelorgeval-768x576.jpg 768w, https:\/\/www.paris-ancien.fr\/metro-guimard\/wp-content\/uploads\/2025\/12\/castelorgeval-300x225.jpg 300w, https:\/\/www.paris-ancien.fr\/metro-guimard\/wp-content\/uploads\/2025\/12\/castelorgeval.jpg 960w\" sizes=\"(max-width: 768px) 100vw, 768px\" \/>\t\t\t\t\t\t\t\t<\/a>\n\t\t\t\t\t\t\t\t\t\t\t\t\t\t\t<\/div>\n\t\t\t\t<\/div>\n\t\t\t\t\t<\/div>\n\t\t\t\t<\/div>\n\t\t<div class=\"elementor-element elementor-element-199e8f0 e-flex e-con-boxed e-con e-parent\" data-id=\"199e8f0\" data-element_type=\"container\" data-e-type=\"container\">\n\t\t\t\t\t<div class=\"e-con-inner\">\n\t\t\t\t<div class=\"elementor-element elementor-element-3f69586 elementor-widget elementor-widget-heading\" data-id=\"3f69586\" data-element_type=\"widget\" data-e-type=\"widget\" data-widget_type=\"heading.default\">\n\t\t\t\t\t<h4 class=\"elementor-heading-title elementor-size-default\">Villa Hemsy. 3, rue Crillon, Saint-Cloud. \nVilla construite en 1913.<\/h4>\t\t\t\t<\/div>\n\t\t\t\t\t<\/div>\n\t\t\t\t<\/div>\n\t\t<div class=\"elementor-element elementor-element-af55df7 e-flex e-con-boxed e-con e-parent\" data-id=\"af55df7\" data-element_type=\"container\" data-e-type=\"container\">\n\t\t\t\t\t<div class=\"e-con-inner\">\n\t\t<div class=\"elementor-element elementor-element-3624566 e-con-full e-flex e-con e-child\" data-id=\"3624566\" data-element_type=\"container\" data-e-type=\"container\">\n\t\t\t\t<div class=\"elementor-element elementor-element-44c9d21 elementor-widget elementor-widget-google_maps\" data-id=\"44c9d21\" data-element_type=\"widget\" data-e-type=\"widget\" data-widget_type=\"google_maps.default\">\n\t\t\t\t\t\t\t<div class=\"elementor-custom-embed\">\n\t\t\t<iframe loading=\"lazy\"\n\t\t\t\t\tsrc=\"https:\/\/maps.google.com\/maps?q=3%2C%20rue%20Crillon%2C%20Saint-Cloud&#038;t=m&#038;z=15&#038;output=embed&#038;iwloc=near\"\n\t\t\t\t\ttitle=\"3, rue Crillon, Saint-Cloud\"\n\t\t\t\t\taria-label=\"3, rue Crillon, Saint-Cloud\"\n\t\t\t><\/iframe>\n\t\t<\/div>\n\t\t\t\t\t\t<\/div>\n\t\t\t\t<\/div>\n\t\t<div class=\"elementor-element elementor-element-617042c e-con-full e-flex e-con e-child\" data-id=\"617042c\" data-element_type=\"container\" data-e-type=\"container\">\n\t\t\t\t<div class=\"elementor-element elementor-element-0a86830 elementor-widget elementor-widget-image\" data-id=\"0a86830\" data-element_type=\"widget\" data-e-type=\"widget\" data-widget_type=\"image.default\">\n\t\t\t\t\t\t\t\t\t\t\t\t\t\t\t\t<a href=\"https:\/\/www.paris-ancien.fr\/metro-guimard\/wp-content\/uploads\/2025\/12\/hemsy.jpg\" data-elementor-open-lightbox=\"yes\" data-elementor-lightbox-title=\"hemsy\" data-e-action-hash=\"#elementor-action%3Aaction%3Dlightbox%26settings%3DeyJpZCI6ODg1LCJ1cmwiOiJodHRwczpcL1wvd3d3LnBhcmlzLWFuY2llbi5mclwvbWV0cm8tZ3VpbWFyZFwvd3AtY29udGVudFwvdXBsb2Fkc1wvMjAyNVwvMTJcL2hlbXN5LmpwZyJ9\">\n\t\t\t\t\t\t\t<img alt=\"\" loading=\"lazy\" decoding=\"async\" width=\"768\" height=\"576\" src=\"https:\/\/www.paris-ancien.fr\/metro-guimard\/wp-content\/uploads\/2025\/12\/hemsy-768x576.jpg\" class=\"attachment-medium_large size-medium_large wp-image-885\" alt=\"\" srcset=\"https:\/\/www.paris-ancien.fr\/metro-guimard\/wp-content\/uploads\/2025\/12\/hemsy-768x576.jpg 768w, https:\/\/www.paris-ancien.fr\/metro-guimard\/wp-content\/uploads\/2025\/12\/hemsy-300x225.jpg 300w, https:\/\/www.paris-ancien.fr\/metro-guimard\/wp-content\/uploads\/2025\/12\/hemsy.jpg 960w\" sizes=\"(max-width: 768px) 100vw, 768px\" \/>\t\t\t\t\t\t\t\t<\/a>\n\t\t\t\t\t\t\t\t\t\t\t\t\t\t\t<\/div>\n\t\t\t\t<\/div>\n\t\t\t\t\t<\/div>\n\t\t\t\t<\/div>\n\t\t<div class=\"elementor-element elementor-element-7ce5839 e-flex e-con-boxed e-con e-parent\" data-id=\"7ce5839\" data-element_type=\"container\" data-e-type=\"container\">\n\t\t\t\t\t<div class=\"e-con-inner\">\n\t\t\t\t<div class=\"elementor-element elementor-element-b8d831c elementor-widget elementor-widget-heading\" data-id=\"b8d831c\" data-element_type=\"widget\" data-e-type=\"widget\" data-widget_type=\"heading.default\">\n\t\t\t\t\t<h4 class=\"elementor-heading-title elementor-size-default\">Villa de la Sapin\u00e8re, 567  rue du Pr\u00e9-de-l\u2019Isle , Hermanville sur Mer. Villa construite en 1899.<\/h4>\t\t\t\t<\/div>\n\t\t\t\t\t<\/div>\n\t\t\t\t<\/div>\n\t\t<div class=\"elementor-element elementor-element-f5ccdca e-flex e-con-boxed e-con e-parent\" data-id=\"f5ccdca\" data-element_type=\"container\" data-e-type=\"container\">\n\t\t\t\t\t<div class=\"e-con-inner\">\n\t\t<div class=\"elementor-element elementor-element-17226c7 e-con-full e-flex e-con e-child\" data-id=\"17226c7\" data-element_type=\"container\" data-e-type=\"container\">\n\t\t\t\t<div class=\"elementor-element elementor-element-7814097 elementor-widget elementor-widget-google_maps\" data-id=\"7814097\" data-element_type=\"widget\" data-e-type=\"widget\" data-widget_type=\"google_maps.default\">\n\t\t\t\t\t\t\t<div class=\"elementor-custom-embed\">\n\t\t\t<iframe loading=\"lazy\"\n\t\t\t\t\tsrc=\"https:\/\/maps.google.com\/maps?q=567%20%20rue%20du%20Pr%C3%A9-de-l%E2%80%99Isle%20%2C%20Hermanville%20sur%20Mer&#038;t=m&#038;z=15&#038;output=embed&#038;iwloc=near\"\n\t\t\t\t\ttitle=\"567  rue du Pr\u00e9-de-l\u2019Isle , Hermanville sur Mer\"\n\t\t\t\t\taria-label=\"567  rue du Pr\u00e9-de-l\u2019Isle , Hermanville sur Mer\"\n\t\t\t><\/iframe>\n\t\t<\/div>\n\t\t\t\t\t\t<\/div>\n\t\t\t\t<\/div>\n\t\t<div class=\"elementor-element elementor-element-212a20f e-con-full e-flex e-con e-child\" data-id=\"212a20f\" data-element_type=\"container\" data-e-type=\"container\">\n\t\t\t\t<div class=\"elementor-element elementor-element-eda5b1f elementor-widget elementor-widget-image\" data-id=\"eda5b1f\" data-element_type=\"widget\" data-e-type=\"widget\" data-widget_type=\"image.default\">\n\t\t\t\t\t\t\t\t\t\t\t\t\t\t\t\t<a href=\"https:\/\/www.paris-ancien.fr\/metro-guimard\/wp-content\/uploads\/2025\/12\/sapiniere.jpg\" data-elementor-open-lightbox=\"yes\" data-elementor-lightbox-title=\"sapiniere\" data-e-action-hash=\"#elementor-action%3Aaction%3Dlightbox%26settings%3DeyJpZCI6ODk1LCJ1cmwiOiJodHRwczpcL1wvd3d3LnBhcmlzLWFuY2llbi5mclwvbWV0cm8tZ3VpbWFyZFwvd3AtY29udGVudFwvdXBsb2Fkc1wvMjAyNVwvMTJcL3NhcGluaWVyZS5qcGcifQ%3D%3D\">\n\t\t\t\t\t\t\t<img alt=\"\" loading=\"lazy\" decoding=\"async\" width=\"768\" height=\"576\" src=\"https:\/\/www.paris-ancien.fr\/metro-guimard\/wp-content\/uploads\/2025\/12\/sapiniere-768x576.jpg\" class=\"attachment-medium_large size-medium_large wp-image-895\" alt=\"\" srcset=\"https:\/\/www.paris-ancien.fr\/metro-guimard\/wp-content\/uploads\/2025\/12\/sapiniere-768x576.jpg 768w, https:\/\/www.paris-ancien.fr\/metro-guimard\/wp-content\/uploads\/2025\/12\/sapiniere-300x225.jpg 300w, https:\/\/www.paris-ancien.fr\/metro-guimard\/wp-content\/uploads\/2025\/12\/sapiniere-1024x768.jpg 1024w, https:\/\/www.paris-ancien.fr\/metro-guimard\/wp-content\/uploads\/2025\/12\/sapiniere-1536x1152.jpg 1536w, https:\/\/www.paris-ancien.fr\/metro-guimard\/wp-content\/uploads\/2025\/12\/sapiniere.jpg 1600w\" sizes=\"(max-width: 768px) 100vw, 768px\" \/>\t\t\t\t\t\t\t\t<\/a>\n\t\t\t\t\t\t\t\t\t\t\t\t\t\t\t<\/div>\n\t\t\t\t<\/div>\n\t\t\t\t\t<\/div>\n\t\t\t\t<\/div>\n\t\t<div class=\"elementor-element elementor-element-4122865 e-flex e-con-boxed e-con e-parent\" data-id=\"4122865\" data-element_type=\"container\" data-e-type=\"container\">\n\t\t\t\t\t<div class=\"e-con-inner\">\n\t\t\t\t<div class=\"elementor-element elementor-element-2e464df elementor-widget elementor-widget-heading\" data-id=\"2e464df\" data-element_type=\"widget\" data-e-type=\"widget\" data-widget_type=\"heading.default\">\n\t\t\t\t\t<h4 class=\"elementor-heading-title elementor-size-default\">Villa Bluette,  272  rue du Pr\u00e9-de-l\u2019Isle, Hermanville sur Mer. Villa construite en 1899<\/h4>\t\t\t\t<\/div>\n\t\t\t\t\t<\/div>\n\t\t\t\t<\/div>\n\t\t<div class=\"elementor-element elementor-element-6230049 e-flex e-con-boxed e-con e-parent\" data-id=\"6230049\" data-element_type=\"container\" data-e-type=\"container\">\n\t\t\t\t\t<div class=\"e-con-inner\">\n\t\t<div class=\"elementor-element elementor-element-b817b11 e-con-full e-flex e-con e-child\" data-id=\"b817b11\" data-element_type=\"container\" data-e-type=\"container\">\n\t\t\t\t<div class=\"elementor-element elementor-element-9d35bb5 elementor-widget elementor-widget-google_maps\" data-id=\"9d35bb5\" data-element_type=\"widget\" data-e-type=\"widget\" data-widget_type=\"google_maps.default\">\n\t\t\t\t\t\t\t<div class=\"elementor-custom-embed\">\n\t\t\t<iframe loading=\"lazy\"\n\t\t\t\t\tsrc=\"https:\/\/maps.google.com\/maps?q=%20272%20%20rue%20du%20Pr%C3%A9-de-l%E2%80%99Isle%2C%20Hermanville%20sur%20Mer&#038;t=m&#038;z=15&#038;output=embed&#038;iwloc=near\"\n\t\t\t\t\ttitle=\" 272  rue du Pr\u00e9-de-l\u2019Isle, Hermanville sur Mer\"\n\t\t\t\t\taria-label=\" 272  rue du Pr\u00e9-de-l\u2019Isle, Hermanville sur Mer\"\n\t\t\t><\/iframe>\n\t\t<\/div>\n\t\t\t\t\t\t<\/div>\n\t\t\t\t<\/div>\n\t\t<div class=\"elementor-element elementor-element-5e3d9fb e-con-full e-flex e-con e-child\" data-id=\"5e3d9fb\" data-element_type=\"container\" data-e-type=\"container\">\n\t\t\t\t<div class=\"elementor-element elementor-element-5363927 elementor-widget elementor-widget-image\" data-id=\"5363927\" data-element_type=\"widget\" data-e-type=\"widget\" data-widget_type=\"image.default\">\n\t\t\t\t\t\t\t\t\t\t\t\t\t\t\t\t<a href=\"https:\/\/www.paris-ancien.fr\/metro-guimard\/wp-content\/uploads\/2025\/12\/villa-bluette.jpg\" data-elementor-open-lightbox=\"yes\" data-elementor-lightbox-title=\"villa-bluette\" data-e-action-hash=\"#elementor-action%3Aaction%3Dlightbox%26settings%3DeyJpZCI6OTAyLCJ1cmwiOiJodHRwczpcL1wvd3d3LnBhcmlzLWFuY2llbi5mclwvbWV0cm8tZ3VpbWFyZFwvd3AtY29udGVudFwvdXBsb2Fkc1wvMjAyNVwvMTJcL3ZpbGxhLWJsdWV0dGUuanBnIn0%3D\">\n\t\t\t\t\t\t\t<img alt=\"\" loading=\"lazy\" decoding=\"async\" width=\"768\" height=\"576\" src=\"https:\/\/www.paris-ancien.fr\/metro-guimard\/wp-content\/uploads\/2025\/12\/villa-bluette-768x576.jpg\" class=\"attachment-medium_large size-medium_large wp-image-902\" alt=\"\" srcset=\"https:\/\/www.paris-ancien.fr\/metro-guimard\/wp-content\/uploads\/2025\/12\/villa-bluette-768x576.jpg 768w, https:\/\/www.paris-ancien.fr\/metro-guimard\/wp-content\/uploads\/2025\/12\/villa-bluette-300x225.jpg 300w, https:\/\/www.paris-ancien.fr\/metro-guimard\/wp-content\/uploads\/2025\/12\/villa-bluette-1024x768.jpg 1024w, https:\/\/www.paris-ancien.fr\/metro-guimard\/wp-content\/uploads\/2025\/12\/villa-bluette-1536x1152.jpg 1536w, https:\/\/www.paris-ancien.fr\/metro-guimard\/wp-content\/uploads\/2025\/12\/villa-bluette.jpg 1600w\" sizes=\"(max-width: 768px) 100vw, 768px\" \/>\t\t\t\t\t\t\t\t<\/a>\n\t\t\t\t\t\t\t\t\t\t\t\t\t\t\t<\/div>\n\t\t\t\t<\/div>\n\t\t\t\t\t<\/div>\n\t\t\t\t<\/div>\n\t\t<div class=\"elementor-element elementor-element-6f1313d e-flex e-con-boxed e-con e-parent\" data-id=\"6f1313d\" data-element_type=\"container\" data-e-type=\"container\">\n\t\t\t\t\t<div class=\"e-con-inner\">\n\t\t\t\t<div class=\"elementor-element elementor-element-d8e0452 elementor-widget elementor-widget-heading\" data-id=\"d8e0452\" data-element_type=\"widget\" data-e-type=\"widget\" data-widget_type=\"heading.default\">\n\t\t\t\t\t<h4 class=\"elementor-heading-title elementor-size-default\">Maison Coilliot, 14  rue Fleurus, Lille. Construite en 1898<\/h4>\t\t\t\t<\/div>\n\t\t\t\t\t<\/div>\n\t\t\t\t<\/div>\n\t\t<div class=\"elementor-element elementor-element-aa7ca14 e-flex e-con-boxed e-con e-parent\" data-id=\"aa7ca14\" data-element_type=\"container\" data-e-type=\"container\">\n\t\t\t\t\t<div class=\"e-con-inner\">\n\t\t<div class=\"elementor-element elementor-element-39c54a6 e-con-full e-flex e-con e-child\" data-id=\"39c54a6\" data-element_type=\"container\" data-e-type=\"container\">\n\t\t\t\t<div class=\"elementor-element elementor-element-72dc4cf elementor-widget elementor-widget-google_maps\" data-id=\"72dc4cf\" data-element_type=\"widget\" data-e-type=\"widget\" data-widget_type=\"google_maps.default\">\n\t\t\t\t\t\t\t<div class=\"elementor-custom-embed\">\n\t\t\t<iframe loading=\"lazy\"\n\t\t\t\t\tsrc=\"https:\/\/maps.google.com\/maps?q=14%20%20rue%20Fleurus%2C%20Lille&#038;t=m&#038;z=15&#038;output=embed&#038;iwloc=near\"\n\t\t\t\t\ttitle=\"14  rue Fleurus, Lille\"\n\t\t\t\t\taria-label=\"14  rue Fleurus, Lille\"\n\t\t\t><\/iframe>\n\t\t<\/div>\n\t\t\t\t\t\t<\/div>\n\t\t\t\t<\/div>\n\t\t<div class=\"elementor-element elementor-element-6d5c7e4 e-con-full e-flex e-con e-child\" data-id=\"6d5c7e4\" data-element_type=\"container\" data-e-type=\"container\">\n\t\t\t\t<div class=\"elementor-element elementor-element-752e934 elementor-widget elementor-widget-image\" data-id=\"752e934\" data-element_type=\"widget\" data-e-type=\"widget\" data-widget_type=\"image.default\">\n\t\t\t\t\t\t\t\t\t\t\t\t\t\t\t\t<a href=\"https:\/\/www.paris-ancien.fr\/metro-guimard\/wp-content\/uploads\/2025\/12\/coilliot.jpg\" data-elementor-open-lightbox=\"yes\" data-elementor-lightbox-title=\"coilliot\" data-e-action-hash=\"#elementor-action%3Aaction%3Dlightbox%26settings%3DeyJpZCI6OTAzLCJ1cmwiOiJodHRwczpcL1wvd3d3LnBhcmlzLWFuY2llbi5mclwvbWV0cm8tZ3VpbWFyZFwvd3AtY29udGVudFwvdXBsb2Fkc1wvMjAyNVwvMTJcL2NvaWxsaW90LmpwZyJ9\">\n\t\t\t\t\t\t\t<img alt=\"\" loading=\"lazy\" decoding=\"async\" width=\"768\" height=\"576\" src=\"https:\/\/www.paris-ancien.fr\/metro-guimard\/wp-content\/uploads\/2025\/12\/coilliot-768x576.jpg\" class=\"attachment-medium_large size-medium_large wp-image-903\" alt=\"\" srcset=\"https:\/\/www.paris-ancien.fr\/metro-guimard\/wp-content\/uploads\/2025\/12\/coilliot-768x576.jpg 768w, https:\/\/www.paris-ancien.fr\/metro-guimard\/wp-content\/uploads\/2025\/12\/coilliot-300x225.jpg 300w, https:\/\/www.paris-ancien.fr\/metro-guimard\/wp-content\/uploads\/2025\/12\/coilliot.jpg 960w\" sizes=\"(max-width: 768px) 100vw, 768px\" \/>\t\t\t\t\t\t\t\t<\/a>\n\t\t\t\t\t\t\t\t\t\t\t\t\t\t\t<\/div>\n\t\t\t\t<\/div>\n\t\t\t\t\t<\/div>\n\t\t\t\t<\/div>\n\t\t<div class=\"elementor-element elementor-element-3879d09 e-flex e-con-boxed e-con e-parent\" data-id=\"3879d09\" data-element_type=\"container\" data-e-type=\"container\">\n\t\t\t\t\t<div class=\"e-con-inner\">\n\t\t\t\t<div class=\"elementor-element elementor-element-38c2f82 elementor-widget elementor-widget-spacer\" data-id=\"38c2f82\" data-element_type=\"widget\" data-e-type=\"widget\" data-widget_type=\"spacer.default\">\n\t\t\t\t\t\t\t<div class=\"elementor-spacer\">\n\t\t\t<div class=\"elementor-spacer-inner\"><\/div>\n\t\t<\/div>\n\t\t\t\t\t\t<\/div>\n\t\t\t\t\t<\/div>\n\t\t\t\t<\/div>\n\t\t<div class=\"elementor-element elementor-element-bf8a256 e-flex e-con-boxed e-con e-parent\" data-id=\"bf8a256\" data-element_type=\"container\" data-e-type=\"container\">\n\t\t\t\t\t<div class=\"e-con-inner\">\n\t\t\t\t<div class=\"elementor-element elementor-element-90f68f9 elementor-widget elementor-widget-spacer\" data-id=\"90f68f9\" data-element_type=\"widget\" data-e-type=\"widget\" data-widget_type=\"spacer.default\">\n\t\t\t\t\t\t\t<div class=\"elementor-spacer\">\n\t\t\t<div class=\"elementor-spacer-inner\"><\/div>\n\t\t<\/div>\n\t\t\t\t\t\t<\/div>\n\t\t\t\t\t<\/div>\n\t\t\t\t<\/div>\n\t\t\t\t<\/div>\n\t\t","protected":false},"excerpt":{"rendered":"<p>Autres Oeuvres &#8211; Hors de Paris Villa Jass\u00e9d\u00e9, 63 Avenue du G\u00e9n\u00e9ral-de-Gaulle, Issy les Moulineaux Chalet Blanc, 2 rue du [&hellip;]<\/p>\n","protected":false},"author":1,"featured_media":0,"parent":0,"menu_order":0,"comment_status":"closed","ping_status":"closed","template":"elementor_header_footer","meta":{"_seopress_robots_primary_cat":"","_seopress_titles_title":"","_seopress_titles_desc":"Hector Guimard - Entr\u00e9es de M\u00e9tro Parisien , Edicules, marquises , pagode, style nouille, villas art nouveau paris et ailleurs - Autres Oeuvres hors de Paris","_seopress_robots_index":"","_monsterinsights_skip_tracking":false,"_monsterinsights_sitenote_active":false,"_monsterinsights_sitenote_note":"","_monsterinsights_sitenote_category":0,"site-sidebar-layout":"no-sidebar","site-content-layout":"","ast-site-content-layout":"full-width-container","site-content-style":"default","site-sidebar-style":"default","ast-global-header-display":"","ast-banner-title-visibility":"","ast-main-header-display":"","ast-hfb-above-header-display":"","ast-hfb-below-header-display":"","ast-hfb-mobile-header-display":"","site-post-title":"disabled","ast-breadcrumbs-content":"","ast-featured-img":"disabled","footer-sml-layout":"","ast-disable-related-posts":"","theme-transparent-header-meta":"","adv-header-id-meta":"","stick-header-meta":"","header-above-stick-meta":"","header-main-stick-meta":"","header-below-stick-meta":"","astra-migrate-meta-layouts":"default","ast-page-background-enabled":"default","ast-page-background-meta":{"desktop":{"background-color":"var(--ast-global-color-5)","background-image":"","background-repeat":"repeat","background-position":"center center","background-size":"auto","background-attachment":"scroll","background-type":"","background-media":"","overlay-type":"","overlay-color":"","overlay-opacity":"","overlay-gradient":""},"tablet":{"background-color":"","background-image":"","background-repeat":"repeat","background-position":"center center","background-size":"auto","background-attachment":"scroll","background-type":"","background-media":"","overlay-type":"","overlay-color":"","overlay-opacity":"","overlay-gradient":""},"mobile":{"background-color":"","background-image":"","background-repeat":"repeat","background-position":"center center","background-size":"auto","background-attachment":"scroll","background-type":"","background-media":"","overlay-type":"","overlay-color":"","overlay-opacity":"","overlay-gradient":""}},"ast-content-background-meta":{"desktop":{"background-color":"var(--ast-global-color-4)","background-image":"","background-repeat":"repeat","background-position":"center center","background-size":"auto","background-attachment":"scroll","background-type":"","background-media":"","overlay-type":"","overlay-color":"","overlay-opacity":"","overlay-gradient":""},"tablet":{"background-color":"var(--ast-global-color-4)","background-image":"","background-repeat":"repeat","background-position":"center center","background-size":"auto","background-attachment":"scroll","background-type":"","background-media":"","overlay-type":"","overlay-color":"","overlay-opacity":"","overlay-gradient":""},"mobile":{"background-color":"var(--ast-global-color-4)","background-image":"","background-repeat":"repeat","background-position":"center center","background-size":"auto","background-attachment":"scroll","background-type":"","background-media":"","overlay-type":"","overlay-color":"","overlay-opacity":"","overlay-gradient":""}},"footnotes":""},"class_list":["post-50","page","type-page","status-publish","hentry"],"_links":{"self":[{"href":"https:\/\/www.paris-ancien.fr\/metro-guimard\/wp-json\/wp\/v2\/pages\/50","targetHints":{"allow":["GET"]}}],"collection":[{"href":"https:\/\/www.paris-ancien.fr\/metro-guimard\/wp-json\/wp\/v2\/pages"}],"about":[{"href":"https:\/\/www.paris-ancien.fr\/metro-guimard\/wp-json\/wp\/v2\/types\/page"}],"author":[{"embeddable":true,"href":"https:\/\/www.paris-ancien.fr\/metro-guimard\/wp-json\/wp\/v2\/users\/1"}],"replies":[{"embeddable":true,"href":"https:\/\/www.paris-ancien.fr\/metro-guimard\/wp-json\/wp\/v2\/comments?post=50"}],"version-history":[{"count":69,"href":"https:\/\/www.paris-ancien.fr\/metro-guimard\/wp-json\/wp\/v2\/pages\/50\/revisions"}],"predecessor-version":[{"id":1007,"href":"https:\/\/www.paris-ancien.fr\/metro-guimard\/wp-json\/wp\/v2\/pages\/50\/revisions\/1007"}],"wp:attachment":[{"href":"https:\/\/www.paris-ancien.fr\/metro-guimard\/wp-json\/wp\/v2\/media?parent=50"}],"curies":[{"name":"wp","href":"https:\/\/api.w.org\/{rel}","templated":true}]}}