{"id":56,"date":"2025-12-18T15:06:55","date_gmt":"2025-12-18T14:06:55","guid":{"rendered":"https:\/\/paris-ancien.fr\/expos-universelles\/?page_id=56"},"modified":"2025-12-21T21:09:20","modified_gmt":"2025-12-21T20:09:20","slug":"historique","status":"publish","type":"page","link":"https:\/\/www.paris-ancien.fr\/expos-universelles\/historique\/","title":{"rendered":"Historique"},"content":{"rendered":"\t\t<div data-elementor-type=\"wp-page\" data-elementor-id=\"56\" class=\"elementor elementor-56\">\n\t\t\t\t<div class=\"elementor-element elementor-element-348a487 e-flex e-con-boxed e-con e-parent\" data-id=\"348a487\" data-element_type=\"container\" data-e-type=\"container\">\n\t\t\t\t\t<div class=\"e-con-inner\">\n\t\t\t\t<div class=\"elementor-element elementor-element-612da3d elementor-widget elementor-widget-heading\" data-id=\"612da3d\" data-element_type=\"widget\" data-e-type=\"widget\" data-widget_type=\"heading.default\">\n\t\t\t\t\t<h2 class=\"elementor-heading-title elementor-size-default\">Historique <\/h2>\t\t\t\t<\/div>\n\t\t\t\t\t<\/div>\n\t\t\t\t<\/div>\n\t\t<div class=\"elementor-element elementor-element-4fccaeb e-flex e-con-boxed e-con e-parent\" data-id=\"4fccaeb\" data-element_type=\"container\" data-e-type=\"container\">\n\t\t\t\t\t<div class=\"e-con-inner\">\n\t\t\t\t<div class=\"elementor-element elementor-element-2b7160f elementor-widget elementor-widget-heading\" data-id=\"2b7160f\" data-element_type=\"widget\" data-e-type=\"widget\" data-widget_type=\"heading.default\">\n\t\t\t\t\t<h4 class=\"elementor-heading-title elementor-size-default\">Introduction <\/h4>\t\t\t\t<\/div>\n\t\t\t\t\t<\/div>\n\t\t\t\t<\/div>\n\t\t<div class=\"elementor-element elementor-element-20fb7bf e-flex e-con-boxed e-con e-parent\" data-id=\"20fb7bf\" data-element_type=\"container\" data-e-type=\"container\">\n\t\t\t\t\t<div class=\"e-con-inner\">\n\t\t\t\t<div class=\"elementor-element elementor-element-dcc25f4 elementor-widget elementor-widget-text-editor\" data-id=\"dcc25f4\" data-element_type=\"widget\" data-e-type=\"widget\" data-widget_type=\"text-editor.default\">\n\t\t\t\t\t\t\t\t\t<p>L\u2019id\u00e9e des expositions universelles date du 18e si\u00e8cle.<br \/>Une petite exposition eut d\u00e9j\u00e0 lieu en 1798 ainsi que 10 petites expositions jusqu\u2019en 1849.<br \/>La plupart de ces expositions pr\u00e9sentaient du mat\u00e9riel agricole.<\/p><p>Une grande exposition eut lieu \u00e0 Londres en 1851 au Crystal Palace.<br \/>Napol\u00e9on qui y \u00e9tait all\u00e9 d\u00e9cida de faire la m\u00eame chose \u00e0 Paris. La premi\u00e8re exposition universelle eut lieu en 1855.<br \/>Elle fut suivie par 7 autres expositions (coloniales et universelles).<\/p>\t\t\t\t\t\t\t\t<\/div>\n\t\t\t\t\t<\/div>\n\t\t\t\t<\/div>\n\t\t<div class=\"elementor-element elementor-element-e7fd35c e-flex e-con-boxed e-con e-parent\" data-id=\"e7fd35c\" data-element_type=\"container\" data-e-type=\"container\">\n\t\t\t\t\t<div class=\"e-con-inner\">\n\t\t\t\t<div class=\"elementor-element elementor-element-ba8678f elementor-widget elementor-widget-heading\" data-id=\"ba8678f\" data-element_type=\"widget\" data-e-type=\"widget\" data-widget_type=\"heading.default\">\n\t\t\t\t\t<h4 class=\"elementor-heading-title elementor-size-default\">Exposition universelle de 1855<\/h4>\t\t\t\t<\/div>\n\t\t\t\t\t<\/div>\n\t\t\t\t<\/div>\n\t\t<div class=\"elementor-element elementor-element-6a0433e e-flex e-con-boxed e-con e-parent\" data-id=\"6a0433e\" data-element_type=\"container\" data-e-type=\"container\">\n\t\t\t\t\t<div class=\"e-con-inner\">\n\t\t\t\t<div class=\"elementor-element elementor-element-afb5b9b elementor-widget elementor-widget-text-editor\" data-id=\"afb5b9b\" data-element_type=\"widget\" data-e-type=\"widget\" data-widget_type=\"text-editor.default\">\n\t\t\t\t\t\t\t\t\t<p>L\u2019exposition fut surnomm\u00e9e \u00a0\u00ab\u00a0Exposition universelle des produits de l\u2019agriculture de l\u2019industrie et des beaux arts\u00a0\u00bb.<br \/>Cette exposition commen\u00e7a avec 2 semaines de retard du aux travaux.<br \/>L\u2019h\u00f4tel du Louvre, devenu le\u00a0 \u00ab\u00a0Louvre des Antiquaires\u00a0\u00bb\u00a0 est construit durant cette exposition universelle, ainsi que le grand h\u00f4tel.<br \/>Pendant cette exposition universelle, Paris commen\u00e7ait \u00e0 subir les grands travaux d\u2019Haussmann.<br \/>Napol\u00e9on III fit construire le Palais de l\u2019Industrie pour faire concurrence au Crystal Palace de Londres. Ce palais \u00e9tait situ\u00e9 \u00e0 l\u2019endroit o\u00f9 se trouve actuellement les Grands et petits palais.<br \/>En raison de sa petitesse par rapport aux exposants, il fit construire \u00e9galement la \u00a0\u00ab\u00a0Galerie des Machines\u00a0\u00bb.<br \/>De nombreuses inventions furent expos\u00e9es comme le colt, le percolateur ou la tondeuse \u00e0 gazon.<br \/>Le pendule de Foucault (pendule montrant l\u2019effet de rotation de la Terre) fut \u00e9galement pr\u00e9sent \u00e0 cette exposition.<br \/>Un musicien du nom de Sax pr\u00e9senta son invention : Le Saxophone.<\/p><p>Il subsiste de cette exposition :<\/p>\t\t\t\t\t\t\t\t<\/div>\n\t\t\t\t\t<\/div>\n\t\t\t\t<\/div>\n\t\t<div class=\"elementor-element elementor-element-cd66987 e-flex e-con-boxed e-con e-parent\" data-id=\"cd66987\" data-element_type=\"container\" data-e-type=\"container\">\n\t\t\t\t\t<div class=\"e-con-inner\">\n\t\t\t\t\t<\/div>\n\t\t\t\t<\/div>\n\t\t<div class=\"elementor-element elementor-element-2f77cfb e-flex e-con-boxed e-con e-parent\" data-id=\"2f77cfb\" data-element_type=\"container\" data-e-type=\"container\">\n\t\t\t\t\t<div class=\"e-con-inner\">\n\t\t\t\t<div class=\"elementor-element elementor-element-448806a elementor-widget elementor-widget-heading\" data-id=\"448806a\" data-element_type=\"widget\" data-e-type=\"widget\" data-widget_type=\"heading.default\">\n\t\t\t\t\t<h4 class=\"elementor-heading-title elementor-size-default\">Exposition universelle de 1867<\/h4>\t\t\t\t<\/div>\n\t\t\t\t\t<\/div>\n\t\t\t\t<\/div>\n\t\t<div class=\"elementor-element elementor-element-246ca8a e-flex e-con-boxed e-con e-parent\" data-id=\"246ca8a\" data-element_type=\"container\" data-e-type=\"container\">\n\t\t\t\t\t<div class=\"e-con-inner\">\n\t\t\t\t<div class=\"elementor-element elementor-element-e7ef002 elementor-widget elementor-widget-text-editor\" data-id=\"e7ef002\" data-element_type=\"widget\" data-e-type=\"widget\" data-widget_type=\"text-editor.default\">\n\t\t\t\t\t\t\t\t\t<p>C\u2019est de nouveau Napol\u00e9on III qui organisa cette exposition.<br \/><span style=\"font-style: inherit; font-weight: inherit;\">Le principal site de cette exposition fut le Champ de Mars. L\u2019inauguration fut faite \u00e0 l\u2019Annexe Agricole de Boulogne (Ile St Germain de nos jours).<\/span><span style=\"font-style: inherit; font-weight: inherit;\">Entre cette exposition et la pr\u00e9c\u00e9dente, Paris connut de nombreuses modifications, dont le Parc des Buttes Chaumont construit en 1863.<br \/><\/span><span style=\"font-style: inherit; font-weight: inherit;\">De nouvelles inventions \u00e9taient pr\u00e9sentes telles que des locomotives, des grues ou des canons. De nombreux restaurants \u00e9trangers \u00e9taient \u00e9parpill\u00e9s tout autour du palais de l\u2019industrie.<br \/><\/span><span style=\"font-style: inherit; font-weight: inherit;\">Pr\u00e9sence d\u2019Isbas russes (situ\u00e9es \u00e0 l\u2019heure actuelle dans une villa du 16e arrondissement).<br \/><\/span><span style=\"font-style: inherit; font-weight: inherit;\">On pouvait aller de l\u2019annexe agricole au champ de mars par des bateaux ou des navettes \u00e0 vapeur.<\/span><\/p><p>Il subsiste de cette exposition :<br \/>Panneau Polychrome : 4 Rue Pierre Lev\u00e9e, 11e<br \/>Cit\u00e9 Fleurie : 13e<br \/>Fontaines Wallace, 13e<br \/>Statues Continents<br \/>Boeufs : Parc Georges Brassens, 15e<br \/>Fontaine, Porte de St Cloud : 16e\u00a0\u00a0<br \/>Panneau C\u00e9ramique : Bd Malesherbes<br \/>Entrep\u00f4ts : Quai de Seine, 19e<br \/><br \/>Frontons T\u00eate : Parc de SceauxHangar Y : V\u00e9lizy<br \/>Pavillon d\u2019Angleterre : Maisons Laffitte<br \/>Pavillon norv\u00e9gien : Maisons Laffitte<br \/>Pavillon : Rue Alsace Lorraine<br \/>Pavillon Russe : Nogent sur Marne<br \/>Pavillon Norvege \/ Suede : B\u00e9con<br \/>Pavillon Vitrine : Courbevoie<br \/>Embarcad\u00e8re du Champ de Mars : Asni\u00e8res<\/p>\t\t\t\t\t\t\t\t<\/div>\n\t\t\t\t\t<\/div>\n\t\t\t\t<\/div>\n\t\t<div class=\"elementor-element elementor-element-8368fc2 e-flex e-con-boxed e-con e-parent\" data-id=\"8368fc2\" data-element_type=\"container\" data-e-type=\"container\">\n\t\t\t\t\t<div class=\"e-con-inner\">\n\t\t\t\t<div class=\"elementor-element elementor-element-132d0ee elementor-widget elementor-widget-heading\" data-id=\"132d0ee\" data-element_type=\"widget\" data-e-type=\"widget\" data-widget_type=\"heading.default\">\n\t\t\t\t\t<h4 class=\"elementor-heading-title elementor-size-default\">Exposition universelle de 1889<\/h4>\t\t\t\t<\/div>\n\t\t\t\t\t<\/div>\n\t\t\t\t<\/div>\n\t\t<div class=\"elementor-element elementor-element-ac179c4 e-flex e-con-boxed e-con e-parent\" data-id=\"ac179c4\" data-element_type=\"container\" data-e-type=\"container\">\n\t\t\t\t\t<div class=\"e-con-inner\">\n\t\t\t\t<div class=\"elementor-element elementor-element-dd31fe0 elementor-widget elementor-widget-text-editor\" data-id=\"dd31fe0\" data-element_type=\"widget\" data-e-type=\"widget\" data-widget_type=\"text-editor.default\">\n\t\t\t\t\t\t\t\t\t<p>Elle est l\u2019une des 2 expositions les plus c\u00e9l\u00e8bres avec celle de 1900 en particulier gr\u00e2ce \u00e0 la construction et la pr\u00e9sentation de la Tour Eiffel au public. Elle servit en m\u00eame temps \u00e0 f\u00eater le centenaire de la R\u00e9volution Fran\u00e7aise.<br \/>Cette exposition couta beaucoup plus cher que les autres expos. Les visiteurs devaient payer pratiquement pour chaque attraction de l\u2019expo.<br \/>La gare St Lazare a \u00e9t\u00e9 embellie \u00e0 l\u2019occasion. Le m\u00e9tal est \u00e0 l\u2019honneur pour cette exposition.<br \/>De nombreux objets furent expos\u00e9s dans le palais des machines : T\u00e9l\u00e9phones, montres et phonogrammes.<br \/>La Tour Eiffel manqua d\u2019\u00eatre d\u00e9truite \u00e0 la fin de l\u2019exposition et fut finalement conserv\u00e9e. Elle est l\u2019un des monuments de Paris, \u00e0 l\u2019heure actuelle qui attire le plus de touristes.<\/p><p>Il subsiste de cette exposition :<br \/>M\u00e9daillon Square Langevin : 5e<br \/>Tour Eiffel : 7e<br \/>Atelier Rue de la Campagne Premiere : 14e<br \/>Cit\u00e9 des Fusains : 18e<br \/>Villa des Arts : 18e<br \/>Escaliers Tour Eiffel : Nogent et Levallois<br \/>Chapelle : Ville d\u2019Avray<br \/>Pavillon : Ormesson<br \/>Auberge Espagnole : Plessis Robinson<br \/>Pavillon Russe : 15 Rue des Ecoles, St Cloud<br \/>Chalet : Deauville<br \/>Maison de Fer : Dampierre<br \/>Chalet Scandinave : Champigny<\/p>\t\t\t\t\t\t\t\t<\/div>\n\t\t\t\t\t<\/div>\n\t\t\t\t<\/div>\n\t\t<div class=\"elementor-element elementor-element-55639f5 e-flex e-con-boxed e-con e-parent\" data-id=\"55639f5\" data-element_type=\"container\" data-e-type=\"container\">\n\t\t\t\t\t<div class=\"e-con-inner\">\n\t\t\t\t<div class=\"elementor-element elementor-element-fbd91e0 elementor-widget elementor-widget-heading\" data-id=\"fbd91e0\" data-element_type=\"widget\" data-e-type=\"widget\" data-widget_type=\"heading.default\">\n\t\t\t\t\t<h4 class=\"elementor-heading-title elementor-size-default\">Exposition universelle de 1900<\/h4>\t\t\t\t<\/div>\n\t\t\t\t\t<\/div>\n\t\t\t\t<\/div>\n\t\t<div class=\"elementor-element elementor-element-accc354 e-flex e-con-boxed e-con e-parent\" data-id=\"accc354\" data-element_type=\"container\" data-e-type=\"container\">\n\t\t\t\t\t<div class=\"e-con-inner\">\n\t\t\t\t<div class=\"elementor-element elementor-element-5567e39 elementor-widget elementor-widget-text-editor\" data-id=\"5567e39\" data-element_type=\"widget\" data-e-type=\"widget\" data-widget_type=\"text-editor.default\">\n\t\t\t\t\t\t\t\t\t<p>Exposition pr\u00e9sentant un bilan du XIXe si\u00e8cle.<br \/>La gare du Champ de Mars est remplac\u00e9e par la gare des Invalides. D\u2019autres gares furent r\u00e9am\u00e9nag\u00e9es.<br \/>Ouverture (en retard) du M\u00e9tropolitain pendant l\u2019exposition. Cette inauguration passa pratiquement inaper\u00e7ue mais le m\u00e9tro remporta un succ\u00e8s tr\u00e8s rapidement.<br \/>Exposition du Trottoir roulant avec un petit train surplombant l\u2019Avenue La Bourdonnais.<br \/>Un pavillon y exposa de nombreux jouets.<br \/>Le Palais de l\u2019Electricit\u00e9 fut construit avec des restes du Palais du Champ de Mars (1889).<br \/>De nombreux effets de lumi\u00e8re et d\u2019optique furent pr\u00e9sents : Rayons X et \u00a0\u00bb La lune \u00e0 1 m\u00e8tre \u00ab\u00a0.<br \/>Le grand Palais et le Petit Palais furent construits par la m\u00eame occasion.<\/p><p>Il subsiste de cette exposition\u00a0<br \/>C\u00e9ramique : Square Felix Desruelles , 6e<br \/>Passerelle Debilly, 7e<br \/>Grand Palais : 8e<br \/>Petit Palais : 8e <br \/>Pavillon Turquie , Funiculaire : 18e<br \/>Ateliers : 21, Av. Du Maine, 14e\u00a0<br \/><span style=\"font-size: 16px; font-style: normal; font-weight: 400;\">La Ruche : 15e<br \/><\/span>Pavillon Baviere : 21 Rue Caulaincourt, 18e\u00a0<br \/>\u00a0Parc Muller , Breuillet\u00a0<br \/>Pavillon des Armes de Liege, St Ouen<\/p>\t\t\t\t\t\t\t\t<\/div>\n\t\t\t\t\t<\/div>\n\t\t\t\t<\/div>\n\t\t<div class=\"elementor-element elementor-element-725fdfa e-flex e-con-boxed e-con e-parent\" data-id=\"725fdfa\" data-element_type=\"container\" data-e-type=\"container\">\n\t\t\t\t\t<div class=\"e-con-inner\">\n\t\t\t\t<div class=\"elementor-element elementor-element-689e838 elementor-widget elementor-widget-heading\" data-id=\"689e838\" data-element_type=\"widget\" data-e-type=\"widget\" data-widget_type=\"heading.default\">\n\t\t\t\t\t<h4 class=\"elementor-heading-title elementor-size-default\">Exposition coloniale de 1907<\/h4>\t\t\t\t<\/div>\n\t\t\t\t\t<\/div>\n\t\t\t\t<\/div>\n\t\t<div class=\"elementor-element elementor-element-4bf3d75 e-flex e-con-boxed e-con e-parent\" data-id=\"4bf3d75\" data-element_type=\"container\" data-e-type=\"container\">\n\t\t\t\t\t<div class=\"e-con-inner\">\n\t\t\t\t<div class=\"elementor-element elementor-element-b29266b elementor-widget elementor-widget-text-editor\" data-id=\"b29266b\" data-element_type=\"widget\" data-e-type=\"widget\" data-widget_type=\"text-editor.default\">\n\t\t\t\t\t\t\t\t\t<p>Cette exposition eut lieu dans le jardin d\u2019agronomie tropicale dans le bois de Vincennes.<br \/>De nombreux pavillons ont \u00e9t\u00e9 d\u00e9truits par la temp\u00eate de 1999.<br \/>Un pavillon repr\u00e9sentait un pays du monde (Congo, Tunisie, etc\u2026)<br \/><br \/>Il en subsiste :\u00a0<br \/>Pagode : Bois de Vincennes 12e<br \/>Jardin d\u2019agronomie<\/p>\t\t\t\t\t\t\t\t<\/div>\n\t\t\t\t\t<\/div>\n\t\t\t\t<\/div>\n\t\t<div class=\"elementor-element elementor-element-e85f1e1 e-flex e-con-boxed e-con e-parent\" data-id=\"e85f1e1\" data-element_type=\"container\" data-e-type=\"container\">\n\t\t\t\t\t<div class=\"e-con-inner\">\n\t\t\t\t<div class=\"elementor-element elementor-element-60df8d6 elementor-widget elementor-widget-heading\" data-id=\"60df8d6\" data-element_type=\"widget\" data-e-type=\"widget\" data-widget_type=\"heading.default\">\n\t\t\t\t\t<h4 class=\"elementor-heading-title elementor-size-default\">Exposition coloniale de 1931<\/h4>\t\t\t\t<\/div>\n\t\t\t\t\t<\/div>\n\t\t\t\t<\/div>\n\t\t<div class=\"elementor-element elementor-element-3400939 e-flex e-con-boxed e-con e-parent\" data-id=\"3400939\" data-element_type=\"container\" data-e-type=\"container\">\n\t\t\t\t\t<div class=\"e-con-inner\">\n\t\t\t\t<div class=\"elementor-element elementor-element-da3aeae elementor-widget elementor-widget-text-editor\" data-id=\"da3aeae\" data-element_type=\"widget\" data-e-type=\"widget\" data-widget_type=\"text-editor.default\">\n\t\t\t\t\t\t\t\t\t<p>Cette exposition eut lieu \u00e9galement dans le Bois de Vincennes ainsi qu\u2019a la porte Dor\u00e9e.<br \/>Cr\u00e9ation du Zoo de Vincennes et de son fameux rocher aux singes.<br \/>Ce zoo a \u00e9t\u00e9 ensuite d\u00e9plac\u00e9 vers St Maurice.<\/p><p>Il en subsiste :\u00a0<br \/>Porte Doree : Place<br \/>Mus\u00e9e des Colonies : Pte Dor\u00e9e<br \/>ND des Missions : Epinay sur Seine<br \/>Elephant : Choisy le Roi<br \/>Cottage : Vaucresson<\/p>\t\t\t\t\t\t\t\t<\/div>\n\t\t\t\t\t<\/div>\n\t\t\t\t<\/div>\n\t\t<div class=\"elementor-element elementor-element-df14239 e-flex e-con-boxed e-con e-parent\" data-id=\"df14239\" data-element_type=\"container\" data-e-type=\"container\">\n\t\t\t\t\t<div class=\"e-con-inner\">\n\t\t\t\t<div class=\"elementor-element elementor-element-a58e438 elementor-widget elementor-widget-heading\" data-id=\"a58e438\" data-element_type=\"widget\" data-e-type=\"widget\" data-widget_type=\"heading.default\">\n\t\t\t\t\t<h4 class=\"elementor-heading-title elementor-size-default\">Exposition universelle de 1937<\/h4>\t\t\t\t<\/div>\n\t\t\t\t\t<\/div>\n\t\t\t\t<\/div>\n\t\t<div class=\"elementor-element elementor-element-60a0d1f e-flex e-con-boxed e-con e-parent\" data-id=\"60a0d1f\" data-element_type=\"container\" data-e-type=\"container\">\n\t\t\t\t\t<div class=\"e-con-inner\">\n\t\t\t\t<div class=\"elementor-element elementor-element-aa28d56 elementor-widget elementor-widget-text-editor\" data-id=\"aa28d56\" data-element_type=\"widget\" data-e-type=\"widget\" data-widget_type=\"text-editor.default\">\n\t\t\t\t\t\t\t\t\t<p>Exposition cr\u00e9\u00e9e juste un an apr\u00e8s l\u2019av\u00e8nement des Cong\u00e9s Pay\u00e9s.<br \/>Construction du nouveau palais de Chaillot et du Mus\u00e9e d\u2019Art Moderne.<br \/>Un grand pavillon bolchevik fut aussi construit puis apr\u00e8s l\u2019expo fut remont\u00e9 \u00e0 Moscou.<br \/>Les premiers v\u00e9hicules \u00e9lectriques apparurent.<br \/>Des a\u00e9roglisseurs et des petits trains servaient de navette.<br \/>Apparition de la t\u00e9l\u00e9vision et construction du Palais de Tokyo.<br \/>Le palais de la d\u00e9couverte est aussi cr\u00e9\u00e9 lors de cette exposition. Il permet de faire d\u00e9couvrir les sciences au grand public.<\/p><p>Il en subsiste :\u00a0<br \/><span style=\"font-size: 16px; font-style: normal; font-weight: 400;\">Palais de la d\u00e9couverte, 8e<\/span><br \/><span style=\"font-size: 16px; font-style: normal; font-weight: 400;\">Parc Kellermann, 13e<br \/><\/span>Palais du Trocad\u00e9ro, 16e<br \/>Palais de Tokyo, 16e<br \/>Traces de constructions, Av. Amiral Bruix, 16e<br \/>Porte de St Cloud, 16e<br \/>Statue : Square De la Butte du Chapeau Rouge, 19e<\/p>\t\t\t\t\t\t\t\t<\/div>\n\t\t\t\t\t<\/div>\n\t\t\t\t<\/div>\n\t\t\t\t<\/div>\n\t\t","protected":false},"excerpt":{"rendered":"<p>Historique Introduction L\u2019id\u00e9e des expositions universelles date du 18e si\u00e8cle.Une petite exposition eut d\u00e9j\u00e0 lieu en 1798 ainsi que 10 [&hellip;]<\/p>\n","protected":false},"author":1,"featured_media":0,"parent":0,"menu_order":0,"comment_status":"closed","ping_status":"closed","template":"","meta":{"_seopress_robots_primary_cat":"","_seopress_titles_title":"","_seopress_titles_desc":"Expositions Universelles de Paris - Vestiges des expos de 1855 1867 1889 1900 1907 1931 et 1937. Palais, Frontons, chalets, statues et ornements - Historique","_seopress_robots_index":"","site-sidebar-layout":"no-sidebar","site-content-layout":"","ast-site-content-layout":"full-width-container","site-content-style":"default","site-sidebar-style":"default","ast-global-header-display":"","ast-banner-title-visibility":"","ast-main-header-display":"","ast-hfb-above-header-display":"","ast-hfb-below-header-display":"","ast-hfb-mobile-header-display":"","site-post-title":"disabled","ast-breadcrumbs-content":"","ast-featured-img":"disabled","footer-sml-layout":"","ast-disable-related-posts":"","theme-transparent-header-meta":"","adv-header-id-meta":"","stick-header-meta":"","header-above-stick-meta":"","header-main-stick-meta":"","header-below-stick-meta":"","astra-migrate-meta-layouts":"default","ast-page-background-enabled":"default","ast-page-background-meta":{"desktop":{"background-color":"var(--ast-global-color-5)","background-image":"","background-repeat":"repeat","background-position":"center center","background-size":"auto","background-attachment":"scroll","background-type":"","background-media":"","overlay-type":"","overlay-color":"","overlay-opacity":"","overlay-gradient":""},"tablet":{"background-color":"","background-image":"","background-repeat":"repeat","background-position":"center center","background-size":"auto","background-attachment":"scroll","background-type":"","background-media":"","overlay-type":"","overlay-color":"","overlay-opacity":"","overlay-gradient":""},"mobile":{"background-color":"","background-image":"","background-repeat":"repeat","background-position":"center center","background-size":"auto","background-attachment":"scroll","background-type":"","background-media":"","overlay-type":"","overlay-color":"","overlay-opacity":"","overlay-gradient":""}},"ast-content-background-meta":{"desktop":{"background-color":"var(--ast-global-color-4)","background-image":"","background-repeat":"repeat","background-position":"center center","background-size":"auto","background-attachment":"scroll","background-type":"","background-media":"","overlay-type":"","overlay-color":"","overlay-opacity":"","overlay-gradient":""},"tablet":{"background-color":"var(--ast-global-color-4)","background-image":"","background-repeat":"repeat","background-position":"center center","background-size":"auto","background-attachment":"scroll","background-type":"","background-media":"","overlay-type":"","overlay-color":"","overlay-opacity":"","overlay-gradient":""},"mobile":{"background-color":"var(--ast-global-color-4)","background-image":"","background-repeat":"repeat","background-position":"center center","background-size":"auto","background-attachment":"scroll","background-type":"","background-media":"","overlay-type":"","overlay-color":"","overlay-opacity":"","overlay-gradient":""}},"footnotes":""},"class_list":["post-56","page","type-page","status-publish","hentry"],"_links":{"self":[{"href":"https:\/\/www.paris-ancien.fr\/expos-universelles\/wp-json\/wp\/v2\/pages\/56","targetHints":{"allow":["GET"]}}],"collection":[{"href":"https:\/\/www.paris-ancien.fr\/expos-universelles\/wp-json\/wp\/v2\/pages"}],"about":[{"href":"https:\/\/www.paris-ancien.fr\/expos-universelles\/wp-json\/wp\/v2\/types\/page"}],"author":[{"embeddable":true,"href":"https:\/\/www.paris-ancien.fr\/expos-universelles\/wp-json\/wp\/v2\/users\/1"}],"replies":[{"embeddable":true,"href":"https:\/\/www.paris-ancien.fr\/expos-universelles\/wp-json\/wp\/v2\/comments?post=56"}],"version-history":[{"count":56,"href":"https:\/\/www.paris-ancien.fr\/expos-universelles\/wp-json\/wp\/v2\/pages\/56\/revisions"}],"predecessor-version":[{"id":1364,"href":"https:\/\/www.paris-ancien.fr\/expos-universelles\/wp-json\/wp\/v2\/pages\/56\/revisions\/1364"}],"wp:attachment":[{"href":"https:\/\/www.paris-ancien.fr\/expos-universelles\/wp-json\/wp\/v2\/media?parent=56"}],"curies":[{"name":"wp","href":"https:\/\/api.w.org\/{rel}","templated":true}]}}