{"id":46,"date":"2025-12-18T15:05:13","date_gmt":"2025-12-18T14:05:13","guid":{"rendered":"https:\/\/paris-ancien.fr\/expos-universelles\/?page_id=46"},"modified":"2025-12-21T21:06:12","modified_gmt":"2025-12-21T20:06:12","slug":"93-seine-st-denis","status":"publish","type":"page","link":"https:\/\/www.paris-ancien.fr\/expos-universelles\/93-seine-st-denis\/","title":{"rendered":"93 &#8211; Seine St Denis"},"content":{"rendered":"\t\t<div data-elementor-type=\"wp-page\" data-elementor-id=\"46\" class=\"elementor elementor-46\">\n\t\t\t\t<div class=\"elementor-element elementor-element-d89b299 e-flex e-con-boxed e-con e-parent\" data-id=\"d89b299\" data-element_type=\"container\" data-e-type=\"container\">\n\t\t\t\t\t<div class=\"e-con-inner\">\n\t\t\t\t<div class=\"elementor-element elementor-element-52ce1ef elementor-widget elementor-widget-heading\" data-id=\"52ce1ef\" data-element_type=\"widget\" data-e-type=\"widget\" data-widget_type=\"heading.default\">\n\t\t\t\t\t<h2 class=\"elementor-heading-title elementor-size-default\">93 \u2013 Seine St Denis<\/h2>\t\t\t\t<\/div>\n\t\t\t\t\t<\/div>\n\t\t\t\t<\/div>\n\t\t<div class=\"elementor-element elementor-element-dc1b898 e-flex e-con-boxed e-con e-parent\" data-id=\"dc1b898\" data-element_type=\"container\" data-e-type=\"container\">\n\t\t\t\t\t<div class=\"e-con-inner\">\n\t\t\t\t<div class=\"elementor-element elementor-element-889ce43 elementor-widget elementor-widget-heading\" data-id=\"889ce43\" data-element_type=\"widget\" data-e-type=\"widget\" data-widget_type=\"heading.default\">\n\t\t\t\t\t<h4 class=\"elementor-heading-title elementor-size-default\">Romainville (Expo de 1937)<\/h4>\t\t\t\t<\/div>\n\t\t\t\t\t<\/div>\n\t\t\t\t<\/div>\n\t\t<div class=\"elementor-element elementor-element-599d288 e-flex e-con-boxed e-con e-parent\" data-id=\"599d288\" data-element_type=\"container\" data-e-type=\"container\">\n\t\t\t\t\t<div class=\"e-con-inner\">\n\t\t\t\t<div class=\"elementor-element elementor-element-7c73557 elementor-widget elementor-widget-text-editor\" data-id=\"7c73557\" data-element_type=\"widget\" data-e-type=\"widget\" data-widget_type=\"text-editor.default\">\n\t\t\t\t\t\t\t\t\t<p>Structure provenant du Palais de la Pologne. Le maire de Romainville acheta la structure. Les statues d\u2019origine accueillaient les visiteurs durant l\u2019exposition.<\/p>\t\t\t\t\t\t\t\t<\/div>\n\t\t\t\t\t<\/div>\n\t\t\t\t<\/div>\n\t\t<div class=\"elementor-element elementor-element-665dc6d e-flex e-con-boxed e-con e-parent\" data-id=\"665dc6d\" data-element_type=\"container\" data-e-type=\"container\">\n\t\t\t\t\t<div class=\"e-con-inner\">\n\t\t<div class=\"elementor-element elementor-element-931a348 e-con-full e-flex e-con e-child\" data-id=\"931a348\" data-element_type=\"container\" data-e-type=\"container\">\n\t\t\t\t<div class=\"elementor-element elementor-element-b73dfa8 elementor-widget elementor-widget-google_maps\" data-id=\"b73dfa8\" data-element_type=\"widget\" data-e-type=\"widget\" data-widget_type=\"google_maps.default\">\n\t\t\t\t\t\t\t<div class=\"elementor-custom-embed\">\n\t\t\t<iframe loading=\"lazy\"\n\t\t\t\t\tsrc=\"https:\/\/maps.google.com\/maps?q=palais%20des%20f%C3%AAtes%20romainville&#038;t=m&#038;z=15&#038;output=embed&#038;iwloc=near\"\n\t\t\t\t\ttitle=\"palais des f\u00eates romainville\"\n\t\t\t\t\taria-label=\"palais des f\u00eates romainville\"\n\t\t\t><\/iframe>\n\t\t<\/div>\n\t\t\t\t\t\t<\/div>\n\t\t\t\t<\/div>\n\t\t<div class=\"elementor-element elementor-element-40bad8c e-con-full e-flex e-con e-child\" data-id=\"40bad8c\" data-element_type=\"container\" data-e-type=\"container\">\n\t\t\t\t<div class=\"elementor-element elementor-element-2e9113b elementor-widget elementor-widget-image\" data-id=\"2e9113b\" data-element_type=\"widget\" data-e-type=\"widget\" data-widget_type=\"image.default\">\n\t\t\t\t\t\t\t\t\t\t\t\t\t\t\t\t<a href=\"https:\/\/www.paris-ancien.fr\/expos-universelles\/wp-content\/uploads\/2025\/12\/romainville.jpg\" data-elementor-open-lightbox=\"yes\" data-elementor-lightbox-title=\"romainville\" data-e-action-hash=\"#elementor-action%3Aaction%3Dlightbox%26settings%3DeyJpZCI6NjczLCJ1cmwiOiJodHRwczpcL1wvd3d3LnBhcmlzLWFuY2llbi5mclwvZXhwb3MtdW5pdmVyc2VsbGVzXC93cC1jb250ZW50XC91cGxvYWRzXC8yMDI1XC8xMlwvcm9tYWludmlsbGUuanBnIn0%3D\">\n\t\t\t\t\t\t\t<img alt=\"\" fetchpriority=\"high\" decoding=\"async\" width=\"768\" height=\"576\" src=\"https:\/\/www.paris-ancien.fr\/expos-universelles\/wp-content\/uploads\/2025\/12\/romainville-768x576.jpg\" class=\"attachment-medium_large size-medium_large wp-image-673\" alt=\"\" srcset=\"https:\/\/www.paris-ancien.fr\/expos-universelles\/wp-content\/uploads\/2025\/12\/romainville-768x576.jpg 768w, https:\/\/www.paris-ancien.fr\/expos-universelles\/wp-content\/uploads\/2025\/12\/romainville-300x225.jpg 300w, https:\/\/www.paris-ancien.fr\/expos-universelles\/wp-content\/uploads\/2025\/12\/romainville-1024x768.jpg 1024w, https:\/\/www.paris-ancien.fr\/expos-universelles\/wp-content\/uploads\/2025\/12\/romainville-1536x1152.jpg 1536w, https:\/\/www.paris-ancien.fr\/expos-universelles\/wp-content\/uploads\/2025\/12\/romainville.jpg 1600w\" sizes=\"(max-width: 768px) 100vw, 768px\" \/>\t\t\t\t\t\t\t\t<\/a>\n\t\t\t\t\t\t\t\t\t\t\t\t\t\t\t<\/div>\n\t\t\t\t<\/div>\n\t\t\t\t\t<\/div>\n\t\t\t\t<\/div>\n\t\t<div class=\"elementor-element elementor-element-0b4fb07 e-flex e-con-boxed e-con e-parent\" data-id=\"0b4fb07\" data-element_type=\"container\" data-e-type=\"container\">\n\t\t\t\t\t<div class=\"e-con-inner\">\n\t\t\t\t<div class=\"elementor-element elementor-element-81b33b9 elementor-widget elementor-widget-heading\" data-id=\"81b33b9\" data-element_type=\"widget\" data-e-type=\"widget\" data-widget_type=\"heading.default\">\n\t\t\t\t\t<h4 class=\"elementor-heading-title elementor-size-default\">Saint Ouen (Expo de 1900)<\/h4>\t\t\t\t<\/div>\n\t\t\t\t\t<\/div>\n\t\t\t\t<\/div>\n\t\t<div class=\"elementor-element elementor-element-1b8a26e e-flex e-con-boxed e-con e-parent\" data-id=\"1b8a26e\" data-element_type=\"container\" data-e-type=\"container\">\n\t\t\t\t\t<div class=\"e-con-inner\">\n\t\t\t\t<div class=\"elementor-element elementor-element-ea6a34a elementor-widget elementor-widget-text-editor\" data-id=\"ea6a34a\" data-element_type=\"widget\" data-e-type=\"widget\" data-widget_type=\"text-editor.default\">\n\t\t\t\t\t\t\t\t\t<p>Structure provenant du Palais de la Pologne. Le maire de Romainville acheta la structure. Les statues d\u2019origine accueillaient les visiteurs durant l\u2019exposition.<\/p>\t\t\t\t\t\t\t\t<\/div>\n\t\t\t\t\t<\/div>\n\t\t\t\t<\/div>\n\t\t<div class=\"elementor-element elementor-element-87b0718 e-flex e-con-boxed e-con e-parent\" data-id=\"87b0718\" data-element_type=\"container\" data-e-type=\"container\">\n\t\t\t\t\t<div class=\"e-con-inner\">\n\t\t<div class=\"elementor-element elementor-element-d563a7e e-con-full e-flex e-con e-child\" data-id=\"d563a7e\" data-element_type=\"container\" data-e-type=\"container\">\n\t\t\t\t<div class=\"elementor-element elementor-element-eaf40f7 elementor-widget elementor-widget-google_maps\" data-id=\"eaf40f7\" data-element_type=\"widget\" data-e-type=\"widget\" data-widget_type=\"google_maps.default\">\n\t\t\t\t\t\t\t<div class=\"elementor-custom-embed\">\n\t\t\t<iframe loading=\"lazy\"\n\t\t\t\t\tsrc=\"https:\/\/maps.google.com\/maps?q=pavillon%20de%20liege%20saint%20ouen&#038;t=m&#038;z=15&#038;output=embed&#038;iwloc=near\"\n\t\t\t\t\ttitle=\"pavillon de liege saint ouen\"\n\t\t\t\t\taria-label=\"pavillon de liege saint ouen\"\n\t\t\t><\/iframe>\n\t\t<\/div>\n\t\t\t\t\t\t<\/div>\n\t\t\t\t<\/div>\n\t\t<div class=\"elementor-element elementor-element-8d3dab6 e-con-full e-flex e-con e-child\" data-id=\"8d3dab6\" data-element_type=\"container\" data-e-type=\"container\">\n\t\t\t\t<div class=\"elementor-element elementor-element-4bf5fa5 elementor-widget elementor-widget-image\" data-id=\"4bf5fa5\" data-element_type=\"widget\" data-e-type=\"widget\" data-widget_type=\"image.default\">\n\t\t\t\t\t\t\t\t\t\t\t\t\t\t\t\t<a href=\"https:\/\/www.paris-ancien.fr\/expos-universelles\/wp-content\/uploads\/2025\/12\/saint-ouen.jpg\" data-elementor-open-lightbox=\"yes\" data-elementor-lightbox-title=\"saint-ouen\" data-e-action-hash=\"#elementor-action%3Aaction%3Dlightbox%26settings%3DeyJpZCI6Njk1LCJ1cmwiOiJodHRwczpcL1wvd3d3LnBhcmlzLWFuY2llbi5mclwvZXhwb3MtdW5pdmVyc2VsbGVzXC93cC1jb250ZW50XC91cGxvYWRzXC8yMDI1XC8xMlwvc2FpbnQtb3Vlbi5qcGcifQ%3D%3D\">\n\t\t\t\t\t\t\t<img alt=\"\" decoding=\"async\" width=\"768\" height=\"576\" src=\"https:\/\/www.paris-ancien.fr\/expos-universelles\/wp-content\/uploads\/2025\/12\/saint-ouen-768x576.jpg\" class=\"attachment-medium_large size-medium_large wp-image-695\" alt=\"\" srcset=\"https:\/\/www.paris-ancien.fr\/expos-universelles\/wp-content\/uploads\/2025\/12\/saint-ouen-768x576.jpg 768w, https:\/\/www.paris-ancien.fr\/expos-universelles\/wp-content\/uploads\/2025\/12\/saint-ouen-300x225.jpg 300w, https:\/\/www.paris-ancien.fr\/expos-universelles\/wp-content\/uploads\/2025\/12\/saint-ouen-1024x768.jpg 1024w, https:\/\/www.paris-ancien.fr\/expos-universelles\/wp-content\/uploads\/2025\/12\/saint-ouen-1536x1152.jpg 1536w, https:\/\/www.paris-ancien.fr\/expos-universelles\/wp-content\/uploads\/2025\/12\/saint-ouen.jpg 1600w\" sizes=\"(max-width: 768px) 100vw, 768px\" \/>\t\t\t\t\t\t\t\t<\/a>\n\t\t\t\t\t\t\t\t\t\t\t\t\t\t\t<\/div>\n\t\t\t\t<\/div>\n\t\t\t\t\t<\/div>\n\t\t\t\t<\/div>\n\t\t<div class=\"elementor-element elementor-element-bac2ed8 e-flex e-con-boxed e-con e-parent\" data-id=\"bac2ed8\" data-element_type=\"container\" data-e-type=\"container\">\n\t\t\t\t\t<div class=\"e-con-inner\">\n\t\t\t\t<div class=\"elementor-element elementor-element-7762dfc elementor-widget elementor-widget-heading\" data-id=\"7762dfc\" data-element_type=\"widget\" data-e-type=\"widget\" data-widget_type=\"heading.default\">\n\t\t\t\t\t<h4 class=\"elementor-heading-title elementor-size-default\">Epinay sur Seine (Expo coloniale de 1931)<\/h4>\t\t\t\t<\/div>\n\t\t\t\t\t<\/div>\n\t\t\t\t<\/div>\n\t\t<div class=\"elementor-element elementor-element-8c89e27 e-flex e-con-boxed e-con e-parent\" data-id=\"8c89e27\" data-element_type=\"container\" data-e-type=\"container\">\n\t\t\t\t\t<div class=\"e-con-inner\">\n\t\t\t\t<div class=\"elementor-element elementor-element-cf211ee elementor-widget elementor-widget-text-editor\" data-id=\"cf211ee\" data-element_type=\"widget\" data-e-type=\"widget\" data-widget_type=\"text-editor.default\">\n\t\t\t\t\t\t\t\t\t<p>Eglise con\u00e7ue par Paul Tournon. Des offices avaient lieu pour des croyants du monde entier. Construite au d\u00e9part sur une structure en bois, elle est maintenant mont\u00e9e sur une structure en b\u00e9ton.<\/p>\t\t\t\t\t\t\t\t<\/div>\n\t\t\t\t\t<\/div>\n\t\t\t\t<\/div>\n\t\t<div class=\"elementor-element elementor-element-12c0bb3 e-flex e-con-boxed e-con e-parent\" data-id=\"12c0bb3\" data-element_type=\"container\" data-e-type=\"container\">\n\t\t\t\t\t<div class=\"e-con-inner\">\n\t\t<div class=\"elementor-element elementor-element-84e99c6 e-con-full e-flex e-con e-child\" data-id=\"84e99c6\" data-element_type=\"container\" data-e-type=\"container\">\n\t\t\t\t<div class=\"elementor-element elementor-element-a4ec966 elementor-widget elementor-widget-google_maps\" data-id=\"a4ec966\" data-element_type=\"widget\" data-e-type=\"widget\" data-widget_type=\"google_maps.default\">\n\t\t\t\t\t\t\t<div class=\"elementor-custom-embed\">\n\t\t\t<iframe loading=\"lazy\"\n\t\t\t\t\tsrc=\"https:\/\/maps.google.com\/maps?q=notre%20dame%20des%20missions%20epinay%20sur%20seine&#038;t=m&#038;z=15&#038;output=embed&#038;iwloc=near\"\n\t\t\t\t\ttitle=\"notre dame des missions epinay sur seine\"\n\t\t\t\t\taria-label=\"notre dame des missions epinay sur seine\"\n\t\t\t><\/iframe>\n\t\t<\/div>\n\t\t\t\t\t\t<\/div>\n\t\t\t\t<\/div>\n\t\t<div class=\"elementor-element elementor-element-cec5cdd e-con-full e-flex e-con e-child\" data-id=\"cec5cdd\" data-element_type=\"container\" data-e-type=\"container\">\n\t\t\t\t<div class=\"elementor-element elementor-element-e26ddd1 elementor-widget elementor-widget-image\" data-id=\"e26ddd1\" data-element_type=\"widget\" data-e-type=\"widget\" data-widget_type=\"image.default\">\n\t\t\t\t\t\t\t\t\t\t\t\t\t\t\t\t<a href=\"https:\/\/www.paris-ancien.fr\/expos-universelles\/wp-content\/uploads\/2025\/12\/epinay.jpg\" data-elementor-open-lightbox=\"yes\" data-elementor-lightbox-title=\"epinay\" data-e-action-hash=\"#elementor-action%3Aaction%3Dlightbox%26settings%3DeyJpZCI6Njk5LCJ1cmwiOiJodHRwczpcL1wvd3d3LnBhcmlzLWFuY2llbi5mclwvZXhwb3MtdW5pdmVyc2VsbGVzXC93cC1jb250ZW50XC91cGxvYWRzXC8yMDI1XC8xMlwvZXBpbmF5LmpwZyJ9\">\n\t\t\t\t\t\t\t<img alt=\"\" decoding=\"async\" width=\"768\" height=\"576\" src=\"https:\/\/www.paris-ancien.fr\/expos-universelles\/wp-content\/uploads\/2025\/12\/epinay-768x576.jpg\" class=\"attachment-medium_large size-medium_large wp-image-699\" alt=\"\" srcset=\"https:\/\/www.paris-ancien.fr\/expos-universelles\/wp-content\/uploads\/2025\/12\/epinay-768x576.jpg 768w, https:\/\/www.paris-ancien.fr\/expos-universelles\/wp-content\/uploads\/2025\/12\/epinay-300x225.jpg 300w, https:\/\/www.paris-ancien.fr\/expos-universelles\/wp-content\/uploads\/2025\/12\/epinay-1024x768.jpg 1024w, https:\/\/www.paris-ancien.fr\/expos-universelles\/wp-content\/uploads\/2025\/12\/epinay-1536x1152.jpg 1536w, https:\/\/www.paris-ancien.fr\/expos-universelles\/wp-content\/uploads\/2025\/12\/epinay.jpg 1600w\" sizes=\"(max-width: 768px) 100vw, 768px\" \/>\t\t\t\t\t\t\t\t<\/a>\n\t\t\t\t\t\t\t\t\t\t\t\t\t\t\t<\/div>\n\t\t\t\t<\/div>\n\t\t\t\t\t<\/div>\n\t\t\t\t<\/div>\n\t\t<div class=\"elementor-element elementor-element-2db0afd e-flex e-con-boxed e-con e-parent\" data-id=\"2db0afd\" data-element_type=\"container\" data-e-type=\"container\">\n\t\t\t\t\t<div class=\"e-con-inner\">\n\t\t\t\t<div class=\"elementor-element elementor-element-53fe7f4 elementor-widget elementor-widget-spacer\" data-id=\"53fe7f4\" data-element_type=\"widget\" data-e-type=\"widget\" data-widget_type=\"spacer.default\">\n\t\t\t\t\t\t\t<div class=\"elementor-spacer\">\n\t\t\t<div class=\"elementor-spacer-inner\"><\/div>\n\t\t<\/div>\n\t\t\t\t\t\t<\/div>\n\t\t\t\t\t<\/div>\n\t\t\t\t<\/div>\n\t\t\t\t<\/div>\n\t\t","protected":false},"excerpt":{"rendered":"<p>93 \u2013 Seine St Denis Romainville (Expo de 1937) Structure provenant du Palais de la Pologne. Le maire de Romainville [&hellip;]<\/p>\n","protected":false},"author":1,"featured_media":0,"parent":0,"menu_order":0,"comment_status":"closed","ping_status":"closed","template":"","meta":{"_seopress_robots_primary_cat":"","_seopress_titles_title":"","_seopress_titles_desc":"Expositions Universelles de Paris - Vestiges des expos de 1855 1867 1889 1900 1907 1931 et 1937. Palais, Frontons, chalets, statues et ornements - Seine St Denis","_seopress_robots_index":"","site-sidebar-layout":"no-sidebar","site-content-layout":"","ast-site-content-layout":"full-width-container","site-content-style":"default","site-sidebar-style":"default","ast-global-header-display":"","ast-banner-title-visibility":"","ast-main-header-display":"","ast-hfb-above-header-display":"","ast-hfb-below-header-display":"","ast-hfb-mobile-header-display":"","site-post-title":"disabled","ast-breadcrumbs-content":"","ast-featured-img":"disabled","footer-sml-layout":"","ast-disable-related-posts":"","theme-transparent-header-meta":"","adv-header-id-meta":"","stick-header-meta":"","header-above-stick-meta":"","header-main-stick-meta":"","header-below-stick-meta":"","astra-migrate-meta-layouts":"default","ast-page-background-enabled":"default","ast-page-background-meta":{"desktop":{"background-color":"var(--ast-global-color-5)","background-image":"","background-repeat":"repeat","background-position":"center center","background-size":"auto","background-attachment":"scroll","background-type":"","background-media":"","overlay-type":"","overlay-color":"","overlay-opacity":"","overlay-gradient":""},"tablet":{"background-color":"","background-image":"","background-repeat":"repeat","background-position":"center center","background-size":"auto","background-attachment":"scroll","background-type":"","background-media":"","overlay-type":"","overlay-color":"","overlay-opacity":"","overlay-gradient":""},"mobile":{"background-color":"","background-image":"","background-repeat":"repeat","background-position":"center center","background-size":"auto","background-attachment":"scroll","background-type":"","background-media":"","overlay-type":"","overlay-color":"","overlay-opacity":"","overlay-gradient":""}},"ast-content-background-meta":{"desktop":{"background-color":"var(--ast-global-color-4)","background-image":"","background-repeat":"repeat","background-position":"center center","background-size":"auto","background-attachment":"scroll","background-type":"","background-media":"","overlay-type":"","overlay-color":"","overlay-opacity":"","overlay-gradient":""},"tablet":{"background-color":"var(--ast-global-color-4)","background-image":"","background-repeat":"repeat","background-position":"center center","background-size":"auto","background-attachment":"scroll","background-type":"","background-media":"","overlay-type":"","overlay-color":"","overlay-opacity":"","overlay-gradient":""},"mobile":{"background-color":"var(--ast-global-color-4)","background-image":"","background-repeat":"repeat","background-position":"center center","background-size":"auto","background-attachment":"scroll","background-type":"","background-media":"","overlay-type":"","overlay-color":"","overlay-opacity":"","overlay-gradient":""}},"footnotes":""},"class_list":["post-46","page","type-page","status-publish","hentry"],"_links":{"self":[{"href":"https:\/\/www.paris-ancien.fr\/expos-universelles\/wp-json\/wp\/v2\/pages\/46","targetHints":{"allow":["GET"]}}],"collection":[{"href":"https:\/\/www.paris-ancien.fr\/expos-universelles\/wp-json\/wp\/v2\/pages"}],"about":[{"href":"https:\/\/www.paris-ancien.fr\/expos-universelles\/wp-json\/wp\/v2\/types\/page"}],"author":[{"embeddable":true,"href":"https:\/\/www.paris-ancien.fr\/expos-universelles\/wp-json\/wp\/v2\/users\/1"}],"replies":[{"embeddable":true,"href":"https:\/\/www.paris-ancien.fr\/expos-universelles\/wp-json\/wp\/v2\/comments?post=46"}],"version-history":[{"count":35,"href":"https:\/\/www.paris-ancien.fr\/expos-universelles\/wp-json\/wp\/v2\/pages\/46\/revisions"}],"predecessor-version":[{"id":1348,"href":"https:\/\/www.paris-ancien.fr\/expos-universelles\/wp-json\/wp\/v2\/pages\/46\/revisions\/1348"}],"wp:attachment":[{"href":"https:\/\/www.paris-ancien.fr\/expos-universelles\/wp-json\/wp\/v2\/media?parent=46"}],"curies":[{"name":"wp","href":"https:\/\/api.w.org\/{rel}","templated":true}]}}