{"id":44,"date":"2025-12-18T15:04:57","date_gmt":"2025-12-18T14:04:57","guid":{"rendered":"https:\/\/paris-ancien.fr\/expos-universelles\/?page_id=44"},"modified":"2026-02-05T11:21:03","modified_gmt":"2026-02-05T10:21:03","slug":"92-hauts-de-seine","status":"publish","type":"page","link":"https:\/\/www.paris-ancien.fr\/expos-universelles\/92-hauts-de-seine\/","title":{"rendered":"92 &#8211; Hauts de Seine"},"content":{"rendered":"\t\t<div data-elementor-type=\"wp-page\" data-elementor-id=\"44\" class=\"elementor elementor-44\">\n\t\t\t\t<div class=\"elementor-element elementor-element-f1232b2 e-flex e-con-boxed e-con e-parent\" data-id=\"f1232b2\" data-element_type=\"container\" data-e-type=\"container\">\n\t\t\t\t\t<div class=\"e-con-inner\">\n\t\t\t\t<div class=\"elementor-element elementor-element-f6a2b50 elementor-widget elementor-widget-heading\" data-id=\"f6a2b50\" data-element_type=\"widget\" data-e-type=\"widget\" data-widget_type=\"heading.default\">\n\t\t\t\t\t<h2 class=\"elementor-heading-title elementor-size-default\">92 - Hauts de Seine<\/h2>\t\t\t\t<\/div>\n\t\t\t\t\t<\/div>\n\t\t\t\t<\/div>\n\t\t<div class=\"elementor-element elementor-element-269dfde e-flex e-con-boxed e-con e-parent\" data-id=\"269dfde\" data-element_type=\"container\" data-e-type=\"container\">\n\t\t\t\t\t<div class=\"e-con-inner\">\n\t\t\t\t<div class=\"elementor-element elementor-element-dbf2d1b elementor-widget elementor-widget-heading\" data-id=\"dbf2d1b\" data-element_type=\"widget\" data-e-type=\"widget\" data-widget_type=\"heading.default\">\n\t\t\t\t\t<h4 class=\"elementor-heading-title elementor-size-default\">Ile St Germain (Expo de 1867)<\/h4>\t\t\t\t<\/div>\n\t\t\t\t\t<\/div>\n\t\t\t\t<\/div>\n\t\t<div class=\"elementor-element elementor-element-26fd393 e-flex e-con-boxed e-con e-parent\" data-id=\"26fd393\" data-element_type=\"container\" data-e-type=\"container\">\n\t\t\t\t\t<div class=\"e-con-inner\">\n\t\t\t\t<div class=\"elementor-element elementor-element-7e16b54 elementor-widget elementor-widget-text-editor\" data-id=\"7e16b54\" data-element_type=\"widget\" data-e-type=\"widget\" data-widget_type=\"text-editor.default\">\n\t\t\t\t\t\t\t\t\t<p>Cette annexe \u00e9tait reli\u00e9e au champ de Mars par une navette. Des rues pav\u00e9es furent construites \u00e0 l\u2019occasion. Elles sont toujours visibles. De nombreux d\u00e9monstrations y eurent lieu.<\/p>\t\t\t\t\t\t\t\t<\/div>\n\t\t\t\t\t<\/div>\n\t\t\t\t<\/div>\n\t\t<div class=\"elementor-element elementor-element-faee066 e-flex e-con-boxed e-con e-parent\" data-id=\"faee066\" data-element_type=\"container\" data-e-type=\"container\">\n\t\t\t\t\t<div class=\"e-con-inner\">\n\t\t<div class=\"elementor-element elementor-element-5dfe6c0 e-con-full e-flex e-con e-child\" data-id=\"5dfe6c0\" data-element_type=\"container\" data-e-type=\"container\">\n\t\t\t\t<div class=\"elementor-element elementor-element-7bba25b elementor-widget elementor-widget-google_maps\" data-id=\"7bba25b\" data-element_type=\"widget\" data-e-type=\"widget\" data-widget_type=\"google_maps.default\">\n\t\t\t\t\t\t\t<div class=\"elementor-custom-embed\">\n\t\t\t<iframe loading=\"lazy\"\n\t\t\t\t\tsrc=\"https:\/\/maps.google.com\/maps?q=ile%20saint%20germain&#038;t=m&#038;z=15&#038;output=embed&#038;iwloc=near\"\n\t\t\t\t\ttitle=\"ile saint germain\"\n\t\t\t\t\taria-label=\"ile saint germain\"\n\t\t\t><\/iframe>\n\t\t<\/div>\n\t\t\t\t\t\t<\/div>\n\t\t\t\t<\/div>\n\t\t<div class=\"elementor-element elementor-element-3fbe663 e-con-full e-flex e-con e-child\" data-id=\"3fbe663\" data-element_type=\"container\" data-e-type=\"container\">\n\t\t\t\t<div class=\"elementor-element elementor-element-77b8ec6 elementor-widget elementor-widget-image\" data-id=\"77b8ec6\" data-element_type=\"widget\" data-e-type=\"widget\" data-widget_type=\"image.default\">\n\t\t\t\t\t\t\t\t\t\t\t\t\t\t\t\t<a href=\"https:\/\/www.paris-ancien.fr\/expos-universelles\/wp-content\/uploads\/2025\/12\/annexe-ilestgermain.jpg\" data-elementor-open-lightbox=\"yes\" data-elementor-lightbox-title=\"annexe-ilestgermain\" data-e-action-hash=\"#elementor-action%3Aaction%3Dlightbox%26settings%3DeyJpZCI6MTAwNSwidXJsIjoiaHR0cHM6XC9cL3d3dy5wYXJpcy1hbmNpZW4uZnJcL2V4cG9zLXVuaXZlcnNlbGxlc1wvd3AtY29udGVudFwvdXBsb2Fkc1wvMjAyNVwvMTJcL2FubmV4ZS1pbGVzdGdlcm1haW4uanBnIn0%3D\">\n\t\t\t\t\t\t\t<img alt=\"\" fetchpriority=\"high\" decoding=\"async\" width=\"768\" height=\"576\" src=\"https:\/\/www.paris-ancien.fr\/expos-universelles\/wp-content\/uploads\/2025\/12\/annexe-ilestgermain-768x576.jpg\" class=\"attachment-medium_large size-medium_large wp-image-1005\" alt=\"\" srcset=\"https:\/\/www.paris-ancien.fr\/expos-universelles\/wp-content\/uploads\/2025\/12\/annexe-ilestgermain-768x576.jpg 768w, https:\/\/www.paris-ancien.fr\/expos-universelles\/wp-content\/uploads\/2025\/12\/annexe-ilestgermain-300x225.jpg 300w, https:\/\/www.paris-ancien.fr\/expos-universelles\/wp-content\/uploads\/2025\/12\/annexe-ilestgermain-1024x768.jpg 1024w, https:\/\/www.paris-ancien.fr\/expos-universelles\/wp-content\/uploads\/2025\/12\/annexe-ilestgermain-1536x1152.jpg 1536w, https:\/\/www.paris-ancien.fr\/expos-universelles\/wp-content\/uploads\/2025\/12\/annexe-ilestgermain.jpg 1600w\" sizes=\"(max-width: 768px) 100vw, 768px\" \/>\t\t\t\t\t\t\t\t<\/a>\n\t\t\t\t\t\t\t\t\t\t\t\t\t\t\t<\/div>\n\t\t\t\t<\/div>\n\t\t\t\t\t<\/div>\n\t\t\t\t<\/div>\n\t\t<div class=\"elementor-element elementor-element-051db53 e-flex e-con-boxed e-con e-parent\" data-id=\"051db53\" data-element_type=\"container\" data-e-type=\"container\">\n\t\t\t\t\t<div class=\"e-con-inner\">\n\t\t\t\t<div class=\"elementor-element elementor-element-4506a6a elementor-widget elementor-widget-heading\" data-id=\"4506a6a\" data-element_type=\"widget\" data-e-type=\"widget\" data-widget_type=\"heading.default\">\n\t\t\t\t\t<h4 class=\"elementor-heading-title elementor-size-default\">11 Rue de l'Alsace Lorraine, Boulogne Billancourt (Expo de 1878)<\/h4>\t\t\t\t<\/div>\n\t\t\t\t\t<\/div>\n\t\t\t\t<\/div>\n\t\t<div class=\"elementor-element elementor-element-bf5722c e-flex e-con-boxed e-con e-parent\" data-id=\"bf5722c\" data-element_type=\"container\" data-e-type=\"container\">\n\t\t\t\t\t<div class=\"e-con-inner\">\n\t\t\t\t<div class=\"elementor-element elementor-element-38449e3 elementor-widget elementor-widget-text-editor\" data-id=\"38449e3\" data-element_type=\"widget\" data-e-type=\"widget\" data-widget_type=\"text-editor.default\">\n\t\t\t\t\t\t\t\t\t<p>Pavillon suisse situ\u00e9 \u00e0 l\u2019or\u00e9e du Bois de Boulogne. Mr Legrand le f\u00eet batir \u00e0 l\u2019endroit o\u00f9 il fit un Jardin Alpin. Chalet fabriqu\u00e9 en pin, en m\u00e9l\u00e8ze et en c\u00e8dre. Le jardin a, depuis, disparu.<\/p>\t\t\t\t\t\t\t\t<\/div>\n\t\t\t\t\t<\/div>\n\t\t\t\t<\/div>\n\t\t<div class=\"elementor-element elementor-element-cf611bf e-flex e-con-boxed e-con e-parent\" data-id=\"cf611bf\" data-element_type=\"container\" data-e-type=\"container\">\n\t\t\t\t\t<div class=\"e-con-inner\">\n\t\t<div class=\"elementor-element elementor-element-f578def e-con-full e-flex e-con e-child\" data-id=\"f578def\" data-element_type=\"container\" data-e-type=\"container\">\n\t\t\t\t<div class=\"elementor-element elementor-element-2064203 elementor-widget elementor-widget-google_maps\" data-id=\"2064203\" data-element_type=\"widget\" data-e-type=\"widget\" data-widget_type=\"google_maps.default\">\n\t\t\t\t\t\t\t<div class=\"elementor-custom-embed\">\n\t\t\t<iframe loading=\"lazy\"\n\t\t\t\t\tsrc=\"https:\/\/maps.google.com\/maps?q=11%20rue%20de%20l%27alsace%20lorraine%2C%20boulogne%20billancourt&#038;t=m&#038;z=15&#038;output=embed&#038;iwloc=near\"\n\t\t\t\t\ttitle=\"11 rue de l&#039;alsace lorraine, boulogne billancourt\"\n\t\t\t\t\taria-label=\"11 rue de l&#039;alsace lorraine, boulogne billancourt\"\n\t\t\t><\/iframe>\n\t\t<\/div>\n\t\t\t\t\t\t<\/div>\n\t\t\t\t<\/div>\n\t\t<div class=\"elementor-element elementor-element-6d7cab7 e-con-full e-flex e-con e-child\" data-id=\"6d7cab7\" data-element_type=\"container\" data-e-type=\"container\">\n\t\t\t\t<div class=\"elementor-element elementor-element-e9d70b4 elementor-widget elementor-widget-image\" data-id=\"e9d70b4\" data-element_type=\"widget\" data-e-type=\"widget\" data-widget_type=\"image.default\">\n\t\t\t\t\t\t\t\t\t\t\t\t\t\t\t\t<a href=\"https:\/\/www.paris-ancien.fr\/expos-universelles\/wp-content\/uploads\/2025\/12\/chalet-suisse-boulogne.jpg\" data-elementor-open-lightbox=\"yes\" data-elementor-lightbox-title=\"chalet-suisse-boulogne\" data-e-action-hash=\"#elementor-action%3Aaction%3Dlightbox%26settings%3DeyJpZCI6MTAxMiwidXJsIjoiaHR0cHM6XC9cL3d3dy5wYXJpcy1hbmNpZW4uZnJcL2V4cG9zLXVuaXZlcnNlbGxlc1wvd3AtY29udGVudFwvdXBsb2Fkc1wvMjAyNVwvMTJcL2NoYWxldC1zdWlzc2UtYm91bG9nbmUuanBnIn0%3D\">\n\t\t\t\t\t\t\t<img alt=\"\" decoding=\"async\" width=\"768\" height=\"576\" src=\"https:\/\/www.paris-ancien.fr\/expos-universelles\/wp-content\/uploads\/2025\/12\/chalet-suisse-boulogne-768x576.jpg\" class=\"attachment-medium_large size-medium_large wp-image-1012\" alt=\"\" srcset=\"https:\/\/www.paris-ancien.fr\/expos-universelles\/wp-content\/uploads\/2025\/12\/chalet-suisse-boulogne-768x576.jpg 768w, https:\/\/www.paris-ancien.fr\/expos-universelles\/wp-content\/uploads\/2025\/12\/chalet-suisse-boulogne-300x225.jpg 300w, https:\/\/www.paris-ancien.fr\/expos-universelles\/wp-content\/uploads\/2025\/12\/chalet-suisse-boulogne-1024x768.jpg 1024w, https:\/\/www.paris-ancien.fr\/expos-universelles\/wp-content\/uploads\/2025\/12\/chalet-suisse-boulogne-1536x1152.jpg 1536w, https:\/\/www.paris-ancien.fr\/expos-universelles\/wp-content\/uploads\/2025\/12\/chalet-suisse-boulogne.jpg 1600w\" sizes=\"(max-width: 768px) 100vw, 768px\" \/>\t\t\t\t\t\t\t\t<\/a>\n\t\t\t\t\t\t\t\t\t\t\t\t\t\t\t<\/div>\n\t\t\t\t<\/div>\n\t\t\t\t\t<\/div>\n\t\t\t\t<\/div>\n\t\t<div class=\"elementor-element elementor-element-7731742 e-flex e-con-boxed e-con e-parent\" data-id=\"7731742\" data-element_type=\"container\" data-e-type=\"container\">\n\t\t\t\t\t<div class=\"e-con-inner\">\n\t\t\t\t<div class=\"elementor-element elementor-element-4e3a912 elementor-widget elementor-widget-heading\" data-id=\"4e3a912\" data-element_type=\"widget\" data-e-type=\"widget\" data-widget_type=\"heading.default\">\n\t\t\t\t\t<h4 class=\"elementor-heading-title elementor-size-default\">Parc de B\u00e9con, Courbevoie (Expo de 1878)<\/h4>\t\t\t\t<\/div>\n\t\t\t\t\t<\/div>\n\t\t\t\t<\/div>\n\t\t<div class=\"elementor-element elementor-element-fbef6e5 e-flex e-con-boxed e-con e-parent\" data-id=\"fbef6e5\" data-element_type=\"container\" data-e-type=\"container\">\n\t\t\t\t\t<div class=\"e-con-inner\">\n\t\t\t\t<div class=\"elementor-element elementor-element-4400924 elementor-widget elementor-widget-text-editor\" data-id=\"4400924\" data-element_type=\"widget\" data-e-type=\"widget\" data-widget_type=\"text-editor.default\">\n\t\t\t\t\t\t\t\t\t<p>Pavillon situ\u00e9 \u00e0 l\u2019extr\u00e9mit\u00e9 du Parc de B\u00e9con. Pavillon consacr\u00e9 \u00e0 l\u2019\u00e9poque aux possessions du Prince de Galles. R\u00e9nov\u00e9 assez r\u00e9cemment.<\/p>\t\t\t\t\t\t\t\t<\/div>\n\t\t\t\t\t<\/div>\n\t\t\t\t<\/div>\n\t\t<div class=\"elementor-element elementor-element-01d301f e-flex e-con-boxed e-con e-parent\" data-id=\"01d301f\" data-element_type=\"container\" data-e-type=\"container\">\n\t\t\t\t\t<div class=\"e-con-inner\">\n\t\t<div class=\"elementor-element elementor-element-5be9de9 e-con-full e-flex e-con e-child\" data-id=\"5be9de9\" data-element_type=\"container\" data-e-type=\"container\">\n\t\t\t\t<div class=\"elementor-element elementor-element-9797f39 elementor-widget elementor-widget-google_maps\" data-id=\"9797f39\" data-element_type=\"widget\" data-e-type=\"widget\" data-widget_type=\"google_maps.default\">\n\t\t\t\t\t\t\t<div class=\"elementor-custom-embed\">\n\t\t\t<iframe loading=\"lazy\"\n\t\t\t\t\tsrc=\"https:\/\/maps.google.com\/maps?q=parc%20de%20becon&#038;t=m&#038;z=15&#038;output=embed&#038;iwloc=near\"\n\t\t\t\t\ttitle=\"parc de becon\"\n\t\t\t\t\taria-label=\"parc de becon\"\n\t\t\t><\/iframe>\n\t\t<\/div>\n\t\t\t\t\t\t<\/div>\n\t\t\t\t<\/div>\n\t\t<div class=\"elementor-element elementor-element-6af8294 e-con-full e-flex e-con e-child\" data-id=\"6af8294\" data-element_type=\"container\" data-e-type=\"container\">\n\t\t\t\t<div class=\"elementor-element elementor-element-e45a1c3 elementor-widget elementor-widget-image\" data-id=\"e45a1c3\" data-element_type=\"widget\" data-e-type=\"widget\" data-widget_type=\"image.default\">\n\t\t\t\t\t\t\t\t\t\t\t\t\t\t\t\t<a href=\"https:\/\/www.paris-ancien.fr\/expos-universelles\/wp-content\/uploads\/2025\/12\/parame-courbevoie.jpg\" data-elementor-open-lightbox=\"yes\" data-elementor-lightbox-title=\"parame-courbevoie\" data-e-action-hash=\"#elementor-action%3Aaction%3Dlightbox%26settings%3DeyJpZCI6MTAxOCwidXJsIjoiaHR0cHM6XC9cL3d3dy5wYXJpcy1hbmNpZW4uZnJcL2V4cG9zLXVuaXZlcnNlbGxlc1wvd3AtY29udGVudFwvdXBsb2Fkc1wvMjAyNVwvMTJcL3BhcmFtZS1jb3VyYmV2b2llLmpwZyJ9\">\n\t\t\t\t\t\t\t<img alt=\"\" decoding=\"async\" width=\"768\" height=\"576\" src=\"https:\/\/www.paris-ancien.fr\/expos-universelles\/wp-content\/uploads\/2025\/12\/parame-courbevoie-768x576.jpg\" class=\"attachment-medium_large size-medium_large wp-image-1018\" alt=\"\" srcset=\"https:\/\/www.paris-ancien.fr\/expos-universelles\/wp-content\/uploads\/2025\/12\/parame-courbevoie-768x576.jpg 768w, https:\/\/www.paris-ancien.fr\/expos-universelles\/wp-content\/uploads\/2025\/12\/parame-courbevoie-300x225.jpg 300w, https:\/\/www.paris-ancien.fr\/expos-universelles\/wp-content\/uploads\/2025\/12\/parame-courbevoie-1024x768.jpg 1024w, https:\/\/www.paris-ancien.fr\/expos-universelles\/wp-content\/uploads\/2025\/12\/parame-courbevoie-1536x1152.jpg 1536w, https:\/\/www.paris-ancien.fr\/expos-universelles\/wp-content\/uploads\/2025\/12\/parame-courbevoie.jpg 1600w\" sizes=\"(max-width: 768px) 100vw, 768px\" \/>\t\t\t\t\t\t\t\t<\/a>\n\t\t\t\t\t\t\t\t\t\t\t\t\t\t\t<\/div>\n\t\t\t\t<\/div>\n\t\t\t\t\t<\/div>\n\t\t\t\t<\/div>\n\t\t<div class=\"elementor-element elementor-element-9a549f0 e-flex e-con-boxed e-con e-parent\" data-id=\"9a549f0\" data-element_type=\"container\" data-e-type=\"container\">\n\t\t\t\t\t<div class=\"e-con-inner\">\n\t\t\t\t<div class=\"elementor-element elementor-element-1414a5a elementor-widget elementor-widget-text-editor\" data-id=\"1414a5a\" data-element_type=\"widget\" data-e-type=\"widget\" data-widget_type=\"text-editor.default\">\n\t\t\t\t\t\t\t\t\t<p>Ancien pavillon de la Norv\u00e8ge et de la Su\u00e8de situ\u00e9 dans le parc de B\u00e9con, imagin\u00e9 par Thrap-Meyer. Il y \u00e9tait expos\u00e9 de nombreux instruments de m\u00e9t\u00e9orologie et des photographies. Il abrite le mus\u00e9e Roybet-Fould.<\/p>\t\t\t\t\t\t\t\t<\/div>\n\t\t\t\t\t<\/div>\n\t\t\t\t<\/div>\n\t\t<div class=\"elementor-element elementor-element-50d9142 e-flex e-con-boxed e-con e-parent\" data-id=\"50d9142\" data-element_type=\"container\" data-e-type=\"container\">\n\t\t\t\t\t<div class=\"e-con-inner\">\n\t\t<div class=\"elementor-element elementor-element-9a3c24d e-con-full e-flex e-con e-child\" data-id=\"9a3c24d\" data-element_type=\"container\" data-e-type=\"container\">\n\t\t\t\t<div class=\"elementor-element elementor-element-050a199 elementor-widget elementor-widget-google_maps\" data-id=\"050a199\" data-element_type=\"widget\" data-e-type=\"widget\" data-widget_type=\"google_maps.default\">\n\t\t\t\t\t\t\t<div class=\"elementor-custom-embed\">\n\t\t\t<iframe loading=\"lazy\"\n\t\t\t\t\tsrc=\"https:\/\/maps.google.com\/maps?q=parc%20de%20becon&#038;t=m&#038;z=15&#038;output=embed&#038;iwloc=near\"\n\t\t\t\t\ttitle=\"parc de becon\"\n\t\t\t\t\taria-label=\"parc de becon\"\n\t\t\t><\/iframe>\n\t\t<\/div>\n\t\t\t\t\t\t<\/div>\n\t\t\t\t<\/div>\n\t\t<div class=\"elementor-element elementor-element-141faf1 e-con-full e-flex e-con e-child\" data-id=\"141faf1\" data-element_type=\"container\" data-e-type=\"container\">\n\t\t\t\t<div class=\"elementor-element elementor-element-d79ddb8 elementor-widget elementor-widget-image\" data-id=\"d79ddb8\" data-element_type=\"widget\" data-e-type=\"widget\" data-widget_type=\"image.default\">\n\t\t\t\t\t\t\t\t\t\t\t\t\t\t\t\t<a href=\"https:\/\/www.paris-ancien.fr\/expos-universelles\/wp-content\/uploads\/2025\/12\/pavillon-norvege-becon.jpg\" data-elementor-open-lightbox=\"yes\" data-elementor-lightbox-title=\"pavillon-norvege-becon\" data-e-action-hash=\"#elementor-action%3Aaction%3Dlightbox%26settings%3DeyJpZCI6MTAxOSwidXJsIjoiaHR0cHM6XC9cL3d3dy5wYXJpcy1hbmNpZW4uZnJcL2V4cG9zLXVuaXZlcnNlbGxlc1wvd3AtY29udGVudFwvdXBsb2Fkc1wvMjAyNVwvMTJcL3BhdmlsbG9uLW5vcnZlZ2UtYmVjb24uanBnIn0%3D\">\n\t\t\t\t\t\t\t<img alt=\"\" loading=\"lazy\" decoding=\"async\" width=\"768\" height=\"576\" src=\"https:\/\/www.paris-ancien.fr\/expos-universelles\/wp-content\/uploads\/2025\/12\/pavillon-norvege-becon-768x576.jpg\" class=\"attachment-medium_large size-medium_large wp-image-1019\" alt=\"\" srcset=\"https:\/\/www.paris-ancien.fr\/expos-universelles\/wp-content\/uploads\/2025\/12\/pavillon-norvege-becon-768x576.jpg 768w, https:\/\/www.paris-ancien.fr\/expos-universelles\/wp-content\/uploads\/2025\/12\/pavillon-norvege-becon-300x225.jpg 300w, https:\/\/www.paris-ancien.fr\/expos-universelles\/wp-content\/uploads\/2025\/12\/pavillon-norvege-becon-1024x768.jpg 1024w, https:\/\/www.paris-ancien.fr\/expos-universelles\/wp-content\/uploads\/2025\/12\/pavillon-norvege-becon-1536x1152.jpg 1536w, https:\/\/www.paris-ancien.fr\/expos-universelles\/wp-content\/uploads\/2025\/12\/pavillon-norvege-becon.jpg 1600w\" sizes=\"(max-width: 768px) 100vw, 768px\" \/>\t\t\t\t\t\t\t\t<\/a>\n\t\t\t\t\t\t\t\t\t\t\t\t\t\t\t<\/div>\n\t\t\t\t<\/div>\n\t\t\t\t\t<\/div>\n\t\t\t\t<\/div>\n\t\t<div class=\"elementor-element elementor-element-2a9a16a e-flex e-con-boxed e-con e-parent\" data-id=\"2a9a16a\" data-element_type=\"container\" data-e-type=\"container\">\n\t\t\t\t\t<div class=\"e-con-inner\">\n\t\t\t\t<div class=\"elementor-element elementor-element-1911e45 elementor-widget elementor-widget-heading\" data-id=\"1911e45\" data-element_type=\"widget\" data-e-type=\"widget\" data-widget_type=\"heading.default\">\n\t\t\t\t\t<h4 class=\"elementor-heading-title elementor-size-default\">Parc de St Cloud (Expo de 1855)<\/h4>\t\t\t\t<\/div>\n\t\t\t\t\t<\/div>\n\t\t\t\t<\/div>\n\t\t<div class=\"elementor-element elementor-element-4266338 e-flex e-con-boxed e-con e-parent\" data-id=\"4266338\" data-element_type=\"container\" data-e-type=\"container\">\n\t\t\t\t\t<div class=\"e-con-inner\">\n\t\t\t\t<div class=\"elementor-element elementor-element-66e1811 elementor-widget elementor-widget-text-editor\" data-id=\"66e1811\" data-element_type=\"widget\" data-e-type=\"widget\" data-widget_type=\"text-editor.default\">\n\t\t\t\t\t\t\t\t\t<p>Fronton de l\u2019\u00e9difice des Champs Elys\u00e9es repr\u00e9sentant \u00ab La France couronnant d\u2019or l\u2019Art et l\u2019Industrie \u00bb. Sculpt\u00e9 par Elias Robert et Georges Diebolt. Les couronnes ont disparu.<\/p>\t\t\t\t\t\t\t\t<\/div>\n\t\t\t\t\t<\/div>\n\t\t\t\t<\/div>\n\t\t<div class=\"elementor-element elementor-element-484f6b0 e-flex e-con-boxed e-con e-parent\" data-id=\"484f6b0\" data-element_type=\"container\" data-e-type=\"container\">\n\t\t\t\t\t<div class=\"e-con-inner\">\n\t\t<div class=\"elementor-element elementor-element-4a75a03 e-con-full e-flex e-con e-child\" data-id=\"4a75a03\" data-element_type=\"container\" data-e-type=\"container\">\n\t\t\t\t<div class=\"elementor-element elementor-element-bd7b877 elementor-widget elementor-widget-google_maps\" data-id=\"bd7b877\" data-element_type=\"widget\" data-e-type=\"widget\" data-widget_type=\"google_maps.default\">\n\t\t\t\t\t\t\t<div class=\"elementor-custom-embed\">\n\t\t\t<iframe loading=\"lazy\"\n\t\t\t\t\tsrc=\"https:\/\/maps.google.com\/maps?q=la%20france%20couronnant%20l%27art%20&#038;t=m&#038;z=15&#038;output=embed&#038;iwloc=near\"\n\t\t\t\t\ttitle=\"la france couronnant l&#039;art \"\n\t\t\t\t\taria-label=\"la france couronnant l&#039;art \"\n\t\t\t><\/iframe>\n\t\t<\/div>\n\t\t\t\t\t\t<\/div>\n\t\t\t\t<\/div>\n\t\t<div class=\"elementor-element elementor-element-58ba775 e-con-full e-flex e-con e-child\" data-id=\"58ba775\" data-element_type=\"container\" data-e-type=\"container\">\n\t\t\t\t<div class=\"elementor-element elementor-element-61a59f0 elementor-widget elementor-widget-image\" data-id=\"61a59f0\" data-element_type=\"widget\" data-e-type=\"widget\" data-widget_type=\"image.default\">\n\t\t\t\t\t\t\t\t\t\t\t\t\t\t\t\t<a href=\"https:\/\/www.paris-ancien.fr\/expos-universelles\/wp-content\/uploads\/2025\/12\/art-industrie-parc-stcloud.jpg\" data-elementor-open-lightbox=\"yes\" data-elementor-lightbox-title=\"art-industrie-parc-stcloud\" data-e-action-hash=\"#elementor-action%3Aaction%3Dlightbox%26settings%3DeyJpZCI6MTAwNCwidXJsIjoiaHR0cHM6XC9cL3d3dy5wYXJpcy1hbmNpZW4uZnJcL2V4cG9zLXVuaXZlcnNlbGxlc1wvd3AtY29udGVudFwvdXBsb2Fkc1wvMjAyNVwvMTJcL2FydC1pbmR1c3RyaWUtcGFyYy1zdGNsb3VkLmpwZyJ9\">\n\t\t\t\t\t\t\t<img alt=\"\" loading=\"lazy\" decoding=\"async\" width=\"768\" height=\"576\" src=\"https:\/\/www.paris-ancien.fr\/expos-universelles\/wp-content\/uploads\/2025\/12\/art-industrie-parc-stcloud-768x576.jpg\" class=\"attachment-medium_large size-medium_large wp-image-1004\" alt=\"\" srcset=\"https:\/\/www.paris-ancien.fr\/expos-universelles\/wp-content\/uploads\/2025\/12\/art-industrie-parc-stcloud-768x576.jpg 768w, https:\/\/www.paris-ancien.fr\/expos-universelles\/wp-content\/uploads\/2025\/12\/art-industrie-parc-stcloud-300x225.jpg 300w, https:\/\/www.paris-ancien.fr\/expos-universelles\/wp-content\/uploads\/2025\/12\/art-industrie-parc-stcloud-1024x768.jpg 1024w, https:\/\/www.paris-ancien.fr\/expos-universelles\/wp-content\/uploads\/2025\/12\/art-industrie-parc-stcloud-1536x1152.jpg 1536w, https:\/\/www.paris-ancien.fr\/expos-universelles\/wp-content\/uploads\/2025\/12\/art-industrie-parc-stcloud.jpg 1600w\" sizes=\"(max-width: 768px) 100vw, 768px\" \/>\t\t\t\t\t\t\t\t<\/a>\n\t\t\t\t\t\t\t\t\t\t\t\t\t\t\t<\/div>\n\t\t\t\t<\/div>\n\t\t\t\t\t<\/div>\n\t\t\t\t<\/div>\n\t\t<div class=\"elementor-element elementor-element-54f4f36 e-flex e-con-boxed e-con e-parent\" data-id=\"54f4f36\" data-element_type=\"container\" data-e-type=\"container\">\n\t\t\t\t\t<div class=\"e-con-inner\">\n\t\t\t\t<div class=\"elementor-element elementor-element-a91c08a elementor-widget elementor-widget-heading\" data-id=\"a91c08a\" data-element_type=\"widget\" data-e-type=\"widget\" data-widget_type=\"heading.default\">\n\t\t\t\t\t<h4 class=\"elementor-heading-title elementor-size-default\">15 Rue des Ecoles, St Cloud (Expo de 1889)<\/h4>\t\t\t\t<\/div>\n\t\t\t\t\t<\/div>\n\t\t\t\t<\/div>\n\t\t<div class=\"elementor-element elementor-element-347eb2c e-flex e-con-boxed e-con e-parent\" data-id=\"347eb2c\" data-element_type=\"container\" data-e-type=\"container\">\n\t\t\t\t\t<div class=\"e-con-inner\">\n\t\t\t\t<div class=\"elementor-element elementor-element-486de63 elementor-widget elementor-widget-text-editor\" data-id=\"486de63\" data-element_type=\"widget\" data-e-type=\"widget\" data-widget_type=\"text-editor.default\">\n\t\t\t\t\t\t\t\t\t<p>Pavillon reconstruit \u00e0 partir de plans d\u2019isbas russes. Il est situ\u00e9 entre la gare de St Cloud et le Parc de St Cloud.<\/p>\t\t\t\t\t\t\t\t<\/div>\n\t\t\t\t\t<\/div>\n\t\t\t\t<\/div>\n\t\t<div class=\"elementor-element elementor-element-22eeca1 e-flex e-con-boxed e-con e-parent\" data-id=\"22eeca1\" data-element_type=\"container\" data-e-type=\"container\">\n\t\t\t\t\t<div class=\"e-con-inner\">\n\t\t<div class=\"elementor-element elementor-element-04e6a58 e-con-full e-flex e-con e-child\" data-id=\"04e6a58\" data-element_type=\"container\" data-e-type=\"container\">\n\t\t\t\t<div class=\"elementor-element elementor-element-4b11ead elementor-widget elementor-widget-google_maps\" data-id=\"4b11ead\" data-element_type=\"widget\" data-e-type=\"widget\" data-widget_type=\"google_maps.default\">\n\t\t\t\t\t\t\t<div class=\"elementor-custom-embed\">\n\t\t\t<iframe loading=\"lazy\"\n\t\t\t\t\tsrc=\"https:\/\/maps.google.com\/maps?q=15%20rue%20des%20ecoles%2C%20St%20Cloud&#038;t=m&#038;z=15&#038;output=embed&#038;iwloc=near\"\n\t\t\t\t\ttitle=\"15 rue des ecoles, St Cloud\"\n\t\t\t\t\taria-label=\"15 rue des ecoles, St Cloud\"\n\t\t\t><\/iframe>\n\t\t<\/div>\n\t\t\t\t\t\t<\/div>\n\t\t\t\t<\/div>\n\t\t<div class=\"elementor-element elementor-element-43fa0c1 e-con-full e-flex e-con e-child\" data-id=\"43fa0c1\" data-element_type=\"container\" data-e-type=\"container\">\n\t\t\t\t<div class=\"elementor-element elementor-element-0a04380 elementor-widget elementor-widget-image\" data-id=\"0a04380\" data-element_type=\"widget\" data-e-type=\"widget\" data-widget_type=\"image.default\">\n\t\t\t\t\t\t\t\t\t\t\t\t\t\t\t\t<a href=\"https:\/\/www.paris-ancien.fr\/expos-universelles\/wp-content\/uploads\/2025\/12\/chalet-russe-stcloud.jpg\" data-elementor-open-lightbox=\"yes\" data-elementor-lightbox-title=\"chalet-russe-stcloud\" data-e-action-hash=\"#elementor-action%3Aaction%3Dlightbox%26settings%3DeyJpZCI6MTAwNywidXJsIjoiaHR0cHM6XC9cL3d3dy5wYXJpcy1hbmNpZW4uZnJcL2V4cG9zLXVuaXZlcnNlbGxlc1wvd3AtY29udGVudFwvdXBsb2Fkc1wvMjAyNVwvMTJcL2NoYWxldC1ydXNzZS1zdGNsb3VkLmpwZyJ9\">\n\t\t\t\t\t\t\t<img alt=\"\" loading=\"lazy\" decoding=\"async\" width=\"768\" height=\"576\" src=\"https:\/\/www.paris-ancien.fr\/expos-universelles\/wp-content\/uploads\/2025\/12\/chalet-russe-stcloud-768x576.jpg\" class=\"attachment-medium_large size-medium_large wp-image-1007\" alt=\"\" srcset=\"https:\/\/www.paris-ancien.fr\/expos-universelles\/wp-content\/uploads\/2025\/12\/chalet-russe-stcloud-768x576.jpg 768w, https:\/\/www.paris-ancien.fr\/expos-universelles\/wp-content\/uploads\/2025\/12\/chalet-russe-stcloud-300x225.jpg 300w, https:\/\/www.paris-ancien.fr\/expos-universelles\/wp-content\/uploads\/2025\/12\/chalet-russe-stcloud-1024x768.jpg 1024w, https:\/\/www.paris-ancien.fr\/expos-universelles\/wp-content\/uploads\/2025\/12\/chalet-russe-stcloud-1536x1152.jpg 1536w, https:\/\/www.paris-ancien.fr\/expos-universelles\/wp-content\/uploads\/2025\/12\/chalet-russe-stcloud.jpg 1600w\" sizes=\"(max-width: 768px) 100vw, 768px\" \/>\t\t\t\t\t\t\t\t<\/a>\n\t\t\t\t\t\t\t\t\t\t\t\t\t\t\t<\/div>\n\t\t\t\t<\/div>\n\t\t\t\t\t<\/div>\n\t\t\t\t<\/div>\n\t\t<div class=\"elementor-element elementor-element-49e8bd2 e-flex e-con-boxed e-con e-parent\" data-id=\"49e8bd2\" data-element_type=\"container\" data-e-type=\"container\">\n\t\t\t\t\t<div class=\"e-con-inner\">\n\t\t\t\t<div class=\"elementor-element elementor-element-379aacf elementor-widget elementor-widget-heading\" data-id=\"379aacf\" data-element_type=\"widget\" data-e-type=\"widget\" data-widget_type=\"heading.default\">\n\t\t\t\t\t<h4 class=\"elementor-heading-title elementor-size-default\">Dassault Aviation, St Cloud (Expo de 1937)<\/h4>\t\t\t\t<\/div>\n\t\t\t\t\t<\/div>\n\t\t\t\t<\/div>\n\t\t<div class=\"elementor-element elementor-element-5159147 e-flex e-con-boxed e-con e-parent\" data-id=\"5159147\" data-element_type=\"container\" data-e-type=\"container\">\n\t\t\t\t\t<div class=\"e-con-inner\">\n\t\t\t\t<div class=\"elementor-element elementor-element-d9ced19 elementor-widget elementor-widget-text-editor\" data-id=\"d9ced19\" data-element_type=\"widget\" data-e-type=\"widget\" data-widget_type=\"text-editor.default\">\n\t\t\t\t\t\t\t\t\t<p>Ancienne porte du Pavillon du m\u00e9tal. Les chefs d\u2019oeuvre du m\u00e9tal y \u00e9taient expos\u00e9s. Une autre partie de la porte est \u00e0 Dassault M\u00e9rignac.<\/p>\t\t\t\t\t\t\t\t<\/div>\n\t\t\t\t\t<\/div>\n\t\t\t\t<\/div>\n\t\t<div class=\"elementor-element elementor-element-648c13b e-flex e-con-boxed e-con e-parent\" data-id=\"648c13b\" data-element_type=\"container\" data-e-type=\"container\">\n\t\t\t\t\t<div class=\"e-con-inner\">\n\t\t<div class=\"elementor-element elementor-element-879448a e-con-full e-flex e-con e-child\" data-id=\"879448a\" data-element_type=\"container\" data-e-type=\"container\">\n\t\t\t\t<div class=\"elementor-element elementor-element-036c89c elementor-widget elementor-widget-google_maps\" data-id=\"036c89c\" data-element_type=\"widget\" data-e-type=\"widget\" data-widget_type=\"google_maps.default\">\n\t\t\t\t\t\t\t<div class=\"elementor-custom-embed\">\n\t\t\t<iframe loading=\"lazy\"\n\t\t\t\t\tsrc=\"https:\/\/maps.google.com\/maps?q=dassault%20aviation%2C%20st%20cloud&#038;t=m&#038;z=15&#038;output=embed&#038;iwloc=near\"\n\t\t\t\t\ttitle=\"dassault aviation, st cloud\"\n\t\t\t\t\taria-label=\"dassault aviation, st cloud\"\n\t\t\t><\/iframe>\n\t\t<\/div>\n\t\t\t\t\t\t<\/div>\n\t\t\t\t<\/div>\n\t\t<div class=\"elementor-element elementor-element-3d5b977 e-con-full e-flex e-con e-child\" data-id=\"3d5b977\" data-element_type=\"container\" data-e-type=\"container\">\n\t\t\t\t<div class=\"elementor-element elementor-element-f80cad8 elementor-widget elementor-widget-image\" data-id=\"f80cad8\" data-element_type=\"widget\" data-e-type=\"widget\" data-widget_type=\"image.default\">\n\t\t\t\t\t\t\t\t\t\t\t\t\t\t\t\t<a href=\"https:\/\/www.paris-ancien.fr\/expos-universelles\/wp-content\/uploads\/2025\/12\/porte-dassault.jpg\" data-elementor-open-lightbox=\"yes\" data-elementor-lightbox-title=\"porte-dassault\" data-e-action-hash=\"#elementor-action%3Aaction%3Dlightbox%26settings%3DeyJpZCI6MTA0OCwidXJsIjoiaHR0cHM6XC9cL3d3dy5wYXJpcy1hbmNpZW4uZnJcL2V4cG9zLXVuaXZlcnNlbGxlc1wvd3AtY29udGVudFwvdXBsb2Fkc1wvMjAyNVwvMTJcL3BvcnRlLWRhc3NhdWx0LmpwZyJ9\">\n\t\t\t\t\t\t\t<img alt=\"\" loading=\"lazy\" decoding=\"async\" width=\"768\" height=\"576\" src=\"https:\/\/www.paris-ancien.fr\/expos-universelles\/wp-content\/uploads\/2025\/12\/porte-dassault-768x576.jpg\" class=\"attachment-medium_large size-medium_large wp-image-1048\" alt=\"\" srcset=\"https:\/\/www.paris-ancien.fr\/expos-universelles\/wp-content\/uploads\/2025\/12\/porte-dassault-768x576.jpg 768w, https:\/\/www.paris-ancien.fr\/expos-universelles\/wp-content\/uploads\/2025\/12\/porte-dassault-300x225.jpg 300w, https:\/\/www.paris-ancien.fr\/expos-universelles\/wp-content\/uploads\/2025\/12\/porte-dassault-1024x768.jpg 1024w, https:\/\/www.paris-ancien.fr\/expos-universelles\/wp-content\/uploads\/2025\/12\/porte-dassault-1536x1152.jpg 1536w, https:\/\/www.paris-ancien.fr\/expos-universelles\/wp-content\/uploads\/2025\/12\/porte-dassault.jpg 1600w\" sizes=\"(max-width: 768px) 100vw, 768px\" \/>\t\t\t\t\t\t\t\t<\/a>\n\t\t\t\t\t\t\t\t\t\t\t\t\t\t\t<\/div>\n\t\t\t\t<\/div>\n\t\t\t\t\t<\/div>\n\t\t\t\t<\/div>\n\t\t<div class=\"elementor-element elementor-element-f53ffb3 e-flex e-con-boxed e-con e-parent\" data-id=\"f53ffb3\" data-element_type=\"container\" data-e-type=\"container\">\n\t\t\t\t\t<div class=\"e-con-inner\">\n\t\t\t\t<div class=\"elementor-element elementor-element-8bf1ff9 elementor-widget elementor-widget-heading\" data-id=\"8bf1ff9\" data-element_type=\"widget\" data-e-type=\"widget\" data-widget_type=\"heading.default\">\n\t\t\t\t\t<h4 class=\"elementor-heading-title elementor-size-default\">9 Impasse des Carbonnets, Asni\u00e8res sur Seine (Expo de 1878)<\/h4>\t\t\t\t<\/div>\n\t\t\t\t\t<\/div>\n\t\t\t\t<\/div>\n\t\t<div class=\"elementor-element elementor-element-17531e7 e-flex e-con-boxed e-con e-parent\" data-id=\"17531e7\" data-element_type=\"container\" data-e-type=\"container\">\n\t\t\t\t\t<div class=\"e-con-inner\">\n\t\t\t\t<div class=\"elementor-element elementor-element-dab534a elementor-widget elementor-widget-text-editor\" data-id=\"dab534a\" data-element_type=\"widget\" data-e-type=\"widget\" data-widget_type=\"text-editor.default\">\n\t\t\t\t\t\t\t\t\t<p>Ancien pavillon de l\u2019embarcad\u00e8re du Champ de Mars transform\u00e9 en atelier de r\u00e9paration pour les chemins de fer de l\u2019ouest.<\/p>\t\t\t\t\t\t\t\t<\/div>\n\t\t\t\t\t<\/div>\n\t\t\t\t<\/div>\n\t\t<div class=\"elementor-element elementor-element-7fe70fb e-flex e-con-boxed e-con e-parent\" data-id=\"7fe70fb\" data-element_type=\"container\" data-e-type=\"container\">\n\t\t\t\t\t<div class=\"e-con-inner\">\n\t\t<div class=\"elementor-element elementor-element-7b19e0b e-con-full e-flex e-con e-child\" data-id=\"7b19e0b\" data-element_type=\"container\" data-e-type=\"container\">\n\t\t\t\t<div class=\"elementor-element elementor-element-2b26065 elementor-widget elementor-widget-google_maps\" data-id=\"2b26065\" data-element_type=\"widget\" data-e-type=\"widget\" data-widget_type=\"google_maps.default\">\n\t\t\t\t\t\t\t<div class=\"elementor-custom-embed\">\n\t\t\t<iframe loading=\"lazy\"\n\t\t\t\t\tsrc=\"https:\/\/maps.google.com\/maps?q=Pavillon%20d%27Exposition%20dit%20Gare%20du%20Champ%20de%20Mars&#038;t=m&#038;z=15&#038;output=embed&#038;iwloc=near\"\n\t\t\t\t\ttitle=\"Pavillon d&#039;Exposition dit Gare du Champ de Mars\"\n\t\t\t\t\taria-label=\"Pavillon d&#039;Exposition dit Gare du Champ de Mars\"\n\t\t\t><\/iframe>\n\t\t<\/div>\n\t\t\t\t\t\t<\/div>\n\t\t\t\t<\/div>\n\t\t<div class=\"elementor-element elementor-element-54434a0 e-con-full e-flex e-con e-child\" data-id=\"54434a0\" data-element_type=\"container\" data-e-type=\"container\">\n\t\t\t\t<div class=\"elementor-element elementor-element-da6d894 elementor-widget elementor-widget-image\" data-id=\"da6d894\" data-element_type=\"widget\" data-e-type=\"widget\" data-widget_type=\"image.default\">\n\t\t\t\t\t\t\t\t\t\t\t\t\t\t\t\t<a href=\"https:\/\/www.paris-ancien.fr\/expos-universelles\/wp-content\/uploads\/2025\/12\/embarcadere-champdemars.jpg\" data-elementor-open-lightbox=\"yes\" data-elementor-lightbox-title=\"embarcadere-champdemars\" data-e-action-hash=\"#elementor-action%3Aaction%3Dlightbox%26settings%3DeyJpZCI6MTAwOCwidXJsIjoiaHR0cHM6XC9cL3d3dy5wYXJpcy1hbmNpZW4uZnJcL2V4cG9zLXVuaXZlcnNlbGxlc1wvd3AtY29udGVudFwvdXBsb2Fkc1wvMjAyNVwvMTJcL2VtYmFyY2FkZXJlLWNoYW1wZGVtYXJzLmpwZyJ9\">\n\t\t\t\t\t\t\t<img alt=\"\" loading=\"lazy\" decoding=\"async\" width=\"768\" height=\"576\" src=\"https:\/\/www.paris-ancien.fr\/expos-universelles\/wp-content\/uploads\/2025\/12\/embarcadere-champdemars-768x576.jpg\" class=\"attachment-medium_large size-medium_large wp-image-1008\" alt=\"\" srcset=\"https:\/\/www.paris-ancien.fr\/expos-universelles\/wp-content\/uploads\/2025\/12\/embarcadere-champdemars-768x576.jpg 768w, https:\/\/www.paris-ancien.fr\/expos-universelles\/wp-content\/uploads\/2025\/12\/embarcadere-champdemars-300x225.jpg 300w, https:\/\/www.paris-ancien.fr\/expos-universelles\/wp-content\/uploads\/2025\/12\/embarcadere-champdemars-1024x768.jpg 1024w, https:\/\/www.paris-ancien.fr\/expos-universelles\/wp-content\/uploads\/2025\/12\/embarcadere-champdemars-1536x1152.jpg 1536w, https:\/\/www.paris-ancien.fr\/expos-universelles\/wp-content\/uploads\/2025\/12\/embarcadere-champdemars.jpg 1600w\" sizes=\"(max-width: 768px) 100vw, 768px\" \/>\t\t\t\t\t\t\t\t<\/a>\n\t\t\t\t\t\t\t\t\t\t\t\t\t\t\t<\/div>\n\t\t\t\t<\/div>\n\t\t\t\t\t<\/div>\n\t\t\t\t<\/div>\n\t\t<div class=\"elementor-element elementor-element-15471d0 e-flex e-con-boxed e-con e-parent\" data-id=\"15471d0\" data-element_type=\"container\" data-e-type=\"container\">\n\t\t\t\t\t<div class=\"e-con-inner\">\n\t\t\t\t<div class=\"elementor-element elementor-element-4c15147 elementor-widget elementor-widget-heading\" data-id=\"4c15147\" data-element_type=\"widget\" data-e-type=\"widget\" data-widget_type=\"heading.default\">\n\t\t\t\t\t<h4 class=\"elementor-heading-title elementor-size-default\">13Bis Villa Chaptal, Levallois-Perret  (Expo de 1889)<\/h4>\t\t\t\t<\/div>\n\t\t\t\t\t<\/div>\n\t\t\t\t<\/div>\n\t\t<div class=\"elementor-element elementor-element-55e52fd e-flex e-con-boxed e-con e-parent\" data-id=\"55e52fd\" data-element_type=\"container\" data-e-type=\"container\">\n\t\t\t\t\t<div class=\"e-con-inner\">\n\t\t\t\t<div class=\"elementor-element elementor-element-19f0a97 elementor-widget elementor-widget-text-editor\" data-id=\"19f0a97\" data-element_type=\"widget\" data-e-type=\"widget\" data-widget_type=\"text-editor.default\">\n\t\t\t\t\t\t\t\t\t<p>Salon mauresque situ\u00e9 dans la Villa Chaptal. Une partie de la maison repose sur pilotis. Ce salon f\u00fbt rachet\u00e9 par le directeur du palais Garnier et f\u00fbt reconstruit \u00e0 Levallois.<\/p>\t\t\t\t\t\t\t\t<\/div>\n\t\t\t\t\t<\/div>\n\t\t\t\t<\/div>\n\t\t<div class=\"elementor-element elementor-element-cd0bb6f e-flex e-con-boxed e-con e-parent\" data-id=\"cd0bb6f\" data-element_type=\"container\" data-e-type=\"container\">\n\t\t\t\t\t<div class=\"e-con-inner\">\n\t\t<div class=\"elementor-element elementor-element-9044326 e-con-full e-flex e-con e-child\" data-id=\"9044326\" data-element_type=\"container\" data-e-type=\"container\">\n\t\t\t\t<div class=\"elementor-element elementor-element-da2c590 elementor-widget elementor-widget-google_maps\" data-id=\"da2c590\" data-element_type=\"widget\" data-e-type=\"widget\" data-widget_type=\"google_maps.default\">\n\t\t\t\t\t\t\t<div class=\"elementor-custom-embed\">\n\t\t\t<iframe loading=\"lazy\"\n\t\t\t\t\tsrc=\"https:\/\/maps.google.com\/maps?q=villa%20mauresque%2C%20levallois&#038;t=m&#038;z=15&#038;output=embed&#038;iwloc=near\"\n\t\t\t\t\ttitle=\"villa mauresque, levallois\"\n\t\t\t\t\taria-label=\"villa mauresque, levallois\"\n\t\t\t><\/iframe>\n\t\t<\/div>\n\t\t\t\t\t\t<\/div>\n\t\t\t\t<\/div>\n\t\t<div class=\"elementor-element elementor-element-4c846a0 e-con-full e-flex e-con e-child\" data-id=\"4c846a0\" data-element_type=\"container\" data-e-type=\"container\">\n\t\t\t\t<div class=\"elementor-element elementor-element-289e337 elementor-widget elementor-widget-image\" data-id=\"289e337\" data-element_type=\"widget\" data-e-type=\"widget\" data-widget_type=\"image.default\">\n\t\t\t\t\t\t\t\t\t\t\t\t\t\t\t\t<a href=\"https:\/\/www.paris-ancien.fr\/expos-universelles\/wp-content\/uploads\/2025\/12\/salon-mauresque-levallois.jpg\" data-elementor-open-lightbox=\"yes\" data-elementor-lightbox-title=\"salon-mauresque-levallois\" data-e-action-hash=\"#elementor-action%3Aaction%3Dlightbox%26settings%3DeyJpZCI6MTA2NCwidXJsIjoiaHR0cHM6XC9cL3d3dy5wYXJpcy1hbmNpZW4uZnJcL2V4cG9zLXVuaXZlcnNlbGxlc1wvd3AtY29udGVudFwvdXBsb2Fkc1wvMjAyNVwvMTJcL3NhbG9uLW1hdXJlc3F1ZS1sZXZhbGxvaXMuanBnIn0%3D\">\n\t\t\t\t\t\t\t<img alt=\"\" loading=\"lazy\" decoding=\"async\" width=\"768\" height=\"576\" src=\"https:\/\/www.paris-ancien.fr\/expos-universelles\/wp-content\/uploads\/2025\/12\/salon-mauresque-levallois-768x576.jpg\" class=\"attachment-medium_large size-medium_large wp-image-1064\" alt=\"\" srcset=\"https:\/\/www.paris-ancien.fr\/expos-universelles\/wp-content\/uploads\/2025\/12\/salon-mauresque-levallois-768x576.jpg 768w, https:\/\/www.paris-ancien.fr\/expos-universelles\/wp-content\/uploads\/2025\/12\/salon-mauresque-levallois-300x225.jpg 300w, https:\/\/www.paris-ancien.fr\/expos-universelles\/wp-content\/uploads\/2025\/12\/salon-mauresque-levallois-1024x768.jpg 1024w, https:\/\/www.paris-ancien.fr\/expos-universelles\/wp-content\/uploads\/2025\/12\/salon-mauresque-levallois-1536x1152.jpg 1536w, https:\/\/www.paris-ancien.fr\/expos-universelles\/wp-content\/uploads\/2025\/12\/salon-mauresque-levallois.jpg 1600w\" sizes=\"(max-width: 768px) 100vw, 768px\" \/>\t\t\t\t\t\t\t\t<\/a>\n\t\t\t\t\t\t\t\t\t\t\t\t\t\t\t<\/div>\n\t\t\t\t<\/div>\n\t\t\t\t\t<\/div>\n\t\t\t\t<\/div>\n\t\t<div class=\"elementor-element elementor-element-0df96ea e-flex e-con-boxed e-con e-parent\" data-id=\"0df96ea\" data-element_type=\"container\" data-e-type=\"container\">\n\t\t\t\t\t<div class=\"e-con-inner\">\n\t\t\t\t<div class=\"elementor-element elementor-element-e78fc0a elementor-widget elementor-widget-heading\" data-id=\"e78fc0a\" data-element_type=\"widget\" data-e-type=\"widget\" data-widget_type=\"heading.default\">\n\t\t\t\t\t<h4 class=\"elementor-heading-title elementor-size-default\">25 Rue de la Gare, Levallois-Perret  (Expo de 1889)<\/h4>\t\t\t\t<\/div>\n\t\t\t\t\t<\/div>\n\t\t\t\t<\/div>\n\t\t<div class=\"elementor-element elementor-element-6c178ed e-flex e-con-boxed e-con e-parent\" data-id=\"6c178ed\" data-element_type=\"container\" data-e-type=\"container\">\n\t\t\t\t\t<div class=\"e-con-inner\">\n\t\t\t\t<div class=\"elementor-element elementor-element-c471023 elementor-widget elementor-widget-text-editor\" data-id=\"c471023\" data-element_type=\"widget\" data-e-type=\"widget\" data-widget_type=\"text-editor.default\">\n\t\t\t\t\t\t\t\t\t<p>Escaliers du dernier \u00e9tage de la Tour Eiffel. Il f\u00fbt d\u00e9mont\u00e9 et vendu aux ench\u00e8res en 1983. Un autre morceau est \u00e0 Nogent sur Marne pr\u00e8s du Pavillon Baltard (Halles).<\/p>\t\t\t\t\t\t\t\t<\/div>\n\t\t\t\t\t<\/div>\n\t\t\t\t<\/div>\n\t\t<div class=\"elementor-element elementor-element-c893175 e-flex e-con-boxed e-con e-parent\" data-id=\"c893175\" data-element_type=\"container\" data-e-type=\"container\">\n\t\t\t\t\t<div class=\"e-con-inner\">\n\t\t<div class=\"elementor-element elementor-element-81a78e7 e-con-full e-flex e-con e-child\" data-id=\"81a78e7\" data-element_type=\"container\" data-e-type=\"container\">\n\t\t\t\t<div class=\"elementor-element elementor-element-94b03bb elementor-widget elementor-widget-google_maps\" data-id=\"94b03bb\" data-element_type=\"widget\" data-e-type=\"widget\" data-widget_type=\"google_maps.default\">\n\t\t\t\t\t\t\t<div class=\"elementor-custom-embed\">\n\t\t\t<iframe loading=\"lazy\"\n\t\t\t\t\tsrc=\"https:\/\/maps.google.com\/maps?q=centre%20culturel%20l%27escale%2C%20Levallois%20Perret%20&#038;t=m&#038;z=15&#038;output=embed&#038;iwloc=near\"\n\t\t\t\t\ttitle=\"centre culturel l&#039;escale, Levallois Perret \"\n\t\t\t\t\taria-label=\"centre culturel l&#039;escale, Levallois Perret \"\n\t\t\t><\/iframe>\n\t\t<\/div>\n\t\t\t\t\t\t<\/div>\n\t\t\t\t<\/div>\n\t\t<div class=\"elementor-element elementor-element-8db7393 e-con-full e-flex e-con e-child\" data-id=\"8db7393\" data-element_type=\"container\" data-e-type=\"container\">\n\t\t\t\t<div class=\"elementor-element elementor-element-f19123d elementor-widget elementor-widget-image\" data-id=\"f19123d\" data-element_type=\"widget\" data-e-type=\"widget\" data-widget_type=\"image.default\">\n\t\t\t\t\t\t\t\t\t\t\t\t\t\t\t\t<a href=\"https:\/\/www.paris-ancien.fr\/expos-universelles\/wp-content\/uploads\/2025\/12\/escaliers-levallois-1.jpg\" data-elementor-open-lightbox=\"yes\" data-elementor-lightbox-title=\"escaliers-levallois\" data-e-action-hash=\"#elementor-action%3Aaction%3Dlightbox%26settings%3DeyJpZCI6MTEwMCwidXJsIjoiaHR0cHM6XC9cL3d3dy5wYXJpcy1hbmNpZW4uZnJcL2V4cG9zLXVuaXZlcnNlbGxlc1wvd3AtY29udGVudFwvdXBsb2Fkc1wvMjAyNVwvMTJcL2VzY2FsaWVycy1sZXZhbGxvaXMtMS5qcGcifQ%3D%3D\">\n\t\t\t\t\t\t\t<img alt=\"\" loading=\"lazy\" decoding=\"async\" width=\"768\" height=\"576\" src=\"https:\/\/www.paris-ancien.fr\/expos-universelles\/wp-content\/uploads\/2025\/12\/escaliers-levallois-1-768x576.jpg\" class=\"attachment-medium_large size-medium_large wp-image-1100\" alt=\"\" srcset=\"https:\/\/www.paris-ancien.fr\/expos-universelles\/wp-content\/uploads\/2025\/12\/escaliers-levallois-1-768x576.jpg 768w, https:\/\/www.paris-ancien.fr\/expos-universelles\/wp-content\/uploads\/2025\/12\/escaliers-levallois-1-300x225.jpg 300w, https:\/\/www.paris-ancien.fr\/expos-universelles\/wp-content\/uploads\/2025\/12\/escaliers-levallois-1-1024x768.jpg 1024w, https:\/\/www.paris-ancien.fr\/expos-universelles\/wp-content\/uploads\/2025\/12\/escaliers-levallois-1-1536x1152.jpg 1536w, https:\/\/www.paris-ancien.fr\/expos-universelles\/wp-content\/uploads\/2025\/12\/escaliers-levallois-1.jpg 1600w\" sizes=\"(max-width: 768px) 100vw, 768px\" \/>\t\t\t\t\t\t\t\t<\/a>\n\t\t\t\t\t\t\t\t\t\t\t\t\t\t\t<\/div>\n\t\t\t\t<\/div>\n\t\t\t\t\t<\/div>\n\t\t\t\t<\/div>\n\t\t<div class=\"elementor-element elementor-element-0c8911a e-flex e-con-boxed e-con e-parent\" data-id=\"0c8911a\" data-element_type=\"container\" data-e-type=\"container\">\n\t\t\t\t\t<div class=\"e-con-inner\">\n\t\t\t\t<div class=\"elementor-element elementor-element-790ffbb elementor-widget elementor-widget-heading\" data-id=\"790ffbb\" data-element_type=\"widget\" data-e-type=\"widget\" data-widget_type=\"heading.default\">\n\t\t\t\t\t<h4 class=\"elementor-heading-title elementor-size-default\">41 Avenue de Balzac, Ville d'Avray   (Expo de 1889)<\/h4>\t\t\t\t<\/div>\n\t\t\t\t\t<\/div>\n\t\t\t\t<\/div>\n\t\t<div class=\"elementor-element elementor-element-2241eba e-flex e-con-boxed e-con e-parent\" data-id=\"2241eba\" data-element_type=\"container\" data-e-type=\"container\">\n\t\t\t\t\t<div class=\"e-con-inner\">\n\t\t\t\t<div class=\"elementor-element elementor-element-7216aff elementor-widget elementor-widget-text-editor\" data-id=\"7216aff\" data-element_type=\"widget\" data-e-type=\"widget\" data-widget_type=\"text-editor.default\">\n\t\t\t\t\t\t\t\t\t<p>Petite chapelle en bois construite sur le Champ de Mars, elle \u00e9tait destin\u00e9e aux missions protestantes de Madagascar. Apr\u00e8s l\u2019exposition, elle f\u00fbt d\u00e9plac\u00e9e \u00e0 Ville d\u2019Avray.<\/p>\t\t\t\t\t\t\t\t<\/div>\n\t\t\t\t\t<\/div>\n\t\t\t\t<\/div>\n\t\t<div class=\"elementor-element elementor-element-590b85c e-flex e-con-boxed e-con e-parent\" data-id=\"590b85c\" data-element_type=\"container\" data-e-type=\"container\">\n\t\t\t\t\t<div class=\"e-con-inner\">\n\t\t<div class=\"elementor-element elementor-element-5050af3 e-con-full e-flex e-con e-child\" data-id=\"5050af3\" data-element_type=\"container\" data-e-type=\"container\">\n\t\t\t\t<div class=\"elementor-element elementor-element-86ed8d1 elementor-widget elementor-widget-google_maps\" data-id=\"86ed8d1\" data-element_type=\"widget\" data-e-type=\"widget\" data-widget_type=\"google_maps.default\">\n\t\t\t\t\t\t\t<div class=\"elementor-custom-embed\">\n\t\t\t<iframe loading=\"lazy\"\n\t\t\t\t\tsrc=\"https:\/\/maps.google.com\/maps?q=41%20Avenue%20de%20Balzac%2C%20Ville%20d%27Avray&#038;t=m&#038;z=15&#038;output=embed&#038;iwloc=near\"\n\t\t\t\t\ttitle=\"41 Avenue de Balzac, Ville d&#039;Avray\"\n\t\t\t\t\taria-label=\"41 Avenue de Balzac, Ville d&#039;Avray\"\n\t\t\t><\/iframe>\n\t\t<\/div>\n\t\t\t\t\t\t<\/div>\n\t\t\t\t<\/div>\n\t\t<div class=\"elementor-element elementor-element-981fde9 e-con-full e-flex e-con e-child\" data-id=\"981fde9\" data-element_type=\"container\" data-e-type=\"container\">\n\t\t\t\t<div class=\"elementor-element elementor-element-759424d elementor-widget elementor-widget-image\" data-id=\"759424d\" data-element_type=\"widget\" data-e-type=\"widget\" data-widget_type=\"image.default\">\n\t\t\t\t\t\t\t\t\t\t\t\t\t\t\t\t<a href=\"https:\/\/www.paris-ancien.fr\/expos-universelles\/wp-content\/uploads\/2025\/12\/eglise-bois-villedavray.jpg\" data-elementor-open-lightbox=\"yes\" data-elementor-lightbox-title=\"eglise-bois-villedavray\" data-e-action-hash=\"#elementor-action%3Aaction%3Dlightbox%26settings%3DeyJpZCI6MTA3MywidXJsIjoiaHR0cHM6XC9cL3d3dy5wYXJpcy1hbmNpZW4uZnJcL2V4cG9zLXVuaXZlcnNlbGxlc1wvd3AtY29udGVudFwvdXBsb2Fkc1wvMjAyNVwvMTJcL2VnbGlzZS1ib2lzLXZpbGxlZGF2cmF5LmpwZyJ9\">\n\t\t\t\t\t\t\t<img alt=\"\" loading=\"lazy\" decoding=\"async\" width=\"768\" height=\"576\" src=\"https:\/\/www.paris-ancien.fr\/expos-universelles\/wp-content\/uploads\/2025\/12\/eglise-bois-villedavray-768x576.jpg\" class=\"attachment-medium_large size-medium_large wp-image-1073\" alt=\"\" srcset=\"https:\/\/www.paris-ancien.fr\/expos-universelles\/wp-content\/uploads\/2025\/12\/eglise-bois-villedavray-768x576.jpg 768w, https:\/\/www.paris-ancien.fr\/expos-universelles\/wp-content\/uploads\/2025\/12\/eglise-bois-villedavray-300x225.jpg 300w, https:\/\/www.paris-ancien.fr\/expos-universelles\/wp-content\/uploads\/2025\/12\/eglise-bois-villedavray-1024x768.jpg 1024w, https:\/\/www.paris-ancien.fr\/expos-universelles\/wp-content\/uploads\/2025\/12\/eglise-bois-villedavray-1536x1152.jpg 1536w, https:\/\/www.paris-ancien.fr\/expos-universelles\/wp-content\/uploads\/2025\/12\/eglise-bois-villedavray.jpg 1600w\" sizes=\"(max-width: 768px) 100vw, 768px\" \/>\t\t\t\t\t\t\t\t<\/a>\n\t\t\t\t\t\t\t\t\t\t\t\t\t\t\t<\/div>\n\t\t\t\t<\/div>\n\t\t\t\t\t<\/div>\n\t\t\t\t<\/div>\n\t\t<div class=\"elementor-element elementor-element-36aa3c2 e-flex e-con-boxed e-con e-parent\" data-id=\"36aa3c2\" data-element_type=\"container\" data-e-type=\"container\">\n\t\t\t\t\t<div class=\"e-con-inner\">\n\t\t\t\t<div class=\"elementor-element elementor-element-83c1d5d elementor-widget elementor-widget-heading\" data-id=\"83c1d5d\" data-element_type=\"widget\" data-e-type=\"widget\" data-widget_type=\"heading.default\">\n\t\t\t\t\t<h4 class=\"elementor-heading-title elementor-size-default\">33, rue du Professeur Pauchet, Vaucresson  (Expo coloniale de 1931)<\/h4>\t\t\t\t<\/div>\n\t\t\t\t\t<\/div>\n\t\t\t\t<\/div>\n\t\t<div class=\"elementor-element elementor-element-6e8ddc4 e-flex e-con-boxed e-con e-parent\" data-id=\"6e8ddc4\" data-element_type=\"container\" data-e-type=\"container\">\n\t\t\t\t\t<div class=\"e-con-inner\">\n\t\t\t\t<div class=\"elementor-element elementor-element-791bf3b elementor-widget elementor-widget-text-editor\" data-id=\"791bf3b\" data-element_type=\"widget\" data-e-type=\"widget\" data-widget_type=\"text-editor.default\">\n\t\t\t\t\t\t\t\t\t<p>Petite chapelle en bois construite sur le Champ de Mars, elle \u00e9tait destin\u00e9e aux missions protestantes de Madagascar. Apr\u00e8s l\u2019exposition, elle f\u00fbt d\u00e9plac\u00e9e \u00e0 Ville d\u2019Avray.<\/p>\t\t\t\t\t\t\t\t<\/div>\n\t\t\t\t\t<\/div>\n\t\t\t\t<\/div>\n\t\t<div class=\"elementor-element elementor-element-ce0613a e-flex e-con-boxed e-con e-parent\" data-id=\"ce0613a\" data-element_type=\"container\" data-e-type=\"container\">\n\t\t\t\t\t<div class=\"e-con-inner\">\n\t\t<div class=\"elementor-element elementor-element-79019db e-con-full e-flex e-con e-child\" data-id=\"79019db\" data-element_type=\"container\" data-e-type=\"container\">\n\t\t\t\t<div class=\"elementor-element elementor-element-7cc3e39 elementor-widget elementor-widget-google_maps\" data-id=\"7cc3e39\" data-element_type=\"widget\" data-e-type=\"widget\" data-widget_type=\"google_maps.default\">\n\t\t\t\t\t\t\t<div class=\"elementor-custom-embed\">\n\t\t\t<iframe loading=\"lazy\"\n\t\t\t\t\tsrc=\"https:\/\/maps.google.com\/maps?q=33%2C%20rue%20du%20Professeur%20Pauchet%2C%20Vaucresson&#038;t=m&#038;z=15&#038;output=embed&#038;iwloc=near\"\n\t\t\t\t\ttitle=\"33, rue du Professeur Pauchet, Vaucresson\"\n\t\t\t\t\taria-label=\"33, rue du Professeur Pauchet, Vaucresson\"\n\t\t\t><\/iframe>\n\t\t<\/div>\n\t\t\t\t\t\t<\/div>\n\t\t\t\t<\/div>\n\t\t<div class=\"elementor-element elementor-element-be9c1d7 e-con-full e-flex e-con e-child\" data-id=\"be9c1d7\" data-element_type=\"container\" data-e-type=\"container\">\n\t\t\t\t<div class=\"elementor-element elementor-element-117d33a elementor-widget elementor-widget-image\" data-id=\"117d33a\" data-element_type=\"widget\" data-e-type=\"widget\" data-widget_type=\"image.default\">\n\t\t\t\t\t\t\t\t\t\t\t\t\t\t\t\t<a href=\"https:\/\/www.paris-ancien.fr\/expos-universelles\/wp-content\/uploads\/2025\/12\/cottage-vaucresson.jpg\" data-elementor-open-lightbox=\"yes\" data-elementor-lightbox-title=\"cottage-vaucresson\" data-e-action-hash=\"#elementor-action%3Aaction%3Dlightbox%26settings%3DeyJpZCI6MTA4NiwidXJsIjoiaHR0cHM6XC9cL3d3dy5wYXJpcy1hbmNpZW4uZnJcL2V4cG9zLXVuaXZlcnNlbGxlc1wvd3AtY29udGVudFwvdXBsb2Fkc1wvMjAyNVwvMTJcL2NvdHRhZ2UtdmF1Y3Jlc3Nvbi5qcGcifQ%3D%3D\">\n\t\t\t\t\t\t\t<img alt=\"\" loading=\"lazy\" decoding=\"async\" width=\"768\" height=\"576\" src=\"https:\/\/www.paris-ancien.fr\/expos-universelles\/wp-content\/uploads\/2025\/12\/cottage-vaucresson-768x576.jpg\" class=\"attachment-medium_large size-medium_large wp-image-1086\" alt=\"\" srcset=\"https:\/\/www.paris-ancien.fr\/expos-universelles\/wp-content\/uploads\/2025\/12\/cottage-vaucresson-768x576.jpg 768w, https:\/\/www.paris-ancien.fr\/expos-universelles\/wp-content\/uploads\/2025\/12\/cottage-vaucresson-300x225.jpg 300w, https:\/\/www.paris-ancien.fr\/expos-universelles\/wp-content\/uploads\/2025\/12\/cottage-vaucresson-1024x768.jpg 1024w, https:\/\/www.paris-ancien.fr\/expos-universelles\/wp-content\/uploads\/2025\/12\/cottage-vaucresson-1536x1152.jpg 1536w, https:\/\/www.paris-ancien.fr\/expos-universelles\/wp-content\/uploads\/2025\/12\/cottage-vaucresson.jpg 1600w\" sizes=\"(max-width: 768px) 100vw, 768px\" \/>\t\t\t\t\t\t\t\t<\/a>\n\t\t\t\t\t\t\t\t\t\t\t\t\t\t\t<\/div>\n\t\t\t\t<\/div>\n\t\t\t\t\t<\/div>\n\t\t\t\t<\/div>\n\t\t<div class=\"elementor-element elementor-element-fc247cb e-flex e-con-boxed e-con e-parent\" data-id=\"fc247cb\" data-element_type=\"container\" data-e-type=\"container\">\n\t\t\t\t\t<div class=\"e-con-inner\">\n\t\t\t\t<div class=\"elementor-element elementor-element-de2fcb2 elementor-widget elementor-widget-heading\" data-id=\"de2fcb2\" data-element_type=\"widget\" data-e-type=\"widget\" data-widget_type=\"heading.default\">\n\t\t\t\t\t<h4 class=\"elementor-heading-title elementor-size-default\">Parc de Sceaux, Sceaux  (Expo de 1878)<\/h4>\t\t\t\t<\/div>\n\t\t\t\t\t<\/div>\n\t\t\t\t<\/div>\n\t\t<div class=\"elementor-element elementor-element-db9283b e-flex e-con-boxed e-con e-parent\" data-id=\"db9283b\" data-element_type=\"container\" data-e-type=\"container\">\n\t\t\t\t\t<div class=\"e-con-inner\">\n\t\t\t\t<div class=\"elementor-element elementor-element-8624443 elementor-widget elementor-widget-text-editor\" data-id=\"8624443\" data-element_type=\"widget\" data-e-type=\"widget\" data-widget_type=\"text-editor.default\">\n\t\t\t\t\t\t\t\t\t<p>Mascarons ornant les fontaines du Trocad\u00e9ro. Mascarons cr\u00e9\u00e9s \u00e0 l\u2019\u00e9poque par un jeune sculpteur encore m\u00e9connu : Rodin. Ces mascarons ont faillis \u00eatre d\u00e9truits apr\u00e8s la fin de l\u2019exposition.<\/p>\t\t\t\t\t\t\t\t<\/div>\n\t\t\t\t\t<\/div>\n\t\t\t\t<\/div>\n\t\t<div class=\"elementor-element elementor-element-180f6bf e-flex e-con-boxed e-con e-parent\" data-id=\"180f6bf\" data-element_type=\"container\" data-e-type=\"container\">\n\t\t\t\t\t<div class=\"e-con-inner\">\n\t\t<div class=\"elementor-element elementor-element-a797975 e-con-full e-flex e-con e-child\" data-id=\"a797975\" data-element_type=\"container\" data-e-type=\"container\">\n\t\t\t\t<div class=\"elementor-element elementor-element-7ad3838 elementor-widget elementor-widget-google_maps\" data-id=\"7ad3838\" data-element_type=\"widget\" data-e-type=\"widget\" data-widget_type=\"google_maps.default\">\n\t\t\t\t\t\t\t<div class=\"elementor-custom-embed\">\n\t\t\t<iframe loading=\"lazy\"\n\t\t\t\t\tsrc=\"https:\/\/maps.google.com\/maps?q=cascades%2C%20parc%20de%20sceaux%2C%20sceaux&#038;t=m&#038;z=15&#038;output=embed&#038;iwloc=near\"\n\t\t\t\t\ttitle=\"cascades, parc de sceaux, sceaux\"\n\t\t\t\t\taria-label=\"cascades, parc de sceaux, sceaux\"\n\t\t\t><\/iframe>\n\t\t<\/div>\n\t\t\t\t\t\t<\/div>\n\t\t\t\t<\/div>\n\t\t<div class=\"elementor-element elementor-element-afdbd0e e-con-full e-flex e-con e-child\" data-id=\"afdbd0e\" data-element_type=\"container\" data-e-type=\"container\">\n\t\t\t\t<div class=\"elementor-element elementor-element-1659f98 elementor-widget elementor-widget-image\" data-id=\"1659f98\" data-element_type=\"widget\" data-e-type=\"widget\" data-widget_type=\"image.default\">\n\t\t\t\t\t\t\t\t\t\t\t\t\t\t\t\t<a href=\"https:\/\/www.paris-ancien.fr\/expos-universelles\/wp-content\/uploads\/2025\/12\/mascaons-sceaux.jpg\" data-elementor-open-lightbox=\"yes\" data-elementor-lightbox-title=\"mascaons-sceaux\" data-e-action-hash=\"#elementor-action%3Aaction%3Dlightbox%26settings%3DeyJpZCI6MTAxNiwidXJsIjoiaHR0cHM6XC9cL3d3dy5wYXJpcy1hbmNpZW4uZnJcL2V4cG9zLXVuaXZlcnNlbGxlc1wvd3AtY29udGVudFwvdXBsb2Fkc1wvMjAyNVwvMTJcL21hc2Nhb25zLXNjZWF1eC5qcGcifQ%3D%3D\">\n\t\t\t\t\t\t\t<img alt=\"\" loading=\"lazy\" decoding=\"async\" width=\"768\" height=\"576\" src=\"https:\/\/www.paris-ancien.fr\/expos-universelles\/wp-content\/uploads\/2025\/12\/mascaons-sceaux-768x576.jpg\" class=\"attachment-medium_large size-medium_large wp-image-1016\" alt=\"\" srcset=\"https:\/\/www.paris-ancien.fr\/expos-universelles\/wp-content\/uploads\/2025\/12\/mascaons-sceaux-768x576.jpg 768w, https:\/\/www.paris-ancien.fr\/expos-universelles\/wp-content\/uploads\/2025\/12\/mascaons-sceaux-300x225.jpg 300w, https:\/\/www.paris-ancien.fr\/expos-universelles\/wp-content\/uploads\/2025\/12\/mascaons-sceaux-1024x768.jpg 1024w, https:\/\/www.paris-ancien.fr\/expos-universelles\/wp-content\/uploads\/2025\/12\/mascaons-sceaux-1536x1152.jpg 1536w, https:\/\/www.paris-ancien.fr\/expos-universelles\/wp-content\/uploads\/2025\/12\/mascaons-sceaux.jpg 1600w\" sizes=\"(max-width: 768px) 100vw, 768px\" \/>\t\t\t\t\t\t\t\t<\/a>\n\t\t\t\t\t\t\t\t\t\t\t\t\t\t\t<\/div>\n\t\t\t\t<\/div>\n\t\t\t\t\t<\/div>\n\t\t\t\t<\/div>\n\t\t<div class=\"elementor-element elementor-element-4e08e32 e-flex e-con-boxed e-con e-parent\" data-id=\"4e08e32\" data-element_type=\"container\" data-e-type=\"container\">\n\t\t\t\t\t<div class=\"e-con-inner\">\n\t\t\t\t<div class=\"elementor-element elementor-element-a91bfac elementor-widget elementor-widget-heading\" data-id=\"a91bfac\" data-element_type=\"widget\" data-e-type=\"widget\" data-widget_type=\"heading.default\">\n\t\t\t\t\t<h4 class=\"elementor-heading-title elementor-size-default\">22 Rue de Malabry, le Plessis Robinson  (Expo de 1889)<\/h4>\t\t\t\t<\/div>\n\t\t\t\t\t<\/div>\n\t\t\t\t<\/div>\n\t\t<div class=\"elementor-element elementor-element-9785838 e-flex e-con-boxed e-con e-parent\" data-id=\"9785838\" data-element_type=\"container\" data-e-type=\"container\">\n\t\t\t\t\t<div class=\"e-con-inner\">\n\t\t\t\t<div class=\"elementor-element elementor-element-20506ec elementor-widget elementor-widget-text-editor\" data-id=\"20506ec\" data-element_type=\"widget\" data-e-type=\"widget\" data-widget_type=\"text-editor.default\">\n\t\t\t\t\t\t\t\t\t<p>\u00a0B\u00e2timent de l\u2019exposition reconstruit au plessis robinson, au milieu de guinguettes, lieux populaires \u00e0 l\u2019\u00e9poque. Ce b\u00e2timent est malheureusement \u00e0 l\u2019abandon.<\/p>\t\t\t\t\t\t\t\t<\/div>\n\t\t\t\t\t<\/div>\n\t\t\t\t<\/div>\n\t\t<div class=\"elementor-element elementor-element-5562646 e-flex e-con-boxed e-con e-parent\" data-id=\"5562646\" data-element_type=\"container\" data-e-type=\"container\">\n\t\t\t\t\t<div class=\"e-con-inner\">\n\t\t<div class=\"elementor-element elementor-element-e683878 e-con-full e-flex e-con e-child\" data-id=\"e683878\" data-element_type=\"container\" data-e-type=\"container\">\n\t\t\t\t<div class=\"elementor-element elementor-element-0ff85f7 elementor-widget elementor-widget-google_maps\" data-id=\"0ff85f7\" data-element_type=\"widget\" data-e-type=\"widget\" data-widget_type=\"google_maps.default\">\n\t\t\t\t\t\t\t<div class=\"elementor-custom-embed\">\n\t\t\t<iframe loading=\"lazy\"\n\t\t\t\t\tsrc=\"https:\/\/maps.google.com\/maps?q=22%20rue%20de%20Malabry%2C%20Le%20Plessis-Robinson&#038;t=m&#038;z=15&#038;output=embed&#038;iwloc=near\"\n\t\t\t\t\ttitle=\"22 rue de Malabry, Le Plessis-Robinson\"\n\t\t\t\t\taria-label=\"22 rue de Malabry, Le Plessis-Robinson\"\n\t\t\t><\/iframe>\n\t\t<\/div>\n\t\t\t\t\t\t<\/div>\n\t\t\t\t<\/div>\n\t\t<div class=\"elementor-element elementor-element-c603aa5 e-con-full e-flex e-con e-child\" data-id=\"c603aa5\" data-element_type=\"container\" data-e-type=\"container\">\n\t\t\t\t<div class=\"elementor-element elementor-element-6c187d4 elementor-widget elementor-widget-image\" data-id=\"6c187d4\" data-element_type=\"widget\" data-e-type=\"widget\" data-widget_type=\"image.default\">\n\t\t\t\t\t\t\t\t\t\t\t\t\t\t\t\t<a href=\"https:\/\/www.paris-ancien.fr\/expos-universelles\/wp-content\/uploads\/2025\/12\/plessis-robinson.jpg\" data-elementor-open-lightbox=\"yes\" data-elementor-lightbox-title=\"plessis-robinson\" data-e-action-hash=\"#elementor-action%3Aaction%3Dlightbox%26settings%3DeyJpZCI6MTEzMiwidXJsIjoiaHR0cHM6XC9cL3d3dy5wYXJpcy1hbmNpZW4uZnJcL2V4cG9zLXVuaXZlcnNlbGxlc1wvd3AtY29udGVudFwvdXBsb2Fkc1wvMjAyNVwvMTJcL3BsZXNzaXMtcm9iaW5zb24uanBnIn0%3D\">\n\t\t\t\t\t\t\t<img alt=\"\" loading=\"lazy\" decoding=\"async\" width=\"768\" height=\"576\" src=\"https:\/\/www.paris-ancien.fr\/expos-universelles\/wp-content\/uploads\/2025\/12\/plessis-robinson-768x576.jpg\" class=\"attachment-medium_large size-medium_large wp-image-1132\" alt=\"\" srcset=\"https:\/\/www.paris-ancien.fr\/expos-universelles\/wp-content\/uploads\/2025\/12\/plessis-robinson-768x576.jpg 768w, https:\/\/www.paris-ancien.fr\/expos-universelles\/wp-content\/uploads\/2025\/12\/plessis-robinson-300x225.jpg 300w, https:\/\/www.paris-ancien.fr\/expos-universelles\/wp-content\/uploads\/2025\/12\/plessis-robinson-1024x768.jpg 1024w, https:\/\/www.paris-ancien.fr\/expos-universelles\/wp-content\/uploads\/2025\/12\/plessis-robinson-1536x1152.jpg 1536w, https:\/\/www.paris-ancien.fr\/expos-universelles\/wp-content\/uploads\/2025\/12\/plessis-robinson.jpg 1600w\" sizes=\"(max-width: 768px) 100vw, 768px\" \/>\t\t\t\t\t\t\t\t<\/a>\n\t\t\t\t\t\t\t\t\t\t\t\t\t\t\t<\/div>\n\t\t\t\t<\/div>\n\t\t\t\t\t<\/div>\n\t\t\t\t<\/div>\n\t\t<div class=\"elementor-element elementor-element-63dc765 e-flex e-con-boxed e-con e-parent\" data-id=\"63dc765\" data-element_type=\"container\" data-e-type=\"container\">\n\t\t\t\t\t<div class=\"e-con-inner\">\n\t\t\t\t<div class=\"elementor-element elementor-element-13031f2 elementor-widget elementor-widget-heading\" data-id=\"13031f2\" data-element_type=\"widget\" data-e-type=\"widget\" data-widget_type=\"heading.default\">\n\t\t\t\t\t<h4 class=\"elementor-heading-title elementor-size-default\">Mus\u00e9e Rodin de Meudon  (Expo de 1900)<\/h4>\t\t\t\t<\/div>\n\t\t\t\t\t<\/div>\n\t\t\t\t<\/div>\n\t\t<div class=\"elementor-element elementor-element-92c278c e-flex e-con-boxed e-con e-parent\" data-id=\"92c278c\" data-element_type=\"container\" data-e-type=\"container\">\n\t\t\t\t\t<div class=\"e-con-inner\">\n\t\t\t\t<div class=\"elementor-element elementor-element-ca662d1 elementor-widget elementor-widget-text-editor\" data-id=\"ca662d1\" data-element_type=\"widget\" data-e-type=\"widget\" data-widget_type=\"text-editor.default\">\n\t\t\t\t\t\t\t\t\t<p>Batiment situ\u00e9 dans la Villa Brillant qui accueille le Mus\u00e9e Rodin de Meudon. Origine inconnue.<\/p>\t\t\t\t\t\t\t\t<\/div>\n\t\t\t\t\t<\/div>\n\t\t\t\t<\/div>\n\t\t<div class=\"elementor-element elementor-element-d91065d e-flex e-con-boxed e-con e-parent\" data-id=\"d91065d\" data-element_type=\"container\" data-e-type=\"container\">\n\t\t\t\t\t<div class=\"e-con-inner\">\n\t\t<div class=\"elementor-element elementor-element-2ce55b5 e-con-full e-flex e-con e-child\" data-id=\"2ce55b5\" data-element_type=\"container\" data-e-type=\"container\">\n\t\t\t\t<div class=\"elementor-element elementor-element-2bc24fb elementor-widget elementor-widget-google_maps\" data-id=\"2bc24fb\" data-element_type=\"widget\" data-e-type=\"widget\" data-widget_type=\"google_maps.default\">\n\t\t\t\t\t\t\t<div class=\"elementor-custom-embed\">\n\t\t\t<iframe loading=\"lazy\"\n\t\t\t\t\tsrc=\"https:\/\/maps.google.com\/maps?q=mus%C3%A9e%20rodin%2C%20meudon&#038;t=m&#038;z=15&#038;output=embed&#038;iwloc=near\"\n\t\t\t\t\ttitle=\"mus\u00e9e rodin, meudon\"\n\t\t\t\t\taria-label=\"mus\u00e9e rodin, meudon\"\n\t\t\t><\/iframe>\n\t\t<\/div>\n\t\t\t\t\t\t<\/div>\n\t\t\t\t<\/div>\n\t\t<div class=\"elementor-element elementor-element-97ac132 e-con-full e-flex e-con e-child\" data-id=\"97ac132\" data-element_type=\"container\" data-e-type=\"container\">\n\t\t\t\t<div class=\"elementor-element elementor-element-f7a16c9 elementor-widget elementor-widget-image\" data-id=\"f7a16c9\" data-element_type=\"widget\" data-e-type=\"widget\" data-widget_type=\"image.default\">\n\t\t\t\t\t\t\t\t\t\t\t\t\t\t\t\t<a href=\"https:\/\/www.paris-ancien.fr\/expos-universelles\/wp-content\/uploads\/2025\/12\/villa-brillants-meudon.jpg\" data-elementor-open-lightbox=\"yes\" data-elementor-lightbox-title=\"villa-brillants-meudon\" data-e-action-hash=\"#elementor-action%3Aaction%3Dlightbox%26settings%3DeyJpZCI6MTEyNSwidXJsIjoiaHR0cHM6XC9cL3d3dy5wYXJpcy1hbmNpZW4uZnJcL2V4cG9zLXVuaXZlcnNlbGxlc1wvd3AtY29udGVudFwvdXBsb2Fkc1wvMjAyNVwvMTJcL3ZpbGxhLWJyaWxsYW50cy1tZXVkb24uanBnIn0%3D\">\n\t\t\t\t\t\t\t<img alt=\"\" loading=\"lazy\" decoding=\"async\" width=\"768\" height=\"576\" src=\"https:\/\/www.paris-ancien.fr\/expos-universelles\/wp-content\/uploads\/2025\/12\/villa-brillants-meudon-768x576.jpg\" class=\"attachment-medium_large size-medium_large wp-image-1125\" alt=\"\" srcset=\"https:\/\/www.paris-ancien.fr\/expos-universelles\/wp-content\/uploads\/2025\/12\/villa-brillants-meudon-768x576.jpg 768w, https:\/\/www.paris-ancien.fr\/expos-universelles\/wp-content\/uploads\/2025\/12\/villa-brillants-meudon-300x225.jpg 300w, https:\/\/www.paris-ancien.fr\/expos-universelles\/wp-content\/uploads\/2025\/12\/villa-brillants-meudon-1024x768.jpg 1024w, https:\/\/www.paris-ancien.fr\/expos-universelles\/wp-content\/uploads\/2025\/12\/villa-brillants-meudon-1536x1152.jpg 1536w, https:\/\/www.paris-ancien.fr\/expos-universelles\/wp-content\/uploads\/2025\/12\/villa-brillants-meudon.jpg 1600w\" sizes=\"(max-width: 768px) 100vw, 768px\" \/>\t\t\t\t\t\t\t\t<\/a>\n\t\t\t\t\t\t\t\t\t\t\t\t\t\t\t<\/div>\n\t\t\t\t<\/div>\n\t\t\t\t\t<\/div>\n\t\t\t\t<\/div>\n\t\t<div class=\"elementor-element elementor-element-b38e635 e-flex e-con-boxed e-con e-parent\" data-id=\"b38e635\" data-element_type=\"container\" data-e-type=\"container\">\n\t\t\t\t\t<div class=\"e-con-inner\">\n\t\t\t\t<div class=\"elementor-element elementor-element-f4fd5b4 elementor-widget elementor-widget-spacer\" data-id=\"f4fd5b4\" data-element_type=\"widget\" data-e-type=\"widget\" data-widget_type=\"spacer.default\">\n\t\t\t\t\t\t\t<div class=\"elementor-spacer\">\n\t\t\t<div class=\"elementor-spacer-inner\"><\/div>\n\t\t<\/div>\n\t\t\t\t\t\t<\/div>\n\t\t\t\t\t<\/div>\n\t\t\t\t<\/div>\n\t\t\t\t<\/div>\n\t\t","protected":false},"excerpt":{"rendered":"<p>92 &#8211; Hauts de Seine Ile St Germain (Expo de 1867) Cette annexe \u00e9tait reli\u00e9e au champ de Mars par [&hellip;]<\/p>\n","protected":false},"author":1,"featured_media":0,"parent":0,"menu_order":0,"comment_status":"closed","ping_status":"closed","template":"","meta":{"_seopress_robots_primary_cat":"","_seopress_titles_title":"","_seopress_titles_desc":"Expositions Universelles de Paris - Vestiges des expos de 1855 1867 1889 1900 1907 1931 et 1937. Palais, Frontons, chalets, statues et ornements - Hauts de seine","_seopress_robots_index":"","site-sidebar-layout":"no-sidebar","site-content-layout":"","ast-site-content-layout":"full-width-container","site-content-style":"default","site-sidebar-style":"default","ast-global-header-display":"","ast-banner-title-visibility":"","ast-main-header-display":"","ast-hfb-above-header-display":"","ast-hfb-below-header-display":"","ast-hfb-mobile-header-display":"","site-post-title":"disabled","ast-breadcrumbs-content":"","ast-featured-img":"disabled","footer-sml-layout":"","ast-disable-related-posts":"","theme-transparent-header-meta":"","adv-header-id-meta":"","stick-header-meta":"","header-above-stick-meta":"","header-main-stick-meta":"","header-below-stick-meta":"","astra-migrate-meta-layouts":"default","ast-page-background-enabled":"default","ast-page-background-meta":{"desktop":{"background-color":"var(--ast-global-color-5)","background-image":"","background-repeat":"repeat","background-position":"center center","background-size":"auto","background-attachment":"scroll","background-type":"","background-media":"","overlay-type":"","overlay-color":"","overlay-opacity":"","overlay-gradient":""},"tablet":{"background-color":"","background-image":"","background-repeat":"repeat","background-position":"center center","background-size":"auto","background-attachment":"scroll","background-type":"","background-media":"","overlay-type":"","overlay-color":"","overlay-opacity":"","overlay-gradient":""},"mobile":{"background-color":"","background-image":"","background-repeat":"repeat","background-position":"center center","background-size":"auto","background-attachment":"scroll","background-type":"","background-media":"","overlay-type":"","overlay-color":"","overlay-opacity":"","overlay-gradient":""}},"ast-content-background-meta":{"desktop":{"background-color":"var(--ast-global-color-4)","background-image":"","background-repeat":"repeat","background-position":"center center","background-size":"auto","background-attachment":"scroll","background-type":"","background-media":"","overlay-type":"","overlay-color":"","overlay-opacity":"","overlay-gradient":""},"tablet":{"background-color":"var(--ast-global-color-4)","background-image":"","background-repeat":"repeat","background-position":"center center","background-size":"auto","background-attachment":"scroll","background-type":"","background-media":"","overlay-type":"","overlay-color":"","overlay-opacity":"","overlay-gradient":""},"mobile":{"background-color":"var(--ast-global-color-4)","background-image":"","background-repeat":"repeat","background-position":"center center","background-size":"auto","background-attachment":"scroll","background-type":"","background-media":"","overlay-type":"","overlay-color":"","overlay-opacity":"","overlay-gradient":""}},"footnotes":""},"class_list":["post-44","page","type-page","status-publish","hentry"],"_links":{"self":[{"href":"https:\/\/www.paris-ancien.fr\/expos-universelles\/wp-json\/wp\/v2\/pages\/44","targetHints":{"allow":["GET"]}}],"collection":[{"href":"https:\/\/www.paris-ancien.fr\/expos-universelles\/wp-json\/wp\/v2\/pages"}],"about":[{"href":"https:\/\/www.paris-ancien.fr\/expos-universelles\/wp-json\/wp\/v2\/types\/page"}],"author":[{"embeddable":true,"href":"https:\/\/www.paris-ancien.fr\/expos-universelles\/wp-json\/wp\/v2\/users\/1"}],"replies":[{"embeddable":true,"href":"https:\/\/www.paris-ancien.fr\/expos-universelles\/wp-json\/wp\/v2\/comments?post=44"}],"version-history":[{"count":137,"href":"https:\/\/www.paris-ancien.fr\/expos-universelles\/wp-json\/wp\/v2\/pages\/44\/revisions"}],"predecessor-version":[{"id":1442,"href":"https:\/\/www.paris-ancien.fr\/expos-universelles\/wp-json\/wp\/v2\/pages\/44\/revisions\/1442"}],"wp:attachment":[{"href":"https:\/\/www.paris-ancien.fr\/expos-universelles\/wp-json\/wp\/v2\/media?parent=44"}],"curies":[{"name":"wp","href":"https:\/\/api.w.org\/{rel}","templated":true}]}}