{"id":22,"date":"2025-12-18T15:01:03","date_gmt":"2025-12-18T14:01:03","guid":{"rendered":"https:\/\/paris-ancien.fr\/expos-universelles\/?page_id=22"},"modified":"2025-12-21T21:10:28","modified_gmt":"2025-12-21T20:10:28","slug":"paris-12e-arrondissement","status":"publish","type":"page","link":"https:\/\/www.paris-ancien.fr\/expos-universelles\/paris-12e-arrondissement\/","title":{"rendered":"Paris &#8211; 12e Arrondissement"},"content":{"rendered":"\t\t<div data-elementor-type=\"wp-page\" data-elementor-id=\"22\" class=\"elementor elementor-22\">\n\t\t\t\t<div class=\"elementor-element elementor-element-af1dd1b e-flex e-con-boxed e-con e-parent\" data-id=\"af1dd1b\" data-element_type=\"container\" data-e-type=\"container\">\n\t\t\t\t\t<div class=\"e-con-inner\">\n\t\t\t\t<div class=\"elementor-element elementor-element-171c2ca elementor-widget elementor-widget-heading\" data-id=\"171c2ca\" data-element_type=\"widget\" data-e-type=\"widget\" data-widget_type=\"heading.default\">\n\t\t\t\t\t<h2 class=\"elementor-heading-title elementor-size-default\">Paris \u2013 12e Arrondissement<\/h2>\t\t\t\t<\/div>\n\t\t\t\t\t<\/div>\n\t\t\t\t<\/div>\n\t\t<div class=\"elementor-element elementor-element-f93adc4 e-flex e-con-boxed e-con e-parent\" data-id=\"f93adc4\" data-element_type=\"container\" data-e-type=\"container\">\n\t\t\t\t\t<div class=\"e-con-inner\">\n\t\t\t\t<div class=\"elementor-element elementor-element-27647d8 elementor-widget elementor-widget-heading\" data-id=\"27647d8\" data-element_type=\"widget\" data-e-type=\"widget\" data-widget_type=\"heading.default\">\n\t\t\t\t\t<h4 class=\"elementor-heading-title elementor-size-default\">Statue de la Porte Dor\u00e9e<\/h4>\t\t\t\t<\/div>\n\t\t\t\t\t<\/div>\n\t\t\t\t<\/div>\n\t\t<div class=\"elementor-element elementor-element-06a969f e-flex e-con-boxed e-con e-parent\" data-id=\"06a969f\" data-element_type=\"container\" data-e-type=\"container\">\n\t\t\t\t\t<div class=\"e-con-inner\">\n\t\t\t\t<div class=\"elementor-element elementor-element-92ac33c elementor-widget elementor-widget-text-editor\" data-id=\"92ac33c\" data-element_type=\"widget\" data-e-type=\"widget\" data-widget_type=\"text-editor.default\">\n\t\t\t\t\t\t\t\t\t<p>Exposition coloniale de 1931. Cette statue qui \u00e9tait auparavant devant l\u2019entr\u00e9e du palais dans l\u2019escalier d\u2019honneur. Elle repr\u00e9sente \u00ab\u00a0La france apportant la paix et la prosp\u00e9rit\u00e9 aux colonies\u00a0\u00bb.<\/p>\t\t\t\t\t\t\t\t<\/div>\n\t\t\t\t\t<\/div>\n\t\t\t\t<\/div>\n\t\t<div class=\"elementor-element elementor-element-714f855 e-flex e-con-boxed e-con e-parent\" data-id=\"714f855\" data-element_type=\"container\" data-e-type=\"container\">\n\t\t\t\t\t<div class=\"e-con-inner\">\n\t\t<div class=\"elementor-element elementor-element-5bc6e7e e-con-full e-flex e-con e-child\" data-id=\"5bc6e7e\" data-element_type=\"container\" data-e-type=\"container\">\n\t\t\t\t<div class=\"elementor-element elementor-element-08b6384 elementor-widget elementor-widget-google_maps\" data-id=\"08b6384\" data-element_type=\"widget\" data-e-type=\"widget\" data-widget_type=\"google_maps.default\">\n\t\t\t\t\t\t\t<div class=\"elementor-custom-embed\">\n\t\t\t<iframe loading=\"lazy\"\n\t\t\t\t\tsrc=\"https:\/\/maps.google.com\/maps?q=statue%20de%20la%20porte%20doree&#038;t=m&#038;z=15&#038;output=embed&#038;iwloc=near\"\n\t\t\t\t\ttitle=\"statue de la porte doree\"\n\t\t\t\t\taria-label=\"statue de la porte doree\"\n\t\t\t><\/iframe>\n\t\t<\/div>\n\t\t\t\t\t\t<\/div>\n\t\t\t\t<\/div>\n\t\t<div class=\"elementor-element elementor-element-c7dbfb2 e-con-full e-flex e-con e-child\" data-id=\"c7dbfb2\" data-element_type=\"container\" data-e-type=\"container\">\n\t\t\t\t<div class=\"elementor-element elementor-element-0525639 elementor-widget elementor-widget-image\" data-id=\"0525639\" data-element_type=\"widget\" data-e-type=\"widget\" data-widget_type=\"image.default\">\n\t\t\t\t\t\t\t\t\t\t\t\t\t\t\t\t<a href=\"https:\/\/www.paris-ancien.fr\/expos-universelles\/wp-content\/uploads\/2025\/12\/statue-porte-doree.jpg\" data-elementor-open-lightbox=\"yes\" data-elementor-lightbox-title=\"statue-porte-doree\" data-e-action-hash=\"#elementor-action%3Aaction%3Dlightbox%26settings%3DeyJpZCI6ODk1LCJ1cmwiOiJodHRwczpcL1wvd3d3LnBhcmlzLWFuY2llbi5mclwvZXhwb3MtdW5pdmVyc2VsbGVzXC93cC1jb250ZW50XC91cGxvYWRzXC8yMDI1XC8xMlwvc3RhdHVlLXBvcnRlLWRvcmVlLmpwZyJ9\">\n\t\t\t\t\t\t\t<img alt=\"\" fetchpriority=\"high\" decoding=\"async\" width=\"768\" height=\"576\" src=\"https:\/\/www.paris-ancien.fr\/expos-universelles\/wp-content\/uploads\/2025\/12\/statue-porte-doree-768x576.jpg\" class=\"attachment-medium_large size-medium_large wp-image-895\" alt=\"\" srcset=\"https:\/\/www.paris-ancien.fr\/expos-universelles\/wp-content\/uploads\/2025\/12\/statue-porte-doree-768x576.jpg 768w, https:\/\/www.paris-ancien.fr\/expos-universelles\/wp-content\/uploads\/2025\/12\/statue-porte-doree-300x225.jpg 300w, https:\/\/www.paris-ancien.fr\/expos-universelles\/wp-content\/uploads\/2025\/12\/statue-porte-doree-1024x768.jpg 1024w, https:\/\/www.paris-ancien.fr\/expos-universelles\/wp-content\/uploads\/2025\/12\/statue-porte-doree-1536x1152.jpg 1536w, https:\/\/www.paris-ancien.fr\/expos-universelles\/wp-content\/uploads\/2025\/12\/statue-porte-doree.jpg 1600w\" sizes=\"(max-width: 768px) 100vw, 768px\" \/>\t\t\t\t\t\t\t\t<\/a>\n\t\t\t\t\t\t\t\t\t\t\t\t\t\t\t<\/div>\n\t\t\t\t<\/div>\n\t\t\t\t\t<\/div>\n\t\t\t\t<\/div>\n\t\t<div class=\"elementor-element elementor-element-159adc8 e-flex e-con-boxed e-con e-parent\" data-id=\"159adc8\" data-element_type=\"container\" data-e-type=\"container\">\n\t\t\t\t\t<div class=\"e-con-inner\">\n\t\t\t\t<div class=\"elementor-element elementor-element-acac0be elementor-widget elementor-widget-heading\" data-id=\"acac0be\" data-element_type=\"widget\" data-e-type=\"widget\" data-widget_type=\"heading.default\">\n\t\t\t\t\t<h4 class=\"elementor-heading-title elementor-size-default\">Palais de la Porte Dor\u00e9e <\/h4>\t\t\t\t<\/div>\n\t\t\t\t\t<\/div>\n\t\t\t\t<\/div>\n\t\t<div class=\"elementor-element elementor-element-f10432d e-flex e-con-boxed e-con e-parent\" data-id=\"f10432d\" data-element_type=\"container\" data-e-type=\"container\">\n\t\t\t\t\t<div class=\"e-con-inner\">\n\t\t\t\t<div class=\"elementor-element elementor-element-c763163 elementor-widget elementor-widget-text-editor\" data-id=\"c763163\" data-element_type=\"widget\" data-e-type=\"widget\" data-widget_type=\"text-editor.default\">\n\t\t\t\t\t\t\t\t\t<p>R\u00e9nomm\u00e9 r\u00e9cemment Palais de la Porte Dor\u00e9e en raison de l\u2019ouverture du mus\u00e9e des arts premiers. Frises du palais ayant pour th\u00e8me les colonies qui y \u00e9taient pr\u00e9sent\u00e9es.<\/p>\t\t\t\t\t\t\t\t<\/div>\n\t\t\t\t\t<\/div>\n\t\t\t\t<\/div>\n\t\t<div class=\"elementor-element elementor-element-11c1a9d e-flex e-con-boxed e-con e-parent\" data-id=\"11c1a9d\" data-element_type=\"container\" data-e-type=\"container\">\n\t\t\t\t\t<div class=\"e-con-inner\">\n\t\t<div class=\"elementor-element elementor-element-61855b0 e-con-full e-flex e-con e-child\" data-id=\"61855b0\" data-element_type=\"container\" data-e-type=\"container\">\n\t\t\t\t<div class=\"elementor-element elementor-element-b390138 elementor-widget elementor-widget-google_maps\" data-id=\"b390138\" data-element_type=\"widget\" data-e-type=\"widget\" data-widget_type=\"google_maps.default\">\n\t\t\t\t\t\t\t<div class=\"elementor-custom-embed\">\n\t\t\t<iframe loading=\"lazy\"\n\t\t\t\t\tsrc=\"https:\/\/maps.google.com\/maps?q=palais%20de%20la%20porte%20doree&#038;t=m&#038;z=15&#038;output=embed&#038;iwloc=near\"\n\t\t\t\t\ttitle=\"palais de la porte doree\"\n\t\t\t\t\taria-label=\"palais de la porte doree\"\n\t\t\t><\/iframe>\n\t\t<\/div>\n\t\t\t\t\t\t<\/div>\n\t\t\t\t<\/div>\n\t\t<div class=\"elementor-element elementor-element-9448e68 e-con-full e-flex e-con e-child\" data-id=\"9448e68\" data-element_type=\"container\" data-e-type=\"container\">\n\t\t\t\t<div class=\"elementor-element elementor-element-44f854c elementor-widget elementor-widget-image\" data-id=\"44f854c\" data-element_type=\"widget\" data-e-type=\"widget\" data-widget_type=\"image.default\">\n\t\t\t\t\t\t\t\t\t\t\t\t\t\t\t\t<a href=\"https:\/\/www.paris-ancien.fr\/expos-universelles\/wp-content\/uploads\/2025\/12\/palais-portedoree.jpg\" data-elementor-open-lightbox=\"yes\" data-elementor-lightbox-title=\"palais-portedoree\" data-e-action-hash=\"#elementor-action%3Aaction%3Dlightbox%26settings%3DeyJpZCI6OTA1LCJ1cmwiOiJodHRwczpcL1wvd3d3LnBhcmlzLWFuY2llbi5mclwvZXhwb3MtdW5pdmVyc2VsbGVzXC93cC1jb250ZW50XC91cGxvYWRzXC8yMDI1XC8xMlwvcGFsYWlzLXBvcnRlZG9yZWUuanBnIn0%3D\">\n\t\t\t\t\t\t\t<img alt=\"\" decoding=\"async\" width=\"768\" height=\"576\" src=\"https:\/\/www.paris-ancien.fr\/expos-universelles\/wp-content\/uploads\/2025\/12\/palais-portedoree-768x576.jpg\" class=\"attachment-medium_large size-medium_large wp-image-905\" alt=\"\" srcset=\"https:\/\/www.paris-ancien.fr\/expos-universelles\/wp-content\/uploads\/2025\/12\/palais-portedoree-768x576.jpg 768w, https:\/\/www.paris-ancien.fr\/expos-universelles\/wp-content\/uploads\/2025\/12\/palais-portedoree-300x225.jpg 300w, https:\/\/www.paris-ancien.fr\/expos-universelles\/wp-content\/uploads\/2025\/12\/palais-portedoree-1024x768.jpg 1024w, https:\/\/www.paris-ancien.fr\/expos-universelles\/wp-content\/uploads\/2025\/12\/palais-portedoree-1536x1152.jpg 1536w, https:\/\/www.paris-ancien.fr\/expos-universelles\/wp-content\/uploads\/2025\/12\/palais-portedoree.jpg 1600w\" sizes=\"(max-width: 768px) 100vw, 768px\" \/>\t\t\t\t\t\t\t\t<\/a>\n\t\t\t\t\t\t\t\t\t\t\t\t\t\t\t<\/div>\n\t\t\t\t<\/div>\n\t\t\t\t\t<\/div>\n\t\t\t\t<\/div>\n\t\t<div class=\"elementor-element elementor-element-925f156 e-flex e-con-boxed e-con e-parent\" data-id=\"925f156\" data-element_type=\"container\" data-e-type=\"container\">\n\t\t\t\t\t<div class=\"e-con-inner\">\n\t\t\t\t<div class=\"elementor-element elementor-element-31fc910 elementor-widget elementor-widget-heading\" data-id=\"31fc910\" data-element_type=\"widget\" data-e-type=\"widget\" data-widget_type=\"heading.default\">\n\t\t\t\t\t<h4 class=\"elementor-heading-title elementor-size-default\">Bois de Vincennes<\/h4>\t\t\t\t<\/div>\n\t\t\t\t\t<\/div>\n\t\t\t\t<\/div>\n\t\t<div class=\"elementor-element elementor-element-7e5c3cd e-flex e-con-boxed e-con e-parent\" data-id=\"7e5c3cd\" data-element_type=\"container\" data-e-type=\"container\">\n\t\t\t\t\t<div class=\"e-con-inner\">\n\t\t\t\t<div class=\"elementor-element elementor-element-7b83c9a elementor-widget elementor-widget-text-editor\" data-id=\"7b83c9a\" data-element_type=\"widget\" data-e-type=\"widget\" data-widget_type=\"text-editor.default\">\n\t\t\t\t\t\t\t\t\t<p>Vestiges de l&rsquo;Expo regroup\u00e9s vers la Grande Pagode\u00a0<\/p>\t\t\t\t\t\t\t\t<\/div>\n\t\t\t\t\t<\/div>\n\t\t\t\t<\/div>\n\t\t<div class=\"elementor-element elementor-element-a221c13 e-flex e-con-boxed e-con e-parent\" data-id=\"a221c13\" data-element_type=\"container\" data-e-type=\"container\">\n\t\t\t\t\t<div class=\"e-con-inner\">\n\t\t<div class=\"elementor-element elementor-element-155e7f9 e-con-full e-flex e-con e-child\" data-id=\"155e7f9\" data-element_type=\"container\" data-e-type=\"container\">\n\t\t\t\t<div class=\"elementor-element elementor-element-fc60f49 elementor-widget elementor-widget-google_maps\" data-id=\"fc60f49\" data-element_type=\"widget\" data-e-type=\"widget\" data-widget_type=\"google_maps.default\">\n\t\t\t\t\t\t\t<div class=\"elementor-custom-embed\">\n\t\t\t<iframe loading=\"lazy\"\n\t\t\t\t\tsrc=\"https:\/\/maps.google.com\/maps?q=grande%20pagode&#038;t=m&#038;z=15&#038;output=embed&#038;iwloc=near\"\n\t\t\t\t\ttitle=\"grande pagode\"\n\t\t\t\t\taria-label=\"grande pagode\"\n\t\t\t><\/iframe>\n\t\t<\/div>\n\t\t\t\t\t\t<\/div>\n\t\t\t\t<\/div>\n\t\t<div class=\"elementor-element elementor-element-c211ac5 e-con-full e-flex e-con e-child\" data-id=\"c211ac5\" data-element_type=\"container\" data-e-type=\"container\">\n\t\t\t\t<div class=\"elementor-element elementor-element-2d13422 elementor-widget elementor-widget-image\" data-id=\"2d13422\" data-element_type=\"widget\" data-e-type=\"widget\" data-widget_type=\"image.default\">\n\t\t\t\t\t\t\t\t\t\t\t\t\t\t\t\t<a href=\"https:\/\/www.paris-ancien.fr\/expos-universelles\/wp-content\/uploads\/2025\/12\/porche-japonais.jpg\" data-elementor-open-lightbox=\"yes\" data-elementor-lightbox-title=\"porche-japonais\" data-e-action-hash=\"#elementor-action%3Aaction%3Dlightbox%26settings%3DeyJpZCI6OTM1LCJ1cmwiOiJodHRwczpcL1wvd3d3LnBhcmlzLWFuY2llbi5mclwvZXhwb3MtdW5pdmVyc2VsbGVzXC93cC1jb250ZW50XC91cGxvYWRzXC8yMDI1XC8xMlwvcG9yY2hlLWphcG9uYWlzLmpwZyJ9\">\n\t\t\t\t\t\t\t<img alt=\"\" decoding=\"async\" width=\"768\" height=\"576\" src=\"https:\/\/www.paris-ancien.fr\/expos-universelles\/wp-content\/uploads\/2025\/12\/porche-japonais-768x576.jpg\" class=\"attachment-medium_large size-medium_large wp-image-935\" alt=\"\" srcset=\"https:\/\/www.paris-ancien.fr\/expos-universelles\/wp-content\/uploads\/2025\/12\/porche-japonais-768x576.jpg 768w, https:\/\/www.paris-ancien.fr\/expos-universelles\/wp-content\/uploads\/2025\/12\/porche-japonais-300x225.jpg 300w, https:\/\/www.paris-ancien.fr\/expos-universelles\/wp-content\/uploads\/2025\/12\/porche-japonais-1024x768.jpg 1024w, https:\/\/www.paris-ancien.fr\/expos-universelles\/wp-content\/uploads\/2025\/12\/porche-japonais-1536x1152.jpg 1536w, https:\/\/www.paris-ancien.fr\/expos-universelles\/wp-content\/uploads\/2025\/12\/porche-japonais.jpg 1600w\" sizes=\"(max-width: 768px) 100vw, 768px\" \/>\t\t\t\t\t\t\t\t<\/a>\n\t\t\t\t\t\t\t\t\t\t\t\t\t\t\t<\/div>\n\t\t\t\t<\/div>\n\t\t\t\t\t<\/div>\n\t\t\t\t<\/div>\n\t\t<div class=\"elementor-element elementor-element-66238a4 e-flex e-con-boxed e-con e-parent\" data-id=\"66238a4\" data-element_type=\"container\" data-e-type=\"container\">\n\t\t\t\t\t<div class=\"e-con-inner\">\n\t\t<div class=\"elementor-element elementor-element-1629fc2 e-con-full e-flex e-con e-child\" data-id=\"1629fc2\" data-element_type=\"container\" data-e-type=\"container\">\n\t\t\t\t<div class=\"elementor-element elementor-element-f354efb elementor-widget elementor-widget-image\" data-id=\"f354efb\" data-element_type=\"widget\" data-e-type=\"widget\" data-widget_type=\"image.default\">\n\t\t\t\t\t\t\t\t\t\t\t\t\t\t\t\t<a href=\"https:\/\/www.paris-ancien.fr\/expos-universelles\/wp-content\/uploads\/2025\/12\/pagode.jpg\" data-elementor-open-lightbox=\"yes\" data-elementor-lightbox-title=\"pagode\" data-e-action-hash=\"#elementor-action%3Aaction%3Dlightbox%26settings%3DeyJpZCI6OTE2LCJ1cmwiOiJodHRwczpcL1wvd3d3LnBhcmlzLWFuY2llbi5mclwvZXhwb3MtdW5pdmVyc2VsbGVzXC93cC1jb250ZW50XC91cGxvYWRzXC8yMDI1XC8xMlwvcGFnb2RlLmpwZyJ9\">\n\t\t\t\t\t\t\t<img alt=\"\" loading=\"lazy\" decoding=\"async\" width=\"768\" height=\"576\" src=\"https:\/\/www.paris-ancien.fr\/expos-universelles\/wp-content\/uploads\/2025\/12\/pagode-768x576.jpg\" class=\"attachment-medium_large size-medium_large wp-image-916\" alt=\"\" srcset=\"https:\/\/www.paris-ancien.fr\/expos-universelles\/wp-content\/uploads\/2025\/12\/pagode-768x576.jpg 768w, https:\/\/www.paris-ancien.fr\/expos-universelles\/wp-content\/uploads\/2025\/12\/pagode-300x225.jpg 300w, https:\/\/www.paris-ancien.fr\/expos-universelles\/wp-content\/uploads\/2025\/12\/pagode-1024x768.jpg 1024w, https:\/\/www.paris-ancien.fr\/expos-universelles\/wp-content\/uploads\/2025\/12\/pagode-1536x1152.jpg 1536w, https:\/\/www.paris-ancien.fr\/expos-universelles\/wp-content\/uploads\/2025\/12\/pagode.jpg 1600w\" sizes=\"(max-width: 768px) 100vw, 768px\" \/>\t\t\t\t\t\t\t\t<\/a>\n\t\t\t\t\t\t\t\t\t\t\t\t\t\t\t<\/div>\n\t\t\t\t<\/div>\n\t\t<div class=\"elementor-element elementor-element-6072806 e-con-full e-flex e-con e-child\" data-id=\"6072806\" data-element_type=\"container\" data-e-type=\"container\">\n\t\t\t\t<div class=\"elementor-element elementor-element-b64a112 elementor-widget elementor-widget-image\" data-id=\"b64a112\" data-element_type=\"widget\" data-e-type=\"widget\" data-widget_type=\"image.default\">\n\t\t\t\t\t\t\t\t\t\t\t\t\t\t\t\t<a href=\"https:\/\/www.paris-ancien.fr\/expos-universelles\/wp-content\/uploads\/2025\/12\/porche.jpg\" data-elementor-open-lightbox=\"yes\" data-elementor-lightbox-title=\"porche\" data-e-action-hash=\"#elementor-action%3Aaction%3Dlightbox%26settings%3DeyJpZCI6OTE3LCJ1cmwiOiJodHRwczpcL1wvd3d3LnBhcmlzLWFuY2llbi5mclwvZXhwb3MtdW5pdmVyc2VsbGVzXC93cC1jb250ZW50XC91cGxvYWRzXC8yMDI1XC8xMlwvcG9yY2hlLmpwZyJ9\">\n\t\t\t\t\t\t\t<img alt=\"\" loading=\"lazy\" decoding=\"async\" width=\"768\" height=\"576\" src=\"https:\/\/www.paris-ancien.fr\/expos-universelles\/wp-content\/uploads\/2025\/12\/porche-768x576.jpg\" class=\"attachment-medium_large size-medium_large wp-image-917\" alt=\"\" srcset=\"https:\/\/www.paris-ancien.fr\/expos-universelles\/wp-content\/uploads\/2025\/12\/porche-768x576.jpg 768w, https:\/\/www.paris-ancien.fr\/expos-universelles\/wp-content\/uploads\/2025\/12\/porche-300x225.jpg 300w, https:\/\/www.paris-ancien.fr\/expos-universelles\/wp-content\/uploads\/2025\/12\/porche-1024x768.jpg 1024w, https:\/\/www.paris-ancien.fr\/expos-universelles\/wp-content\/uploads\/2025\/12\/porche-1536x1152.jpg 1536w, https:\/\/www.paris-ancien.fr\/expos-universelles\/wp-content\/uploads\/2025\/12\/porche.jpg 1600w\" sizes=\"(max-width: 768px) 100vw, 768px\" \/>\t\t\t\t\t\t\t\t<\/a>\n\t\t\t\t\t\t\t\t\t\t\t\t\t\t\t<\/div>\n\t\t\t\t<\/div>\n\t\t\t\t\t<\/div>\n\t\t\t\t<\/div>\n\t\t<div class=\"elementor-element elementor-element-8e6f9be e-flex e-con-boxed e-con e-parent\" data-id=\"8e6f9be\" data-element_type=\"container\" data-e-type=\"container\">\n\t\t\t\t\t<div class=\"e-con-inner\">\n\t\t<div class=\"elementor-element elementor-element-2583e4c e-con-full e-flex e-con e-child\" data-id=\"2583e4c\" data-element_type=\"container\" data-e-type=\"container\">\n\t\t\t\t<div class=\"elementor-element elementor-element-72fade9 elementor-widget elementor-widget-image\" data-id=\"72fade9\" data-element_type=\"widget\" data-e-type=\"widget\" data-widget_type=\"image.default\">\n\t\t\t\t\t\t\t\t\t\t\t\t\t\t\t\t<a href=\"https:\/\/www.paris-ancien.fr\/expos-universelles\/wp-content\/uploads\/2025\/12\/batiment.jpg\" data-elementor-open-lightbox=\"yes\" data-elementor-lightbox-title=\"batiment\" data-e-action-hash=\"#elementor-action%3Aaction%3Dlightbox%26settings%3DeyJpZCI6OTI0LCJ1cmwiOiJodHRwczpcL1wvd3d3LnBhcmlzLWFuY2llbi5mclwvZXhwb3MtdW5pdmVyc2VsbGVzXC93cC1jb250ZW50XC91cGxvYWRzXC8yMDI1XC8xMlwvYmF0aW1lbnQuanBnIn0%3D\">\n\t\t\t\t\t\t\t<img alt=\"\" loading=\"lazy\" decoding=\"async\" width=\"1024\" height=\"768\" src=\"https:\/\/www.paris-ancien.fr\/expos-universelles\/wp-content\/uploads\/2025\/12\/batiment-1024x768.jpg\" class=\"attachment-large size-large wp-image-924\" alt=\"\" srcset=\"https:\/\/www.paris-ancien.fr\/expos-universelles\/wp-content\/uploads\/2025\/12\/batiment-1024x768.jpg 1024w, https:\/\/www.paris-ancien.fr\/expos-universelles\/wp-content\/uploads\/2025\/12\/batiment-300x225.jpg 300w, https:\/\/www.paris-ancien.fr\/expos-universelles\/wp-content\/uploads\/2025\/12\/batiment-768x576.jpg 768w, https:\/\/www.paris-ancien.fr\/expos-universelles\/wp-content\/uploads\/2025\/12\/batiment-1536x1152.jpg 1536w, https:\/\/www.paris-ancien.fr\/expos-universelles\/wp-content\/uploads\/2025\/12\/batiment.jpg 1600w\" sizes=\"(max-width: 1024px) 100vw, 1024px\" \/>\t\t\t\t\t\t\t\t<\/a>\n\t\t\t\t\t\t\t\t\t\t\t\t\t\t\t<\/div>\n\t\t\t\t<\/div>\n\t\t<div class=\"elementor-element elementor-element-43c1c40 e-con-full e-flex e-con e-child\" data-id=\"43c1c40\" data-element_type=\"container\" data-e-type=\"container\">\n\t\t\t\t<div class=\"elementor-element elementor-element-a6b0544 elementor-widget elementor-widget-image\" data-id=\"a6b0544\" data-element_type=\"widget\" data-e-type=\"widget\" data-widget_type=\"image.default\">\n\t\t\t\t\t\t\t\t\t\t\t\t\t\t\t\t<a href=\"https:\/\/www.paris-ancien.fr\/expos-universelles\/wp-content\/uploads\/2025\/12\/batiment-verriere.jpg\" data-elementor-open-lightbox=\"yes\" data-elementor-lightbox-title=\"batiment-verriere\" data-e-action-hash=\"#elementor-action%3Aaction%3Dlightbox%26settings%3DeyJpZCI6OTI1LCJ1cmwiOiJodHRwczpcL1wvd3d3LnBhcmlzLWFuY2llbi5mclwvZXhwb3MtdW5pdmVyc2VsbGVzXC93cC1jb250ZW50XC91cGxvYWRzXC8yMDI1XC8xMlwvYmF0aW1lbnQtdmVycmllcmUuanBnIn0%3D\">\n\t\t\t\t\t\t\t<img alt=\"\" loading=\"lazy\" decoding=\"async\" width=\"768\" height=\"576\" src=\"https:\/\/www.paris-ancien.fr\/expos-universelles\/wp-content\/uploads\/2025\/12\/batiment-verriere-768x576.jpg\" class=\"attachment-medium_large size-medium_large wp-image-925\" alt=\"\" srcset=\"https:\/\/www.paris-ancien.fr\/expos-universelles\/wp-content\/uploads\/2025\/12\/batiment-verriere-768x576.jpg 768w, https:\/\/www.paris-ancien.fr\/expos-universelles\/wp-content\/uploads\/2025\/12\/batiment-verriere-300x225.jpg 300w, https:\/\/www.paris-ancien.fr\/expos-universelles\/wp-content\/uploads\/2025\/12\/batiment-verriere-1024x768.jpg 1024w, https:\/\/www.paris-ancien.fr\/expos-universelles\/wp-content\/uploads\/2025\/12\/batiment-verriere-1536x1152.jpg 1536w, https:\/\/www.paris-ancien.fr\/expos-universelles\/wp-content\/uploads\/2025\/12\/batiment-verriere.jpg 1600w\" sizes=\"(max-width: 768px) 100vw, 768px\" \/>\t\t\t\t\t\t\t\t<\/a>\n\t\t\t\t\t\t\t\t\t\t\t\t\t\t\t<\/div>\n\t\t\t\t<\/div>\n\t\t\t\t\t<\/div>\n\t\t\t\t<\/div>\n\t\t<div class=\"elementor-element elementor-element-bcf1103 e-flex e-con-boxed e-con e-parent\" data-id=\"bcf1103\" data-element_type=\"container\" data-e-type=\"container\">\n\t\t\t\t\t<div class=\"e-con-inner\">\n\t\t<div class=\"elementor-element elementor-element-e8befe1 e-con-full e-flex e-con e-child\" data-id=\"e8befe1\" data-element_type=\"container\" data-e-type=\"container\">\n\t\t\t\t<div class=\"elementor-element elementor-element-a40d29e elementor-widget elementor-widget-image\" data-id=\"a40d29e\" data-element_type=\"widget\" data-e-type=\"widget\" data-widget_type=\"image.default\">\n\t\t\t\t\t\t\t\t\t\t\t\t\t\t\t\t<a href=\"https:\/\/www.paris-ancien.fr\/expos-universelles\/wp-content\/uploads\/2025\/12\/passerelle-pierre.jpg\" data-elementor-open-lightbox=\"yes\" data-elementor-lightbox-title=\"passerelle-pierre\" data-e-action-hash=\"#elementor-action%3Aaction%3Dlightbox%26settings%3DeyJpZCI6OTQyLCJ1cmwiOiJodHRwczpcL1wvd3d3LnBhcmlzLWFuY2llbi5mclwvZXhwb3MtdW5pdmVyc2VsbGVzXC93cC1jb250ZW50XC91cGxvYWRzXC8yMDI1XC8xMlwvcGFzc2VyZWxsZS1waWVycmUuanBnIn0%3D\">\n\t\t\t\t\t\t\t<img alt=\"\" loading=\"lazy\" decoding=\"async\" width=\"1024\" height=\"768\" src=\"https:\/\/www.paris-ancien.fr\/expos-universelles\/wp-content\/uploads\/2025\/12\/passerelle-pierre-1024x768.jpg\" class=\"attachment-large size-large wp-image-942\" alt=\"\" srcset=\"https:\/\/www.paris-ancien.fr\/expos-universelles\/wp-content\/uploads\/2025\/12\/passerelle-pierre-1024x768.jpg 1024w, https:\/\/www.paris-ancien.fr\/expos-universelles\/wp-content\/uploads\/2025\/12\/passerelle-pierre-300x225.jpg 300w, https:\/\/www.paris-ancien.fr\/expos-universelles\/wp-content\/uploads\/2025\/12\/passerelle-pierre-768x576.jpg 768w, https:\/\/www.paris-ancien.fr\/expos-universelles\/wp-content\/uploads\/2025\/12\/passerelle-pierre-1536x1152.jpg 1536w, https:\/\/www.paris-ancien.fr\/expos-universelles\/wp-content\/uploads\/2025\/12\/passerelle-pierre.jpg 1600w\" sizes=\"(max-width: 1024px) 100vw, 1024px\" \/>\t\t\t\t\t\t\t\t<\/a>\n\t\t\t\t\t\t\t\t\t\t\t\t\t\t\t<\/div>\n\t\t\t\t<\/div>\n\t\t<div class=\"elementor-element elementor-element-4a1d7a0 e-con-full e-flex e-con e-child\" data-id=\"4a1d7a0\" data-element_type=\"container\" data-e-type=\"container\">\n\t\t\t\t<div class=\"elementor-element elementor-element-f770103 elementor-widget elementor-widget-image\" data-id=\"f770103\" data-element_type=\"widget\" data-e-type=\"widget\" data-widget_type=\"image.default\">\n\t\t\t\t\t\t\t\t\t\t\t\t\t\t\t\t<a href=\"https:\/\/www.paris-ancien.fr\/expos-universelles\/wp-content\/uploads\/2025\/12\/banc-pierre.jpg\" data-elementor-open-lightbox=\"yes\" data-elementor-lightbox-title=\"banc-pierre\" data-e-action-hash=\"#elementor-action%3Aaction%3Dlightbox%26settings%3DeyJpZCI6OTQ0LCJ1cmwiOiJodHRwczpcL1wvd3d3LnBhcmlzLWFuY2llbi5mclwvZXhwb3MtdW5pdmVyc2VsbGVzXC93cC1jb250ZW50XC91cGxvYWRzXC8yMDI1XC8xMlwvYmFuYy1waWVycmUuanBnIn0%3D\">\n\t\t\t\t\t\t\t<img alt=\"\" loading=\"lazy\" decoding=\"async\" width=\"768\" height=\"576\" src=\"https:\/\/www.paris-ancien.fr\/expos-universelles\/wp-content\/uploads\/2025\/12\/banc-pierre-768x576.jpg\" class=\"attachment-medium_large size-medium_large wp-image-944\" alt=\"\" srcset=\"https:\/\/www.paris-ancien.fr\/expos-universelles\/wp-content\/uploads\/2025\/12\/banc-pierre-768x576.jpg 768w, https:\/\/www.paris-ancien.fr\/expos-universelles\/wp-content\/uploads\/2025\/12\/banc-pierre-300x225.jpg 300w, https:\/\/www.paris-ancien.fr\/expos-universelles\/wp-content\/uploads\/2025\/12\/banc-pierre-1024x768.jpg 1024w, https:\/\/www.paris-ancien.fr\/expos-universelles\/wp-content\/uploads\/2025\/12\/banc-pierre-1536x1152.jpg 1536w, https:\/\/www.paris-ancien.fr\/expos-universelles\/wp-content\/uploads\/2025\/12\/banc-pierre.jpg 1600w\" sizes=\"(max-width: 768px) 100vw, 768px\" \/>\t\t\t\t\t\t\t\t<\/a>\n\t\t\t\t\t\t\t\t\t\t\t\t\t\t\t<\/div>\n\t\t\t\t<\/div>\n\t\t\t\t\t<\/div>\n\t\t\t\t<\/div>\n\t\t<div class=\"elementor-element elementor-element-bbb5744 e-flex e-con-boxed e-con e-parent\" data-id=\"bbb5744\" data-element_type=\"container\" data-e-type=\"container\">\n\t\t\t\t\t<div class=\"e-con-inner\">\n\t\t<div class=\"elementor-element elementor-element-e19803c e-con-full e-flex e-con e-child\" data-id=\"e19803c\" data-element_type=\"container\" data-e-type=\"container\">\n\t\t\t\t<div class=\"elementor-element elementor-element-251ecaf elementor-widget elementor-widget-image\" data-id=\"251ecaf\" data-element_type=\"widget\" data-e-type=\"widget\" data-widget_type=\"image.default\">\n\t\t\t\t\t\t\t\t\t\t\t\t\t\t\t\t<a href=\"https:\/\/www.paris-ancien.fr\/expos-universelles\/wp-content\/uploads\/2025\/12\/toit-pointu.jpg\" data-elementor-open-lightbox=\"yes\" data-elementor-lightbox-title=\"toit-pointu\" data-e-action-hash=\"#elementor-action%3Aaction%3Dlightbox%26settings%3DeyJpZCI6OTQ5LCJ1cmwiOiJodHRwczpcL1wvd3d3LnBhcmlzLWFuY2llbi5mclwvZXhwb3MtdW5pdmVyc2VsbGVzXC93cC1jb250ZW50XC91cGxvYWRzXC8yMDI1XC8xMlwvdG9pdC1wb2ludHUuanBnIn0%3D\">\n\t\t\t\t\t\t\t<img alt=\"\" loading=\"lazy\" decoding=\"async\" width=\"1024\" height=\"768\" src=\"https:\/\/www.paris-ancien.fr\/expos-universelles\/wp-content\/uploads\/2025\/12\/toit-pointu-1024x768.jpg\" class=\"attachment-large size-large wp-image-949\" alt=\"\" srcset=\"https:\/\/www.paris-ancien.fr\/expos-universelles\/wp-content\/uploads\/2025\/12\/toit-pointu-1024x768.jpg 1024w, https:\/\/www.paris-ancien.fr\/expos-universelles\/wp-content\/uploads\/2025\/12\/toit-pointu-300x225.jpg 300w, https:\/\/www.paris-ancien.fr\/expos-universelles\/wp-content\/uploads\/2025\/12\/toit-pointu-768x576.jpg 768w, https:\/\/www.paris-ancien.fr\/expos-universelles\/wp-content\/uploads\/2025\/12\/toit-pointu-1536x1152.jpg 1536w, https:\/\/www.paris-ancien.fr\/expos-universelles\/wp-content\/uploads\/2025\/12\/toit-pointu.jpg 1600w\" sizes=\"(max-width: 1024px) 100vw, 1024px\" \/>\t\t\t\t\t\t\t\t<\/a>\n\t\t\t\t\t\t\t\t\t\t\t\t\t\t\t<\/div>\n\t\t\t\t<\/div>\n\t\t<div class=\"elementor-element elementor-element-83ccfe8 e-con-full e-flex e-con e-child\" data-id=\"83ccfe8\" data-element_type=\"container\" data-e-type=\"container\">\n\t\t\t\t<div class=\"elementor-element elementor-element-20adb30 elementor-widget elementor-widget-image\" data-id=\"20adb30\" data-element_type=\"widget\" data-e-type=\"widget\" data-widget_type=\"image.default\">\n\t\t\t\t\t\t\t\t\t\t\t\t\t\t\t\t<a href=\"https:\/\/www.paris-ancien.fr\/expos-universelles\/wp-content\/uploads\/2025\/12\/mausolee.jpg\" data-elementor-open-lightbox=\"yes\" data-elementor-lightbox-title=\"mausolee\" data-e-action-hash=\"#elementor-action%3Aaction%3Dlightbox%26settings%3DeyJpZCI6OTUwLCJ1cmwiOiJodHRwczpcL1wvd3d3LnBhcmlzLWFuY2llbi5mclwvZXhwb3MtdW5pdmVyc2VsbGVzXC93cC1jb250ZW50XC91cGxvYWRzXC8yMDI1XC8xMlwvbWF1c29sZWUuanBnIn0%3D\">\n\t\t\t\t\t\t\t<img alt=\"\" loading=\"lazy\" decoding=\"async\" width=\"768\" height=\"576\" src=\"https:\/\/www.paris-ancien.fr\/expos-universelles\/wp-content\/uploads\/2025\/12\/mausolee-768x576.jpg\" class=\"attachment-medium_large size-medium_large wp-image-950\" alt=\"\" srcset=\"https:\/\/www.paris-ancien.fr\/expos-universelles\/wp-content\/uploads\/2025\/12\/mausolee-768x576.jpg 768w, https:\/\/www.paris-ancien.fr\/expos-universelles\/wp-content\/uploads\/2025\/12\/mausolee-300x225.jpg 300w, https:\/\/www.paris-ancien.fr\/expos-universelles\/wp-content\/uploads\/2025\/12\/mausolee-1024x768.jpg 1024w, https:\/\/www.paris-ancien.fr\/expos-universelles\/wp-content\/uploads\/2025\/12\/mausolee-1536x1152.jpg 1536w, https:\/\/www.paris-ancien.fr\/expos-universelles\/wp-content\/uploads\/2025\/12\/mausolee.jpg 1600w\" sizes=\"(max-width: 768px) 100vw, 768px\" \/>\t\t\t\t\t\t\t\t<\/a>\n\t\t\t\t\t\t\t\t\t\t\t\t\t\t\t<\/div>\n\t\t\t\t<\/div>\n\t\t\t\t\t<\/div>\n\t\t\t\t<\/div>\n\t\t<div class=\"elementor-element elementor-element-8902ea2 e-flex e-con-boxed e-con e-parent\" data-id=\"8902ea2\" data-element_type=\"container\" data-e-type=\"container\">\n\t\t\t\t\t<div class=\"e-con-inner\">\n\t\t\t\t<div class=\"elementor-element elementor-element-7ffe160 elementor-widget elementor-widget-spacer\" data-id=\"7ffe160\" data-element_type=\"widget\" data-e-type=\"widget\" data-widget_type=\"spacer.default\">\n\t\t\t\t\t\t\t<div class=\"elementor-spacer\">\n\t\t\t<div class=\"elementor-spacer-inner\"><\/div>\n\t\t<\/div>\n\t\t\t\t\t\t<\/div>\n\t\t\t\t\t<\/div>\n\t\t\t\t<\/div>\n\t\t\t\t<\/div>\n\t\t","protected":false},"excerpt":{"rendered":"<p>Paris \u2013 12e Arrondissement Statue de la Porte Dor\u00e9e Exposition coloniale de 1931. Cette statue qui \u00e9tait auparavant devant l\u2019entr\u00e9e [&hellip;]<\/p>\n","protected":false},"author":1,"featured_media":0,"parent":0,"menu_order":0,"comment_status":"closed","ping_status":"closed","template":"","meta":{"_seopress_robots_primary_cat":"","_seopress_titles_title":"","_seopress_titles_desc":"Expositions Universelles de Paris - Vestiges des expos de 1855 1867 1889 1900 1907 1931 et 1937. Palais, Frontons, chalets, statues et ornements - Paris 12e","_seopress_robots_index":"","site-sidebar-layout":"no-sidebar","site-content-layout":"","ast-site-content-layout":"full-width-container","site-content-style":"default","site-sidebar-style":"default","ast-global-header-display":"","ast-banner-title-visibility":"","ast-main-header-display":"","ast-hfb-above-header-display":"","ast-hfb-below-header-display":"","ast-hfb-mobile-header-display":"","site-post-title":"disabled","ast-breadcrumbs-content":"","ast-featured-img":"disabled","footer-sml-layout":"","ast-disable-related-posts":"","theme-transparent-header-meta":"","adv-header-id-meta":"","stick-header-meta":"","header-above-stick-meta":"","header-main-stick-meta":"","header-below-stick-meta":"","astra-migrate-meta-layouts":"default","ast-page-background-enabled":"default","ast-page-background-meta":{"desktop":{"background-color":"var(--ast-global-color-5)","background-image":"","background-repeat":"repeat","background-position":"center center","background-size":"auto","background-attachment":"scroll","background-type":"","background-media":"","overlay-type":"","overlay-color":"","overlay-opacity":"","overlay-gradient":""},"tablet":{"background-color":"","background-image":"","background-repeat":"repeat","background-position":"center center","background-size":"auto","background-attachment":"scroll","background-type":"","background-media":"","overlay-type":"","overlay-color":"","overlay-opacity":"","overlay-gradient":""},"mobile":{"background-color":"","background-image":"","background-repeat":"repeat","background-position":"center center","background-size":"auto","background-attachment":"scroll","background-type":"","background-media":"","overlay-type":"","overlay-color":"","overlay-opacity":"","overlay-gradient":""}},"ast-content-background-meta":{"desktop":{"background-color":"var(--ast-global-color-4)","background-image":"","background-repeat":"repeat","background-position":"center center","background-size":"auto","background-attachment":"scroll","background-type":"","background-media":"","overlay-type":"","overlay-color":"","overlay-opacity":"","overlay-gradient":""},"tablet":{"background-color":"var(--ast-global-color-4)","background-image":"","background-repeat":"repeat","background-position":"center center","background-size":"auto","background-attachment":"scroll","background-type":"","background-media":"","overlay-type":"","overlay-color":"","overlay-opacity":"","overlay-gradient":""},"mobile":{"background-color":"var(--ast-global-color-4)","background-image":"","background-repeat":"repeat","background-position":"center center","background-size":"auto","background-attachment":"scroll","background-type":"","background-media":"","overlay-type":"","overlay-color":"","overlay-opacity":"","overlay-gradient":""}},"footnotes":""},"class_list":["post-22","page","type-page","status-publish","hentry"],"_links":{"self":[{"href":"https:\/\/www.paris-ancien.fr\/expos-universelles\/wp-json\/wp\/v2\/pages\/22","targetHints":{"allow":["GET"]}}],"collection":[{"href":"https:\/\/www.paris-ancien.fr\/expos-universelles\/wp-json\/wp\/v2\/pages"}],"about":[{"href":"https:\/\/www.paris-ancien.fr\/expos-universelles\/wp-json\/wp\/v2\/types\/page"}],"author":[{"embeddable":true,"href":"https:\/\/www.paris-ancien.fr\/expos-universelles\/wp-json\/wp\/v2\/users\/1"}],"replies":[{"embeddable":true,"href":"https:\/\/www.paris-ancien.fr\/expos-universelles\/wp-json\/wp\/v2\/comments?post=22"}],"version-history":[{"count":62,"href":"https:\/\/www.paris-ancien.fr\/expos-universelles\/wp-json\/wp\/v2\/pages\/22\/revisions"}],"predecessor-version":[{"id":1372,"href":"https:\/\/www.paris-ancien.fr\/expos-universelles\/wp-json\/wp\/v2\/pages\/22\/revisions\/1372"}],"wp:attachment":[{"href":"https:\/\/www.paris-ancien.fr\/expos-universelles\/wp-json\/wp\/v2\/media?parent=22"}],"curies":[{"name":"wp","href":"https:\/\/api.w.org\/{rel}","templated":true}]}}