{"id":16,"date":"2025-12-18T14:59:51","date_gmt":"2025-12-18T13:59:51","guid":{"rendered":"https:\/\/paris-ancien.fr\/expos-universelles\/?page_id=16"},"modified":"2025-12-21T21:18:16","modified_gmt":"2025-12-21T20:18:16","slug":"paris-7e-arrondissement","status":"publish","type":"page","link":"https:\/\/www.paris-ancien.fr\/expos-universelles\/paris-7e-arrondissement\/","title":{"rendered":"Paris &#8211; 7e Arrondissement"},"content":{"rendered":"\t\t<div data-elementor-type=\"wp-page\" data-elementor-id=\"16\" class=\"elementor elementor-16\">\n\t\t\t\t<div class=\"elementor-element elementor-element-284ba02 e-flex e-con-boxed e-con e-parent\" data-id=\"284ba02\" data-element_type=\"container\" data-e-type=\"container\">\n\t\t\t\t\t<div class=\"e-con-inner\">\n\t\t\t\t<div class=\"elementor-element elementor-element-2350431 elementor-widget elementor-widget-heading\" data-id=\"2350431\" data-element_type=\"widget\" data-e-type=\"widget\" data-widget_type=\"heading.default\">\n\t\t\t\t\t<h2 class=\"elementor-heading-title elementor-size-default\">Paris \u2013 7e Arrondissement<\/h2>\t\t\t\t<\/div>\n\t\t\t\t\t<\/div>\n\t\t\t\t<\/div>\n\t\t<div class=\"elementor-element elementor-element-9ea9803 e-flex e-con-boxed e-con e-parent\" data-id=\"9ea9803\" data-element_type=\"container\" data-e-type=\"container\">\n\t\t\t\t\t<div class=\"e-con-inner\">\n\t\t\t\t<div class=\"elementor-element elementor-element-a002b06 elementor-widget elementor-widget-heading\" data-id=\"a002b06\" data-element_type=\"widget\" data-e-type=\"widget\" data-widget_type=\"heading.default\">\n\t\t\t\t\t<h4 class=\"elementor-heading-title elementor-size-default\">Tour Eiffel (Expo de 1889)<\/h4>\t\t\t\t<\/div>\n\t\t\t\t\t<\/div>\n\t\t\t\t<\/div>\n\t\t<div class=\"elementor-element elementor-element-851f39d e-flex e-con-boxed e-con e-parent\" data-id=\"851f39d\" data-element_type=\"container\" data-e-type=\"container\">\n\t\t\t\t\t<div class=\"e-con-inner\">\n\t\t\t\t<div class=\"elementor-element elementor-element-8e8e297 elementor-widget elementor-widget-text-editor\" data-id=\"8e8e297\" data-element_type=\"widget\" data-e-type=\"widget\" data-widget_type=\"text-editor.default\">\n\t\t\t\t\t\t\t\t\t<p>\u00a0Elle f\u00fbt construite par Gustave Eiffel. La Tour Eiffel faillit \u00eatre d\u00e9truite apr\u00e8s l\u2019exposition universelle mais f\u00fbt heureusement conserv\u00e9e. Elle attire de nombreux touristes.<\/p>\t\t\t\t\t\t\t\t<\/div>\n\t\t\t\t\t<\/div>\n\t\t\t\t<\/div>\n\t\t<div class=\"elementor-element elementor-element-1f6d8fb e-flex e-con-boxed e-con e-parent\" data-id=\"1f6d8fb\" data-element_type=\"container\" data-e-type=\"container\">\n\t\t\t\t\t<div class=\"e-con-inner\">\n\t\t<div class=\"elementor-element elementor-element-125b467 e-con-full e-flex e-con e-child\" data-id=\"125b467\" data-element_type=\"container\" data-e-type=\"container\">\n\t\t\t\t<div class=\"elementor-element elementor-element-943e453 elementor-widget elementor-widget-google_maps\" data-id=\"943e453\" data-element_type=\"widget\" data-e-type=\"widget\" data-widget_type=\"google_maps.default\">\n\t\t\t\t\t\t\t<div class=\"elementor-custom-embed\">\n\t\t\t<iframe loading=\"lazy\"\n\t\t\t\t\tsrc=\"https:\/\/maps.google.com\/maps?q=tour%20eiffel&#038;t=m&#038;z=16&#038;output=embed&#038;iwloc=near\"\n\t\t\t\t\ttitle=\"tour eiffel\"\n\t\t\t\t\taria-label=\"tour eiffel\"\n\t\t\t><\/iframe>\n\t\t<\/div>\n\t\t\t\t\t\t<\/div>\n\t\t\t\t<\/div>\n\t\t<div class=\"elementor-element elementor-element-a3da6e4 e-con-full e-flex e-con e-child\" data-id=\"a3da6e4\" data-element_type=\"container\" data-e-type=\"container\">\n\t\t\t\t<div class=\"elementor-element elementor-element-cf82b1f elementor-widget elementor-widget-image\" data-id=\"cf82b1f\" data-element_type=\"widget\" data-e-type=\"widget\" data-widget_type=\"image.default\">\n\t\t\t\t\t\t\t\t\t\t\t\t\t\t\t\t<a href=\"https:\/\/www.paris-ancien.fr\/expos-universelles\/wp-content\/uploads\/2025\/12\/tour-eiffel.jpg\" data-elementor-open-lightbox=\"yes\" data-elementor-lightbox-title=\"tour-eiffel\" data-e-action-hash=\"#elementor-action%3Aaction%3Dlightbox%26settings%3DeyJpZCI6MTY5LCJ1cmwiOiJodHRwczpcL1wvd3d3LnBhcmlzLWFuY2llbi5mclwvZXhwb3MtdW5pdmVyc2VsbGVzXC93cC1jb250ZW50XC91cGxvYWRzXC8yMDI1XC8xMlwvdG91ci1laWZmZWwuanBnIn0%3D\">\n\t\t\t\t\t\t\t<img alt=\"\" fetchpriority=\"high\" decoding=\"async\" width=\"768\" height=\"576\" src=\"https:\/\/www.paris-ancien.fr\/expos-universelles\/wp-content\/uploads\/2025\/12\/tour-eiffel-768x576.jpg\" class=\"attachment-medium_large size-medium_large wp-image-169\" alt=\"\" srcset=\"https:\/\/www.paris-ancien.fr\/expos-universelles\/wp-content\/uploads\/2025\/12\/tour-eiffel-768x576.jpg 768w, https:\/\/www.paris-ancien.fr\/expos-universelles\/wp-content\/uploads\/2025\/12\/tour-eiffel-300x225.jpg 300w, https:\/\/www.paris-ancien.fr\/expos-universelles\/wp-content\/uploads\/2025\/12\/tour-eiffel-1024x768.jpg 1024w, https:\/\/www.paris-ancien.fr\/expos-universelles\/wp-content\/uploads\/2025\/12\/tour-eiffel-1536x1152.jpg 1536w, https:\/\/www.paris-ancien.fr\/expos-universelles\/wp-content\/uploads\/2025\/12\/tour-eiffel.jpg 1600w\" sizes=\"(max-width: 768px) 100vw, 768px\" \/>\t\t\t\t\t\t\t\t<\/a>\n\t\t\t\t\t\t\t\t\t\t\t\t\t\t\t<\/div>\n\t\t\t\t<\/div>\n\t\t\t\t\t<\/div>\n\t\t\t\t<\/div>\n\t\t<div class=\"elementor-element elementor-element-0f7165c e-flex e-con-boxed e-con e-parent\" data-id=\"0f7165c\" data-element_type=\"container\" data-e-type=\"container\">\n\t\t\t\t\t<div class=\"e-con-inner\">\n\t\t\t\t<div class=\"elementor-element elementor-element-20885c1 elementor-widget elementor-widget-heading\" data-id=\"20885c1\" data-element_type=\"widget\" data-e-type=\"widget\" data-widget_type=\"heading.default\">\n\t\t\t\t\t<h4 class=\"elementor-heading-title elementor-size-default\">Zouave du Pont de l'Alma (Expo de 1855)<\/h4>\t\t\t\t<\/div>\n\t\t\t\t\t<\/div>\n\t\t\t\t<\/div>\n\t\t<div class=\"elementor-element elementor-element-591f747 e-flex e-con-boxed e-con e-parent\" data-id=\"591f747\" data-element_type=\"container\" data-e-type=\"container\">\n\t\t\t\t\t<div class=\"e-con-inner\">\n\t\t\t\t<div class=\"elementor-element elementor-element-44d2ecb elementor-widget elementor-widget-text-editor\" data-id=\"44d2ecb\" data-element_type=\"widget\" data-e-type=\"widget\" data-widget_type=\"text-editor.default\">\n\t\t\t\t\t\t\t\t\t<p>Ce zouave est le dernier des 4 zouaves restant. Un d\u2019eux se trouve \u00e0 Joinville le long de l\u2019autoroute. Il sert de r\u00e9f\u00e9rence pour la crue de la Seine.<\/p>\t\t\t\t\t\t\t\t<\/div>\n\t\t\t\t\t<\/div>\n\t\t\t\t<\/div>\n\t\t<div class=\"elementor-element elementor-element-bed78ae e-flex e-con-boxed e-con e-parent\" data-id=\"bed78ae\" data-element_type=\"container\" data-e-type=\"container\">\n\t\t\t\t\t<div class=\"e-con-inner\">\n\t\t\t\t\t<\/div>\n\t\t\t\t<\/div>\n\t\t<div class=\"elementor-element elementor-element-70c602d e-flex e-con-boxed e-con e-parent\" data-id=\"70c602d\" data-element_type=\"container\" data-e-type=\"container\">\n\t\t\t\t\t<div class=\"e-con-inner\">\n\t\t<div class=\"elementor-element elementor-element-3818030 e-con-full e-flex e-con e-child\" data-id=\"3818030\" data-element_type=\"container\" data-e-type=\"container\">\n\t\t\t\t<div class=\"elementor-element elementor-element-4c7b680 elementor-widget elementor-widget-google_maps\" data-id=\"4c7b680\" data-element_type=\"widget\" data-e-type=\"widget\" data-widget_type=\"google_maps.default\">\n\t\t\t\t\t\t\t<div class=\"elementor-custom-embed\">\n\t\t\t<iframe loading=\"lazy\"\n\t\t\t\t\tsrc=\"https:\/\/maps.google.com\/maps?q=zouave%20du%20pont%20de%20l%27alma&#038;t=m&#038;z=16&#038;output=embed&#038;iwloc=near\"\n\t\t\t\t\ttitle=\"zouave du pont de l&#039;alma\"\n\t\t\t\t\taria-label=\"zouave du pont de l&#039;alma\"\n\t\t\t><\/iframe>\n\t\t<\/div>\n\t\t\t\t\t\t<\/div>\n\t\t\t\t<\/div>\n\t\t<div class=\"elementor-element elementor-element-4379806 e-con-full e-flex e-con e-child\" data-id=\"4379806\" data-element_type=\"container\" data-e-type=\"container\">\n\t\t\t\t<div class=\"elementor-element elementor-element-526c7eb elementor-widget elementor-widget-image\" data-id=\"526c7eb\" data-element_type=\"widget\" data-e-type=\"widget\" data-widget_type=\"image.default\">\n\t\t\t\t\t\t\t\t\t\t\t\t\t\t\t\t<a href=\"https:\/\/www.paris-ancien.fr\/expos-universelles\/wp-content\/uploads\/2025\/12\/zouave-pont-alma.jpg\" data-elementor-open-lightbox=\"yes\" data-elementor-lightbox-title=\"zouave-pont-alma\" data-e-action-hash=\"#elementor-action%3Aaction%3Dlightbox%26settings%3DeyJpZCI6MTc4LCJ1cmwiOiJodHRwczpcL1wvd3d3LnBhcmlzLWFuY2llbi5mclwvZXhwb3MtdW5pdmVyc2VsbGVzXC93cC1jb250ZW50XC91cGxvYWRzXC8yMDI1XC8xMlwvem91YXZlLXBvbnQtYWxtYS5qcGcifQ%3D%3D\">\n\t\t\t\t\t\t\t<img alt=\"\" decoding=\"async\" width=\"768\" height=\"576\" src=\"https:\/\/www.paris-ancien.fr\/expos-universelles\/wp-content\/uploads\/2025\/12\/zouave-pont-alma-768x576.jpg\" class=\"attachment-medium_large size-medium_large wp-image-178\" alt=\"\" srcset=\"https:\/\/www.paris-ancien.fr\/expos-universelles\/wp-content\/uploads\/2025\/12\/zouave-pont-alma-768x576.jpg 768w, https:\/\/www.paris-ancien.fr\/expos-universelles\/wp-content\/uploads\/2025\/12\/zouave-pont-alma-300x225.jpg 300w, https:\/\/www.paris-ancien.fr\/expos-universelles\/wp-content\/uploads\/2025\/12\/zouave-pont-alma-1024x768.jpg 1024w, https:\/\/www.paris-ancien.fr\/expos-universelles\/wp-content\/uploads\/2025\/12\/zouave-pont-alma-1536x1152.jpg 1536w, https:\/\/www.paris-ancien.fr\/expos-universelles\/wp-content\/uploads\/2025\/12\/zouave-pont-alma.jpg 1600w\" sizes=\"(max-width: 768px) 100vw, 768px\" \/>\t\t\t\t\t\t\t\t<\/a>\n\t\t\t\t\t\t\t\t\t\t\t\t\t\t\t<\/div>\n\t\t\t\t<\/div>\n\t\t\t\t\t<\/div>\n\t\t\t\t<\/div>\n\t\t<div class=\"elementor-element elementor-element-1fe292d e-flex e-con-boxed e-con e-parent\" data-id=\"1fe292d\" data-element_type=\"container\" data-e-type=\"container\">\n\t\t\t\t\t<div class=\"e-con-inner\">\n\t\t\t\t<div class=\"elementor-element elementor-element-5a8f226 elementor-widget elementor-widget-heading\" data-id=\"5a8f226\" data-element_type=\"widget\" data-e-type=\"widget\" data-widget_type=\"heading.default\">\n\t\t\t\t\t<h4 class=\"elementor-heading-title elementor-size-default\">Passerelle Debilly (Expo de 1900)<\/h4>\t\t\t\t<\/div>\n\t\t<div class=\"elementor-element elementor-element-8b17e9e e-con-full e-flex e-con e-child\" data-id=\"8b17e9e\" data-element_type=\"container\" data-e-type=\"container\">\n\t\t\t\t<div class=\"elementor-element elementor-element-9b80250 elementor-widget elementor-widget-text-editor\" data-id=\"9b80250\" data-element_type=\"widget\" data-e-type=\"widget\" data-widget_type=\"text-editor.default\">\n\t\t\t\t\t\t\t\t\t<p>Passerelle con\u00e7ue par Resal, d\u2019Alby et Lion. Elle permettait \u00e0 l\u2019Epoque de relier le Palais de Tokyo au palais des expositions situ\u00e9 sur l\u2019autre rive<\/p>\t\t\t\t\t\t\t\t<\/div>\n\t\t\t\t<\/div>\n\t\t\t\t\t<\/div>\n\t\t\t\t<\/div>\n\t\t<div class=\"elementor-element elementor-element-bcf81a3 e-flex e-con-boxed e-con e-parent\" data-id=\"bcf81a3\" data-element_type=\"container\" data-e-type=\"container\">\n\t\t\t\t\t<div class=\"e-con-inner\">\n\t\t<div class=\"elementor-element elementor-element-8f638b1 e-con-full e-flex e-con e-child\" data-id=\"8f638b1\" data-element_type=\"container\" data-e-type=\"container\">\n\t\t\t\t<div class=\"elementor-element elementor-element-2322422 elementor-widget elementor-widget-google_maps\" data-id=\"2322422\" data-element_type=\"widget\" data-e-type=\"widget\" data-widget_type=\"google_maps.default\">\n\t\t\t\t\t\t\t<div class=\"elementor-custom-embed\">\n\t\t\t<iframe loading=\"lazy\"\n\t\t\t\t\tsrc=\"https:\/\/maps.google.com\/maps?q=passerelle%20debilly&#038;t=m&#038;z=16&#038;output=embed&#038;iwloc=near\"\n\t\t\t\t\ttitle=\"passerelle debilly\"\n\t\t\t\t\taria-label=\"passerelle debilly\"\n\t\t\t><\/iframe>\n\t\t<\/div>\n\t\t\t\t\t\t<\/div>\n\t\t\t\t<\/div>\n\t\t<div class=\"elementor-element elementor-element-da26b4e e-con-full e-flex e-con e-child\" data-id=\"da26b4e\" data-element_type=\"container\" data-e-type=\"container\">\n\t\t\t\t<div class=\"elementor-element elementor-element-2fea63a elementor-widget elementor-widget-image\" data-id=\"2fea63a\" data-element_type=\"widget\" data-e-type=\"widget\" data-widget_type=\"image.default\">\n\t\t\t\t\t\t\t\t\t\t\t\t\t\t\t\t<a href=\"https:\/\/www.paris-ancien.fr\/expos-universelles\/wp-content\/uploads\/2025\/12\/passerelle-debilly.jpg\" data-elementor-open-lightbox=\"yes\" data-elementor-lightbox-title=\"passerelle-debilly\" data-e-action-hash=\"#elementor-action%3Aaction%3Dlightbox%26settings%3DeyJpZCI6MTg4LCJ1cmwiOiJodHRwczpcL1wvd3d3LnBhcmlzLWFuY2llbi5mclwvZXhwb3MtdW5pdmVyc2VsbGVzXC93cC1jb250ZW50XC91cGxvYWRzXC8yMDI1XC8xMlwvcGFzc2VyZWxsZS1kZWJpbGx5LmpwZyJ9\">\n\t\t\t\t\t\t\t<img alt=\"\" decoding=\"async\" width=\"768\" height=\"576\" src=\"https:\/\/www.paris-ancien.fr\/expos-universelles\/wp-content\/uploads\/2025\/12\/passerelle-debilly-768x576.jpg\" class=\"attachment-medium_large size-medium_large wp-image-188\" alt=\"\" srcset=\"https:\/\/www.paris-ancien.fr\/expos-universelles\/wp-content\/uploads\/2025\/12\/passerelle-debilly-768x576.jpg 768w, https:\/\/www.paris-ancien.fr\/expos-universelles\/wp-content\/uploads\/2025\/12\/passerelle-debilly-300x225.jpg 300w, https:\/\/www.paris-ancien.fr\/expos-universelles\/wp-content\/uploads\/2025\/12\/passerelle-debilly-1024x768.jpg 1024w, https:\/\/www.paris-ancien.fr\/expos-universelles\/wp-content\/uploads\/2025\/12\/passerelle-debilly-1536x1152.jpg 1536w, https:\/\/www.paris-ancien.fr\/expos-universelles\/wp-content\/uploads\/2025\/12\/passerelle-debilly.jpg 1600w\" sizes=\"(max-width: 768px) 100vw, 768px\" \/>\t\t\t\t\t\t\t\t<\/a>\n\t\t\t\t\t\t\t\t\t\t\t\t\t\t\t<\/div>\n\t\t\t\t<\/div>\n\t\t\t\t\t<\/div>\n\t\t\t\t<\/div>\n\t\t<div class=\"elementor-element elementor-element-fdbc8a5 e-flex e-con-boxed e-con e-parent\" data-id=\"fdbc8a5\" data-element_type=\"container\" data-e-type=\"container\">\n\t\t\t\t\t<div class=\"e-con-inner\">\n\t\t\t\t<div class=\"elementor-element elementor-element-97269f2 elementor-widget elementor-widget-heading\" data-id=\"97269f2\" data-element_type=\"widget\" data-e-type=\"widget\" data-widget_type=\"heading.default\">\n\t\t\t\t\t<h4 class=\"elementor-heading-title elementor-size-default\">Gare des Invalides (Expo de 1900)<\/h4>\t\t\t\t<\/div>\n\t\t<div class=\"elementor-element elementor-element-3882a0a e-con-full e-flex e-con e-child\" data-id=\"3882a0a\" data-element_type=\"container\" data-e-type=\"container\">\n\t\t\t\t<div class=\"elementor-element elementor-element-302d153 elementor-widget elementor-widget-text-editor\" data-id=\"302d153\" data-element_type=\"widget\" data-e-type=\"widget\" data-widget_type=\"text-editor.default\">\n\t\t\t\t\t\t\t\t\t<p>Une deuxi\u00e8me gare est construite par la Compagnie des Chemins de Fer de l\u2019Ouest : La gare des Invalides. Elle f\u00fbt ensuite ferm\u00e9e puis r\u00e9ouverte avec la cr\u00e9ation et le prolongement du RER C.<\/p>\t\t\t\t\t\t\t\t<\/div>\n\t\t\t\t<\/div>\n\t\t\t\t\t<\/div>\n\t\t\t\t<\/div>\n\t\t<div class=\"elementor-element elementor-element-05b3b8f e-flex e-con-boxed e-con e-parent\" data-id=\"05b3b8f\" data-element_type=\"container\" data-e-type=\"container\">\n\t\t\t\t\t<div class=\"e-con-inner\">\n\t\t<div class=\"elementor-element elementor-element-c7ae379 e-con-full e-flex e-con e-child\" data-id=\"c7ae379\" data-element_type=\"container\" data-e-type=\"container\">\n\t\t\t\t<div class=\"elementor-element elementor-element-f275a46 elementor-widget elementor-widget-google_maps\" data-id=\"f275a46\" data-element_type=\"widget\" data-e-type=\"widget\" data-widget_type=\"google_maps.default\">\n\t\t\t\t\t\t\t<div class=\"elementor-custom-embed\">\n\t\t\t<iframe loading=\"lazy\"\n\t\t\t\t\tsrc=\"https:\/\/maps.google.com\/maps?q=gare%20des%20invalides&#038;t=m&#038;z=16&#038;output=embed&#038;iwloc=near\"\n\t\t\t\t\ttitle=\"gare des invalides\"\n\t\t\t\t\taria-label=\"gare des invalides\"\n\t\t\t><\/iframe>\n\t\t<\/div>\n\t\t\t\t\t\t<\/div>\n\t\t\t\t<\/div>\n\t\t<div class=\"elementor-element elementor-element-5b06a2d e-con-full e-flex e-con e-child\" data-id=\"5b06a2d\" data-element_type=\"container\" data-e-type=\"container\">\n\t\t\t\t<div class=\"elementor-element elementor-element-2c90630 elementor-widget elementor-widget-image\" data-id=\"2c90630\" data-element_type=\"widget\" data-e-type=\"widget\" data-widget_type=\"image.default\">\n\t\t\t\t\t\t\t\t\t\t\t\t\t\t\t\t<a href=\"https:\/\/www.paris-ancien.fr\/expos-universelles\/wp-content\/uploads\/2025\/12\/invalides.jpg\" data-elementor-open-lightbox=\"yes\" data-elementor-lightbox-title=\"invalides\" data-e-action-hash=\"#elementor-action%3Aaction%3Dlightbox%26settings%3DeyJpZCI6MTk1LCJ1cmwiOiJodHRwczpcL1wvd3d3LnBhcmlzLWFuY2llbi5mclwvZXhwb3MtdW5pdmVyc2VsbGVzXC93cC1jb250ZW50XC91cGxvYWRzXC8yMDI1XC8xMlwvaW52YWxpZGVzLmpwZyJ9\">\n\t\t\t\t\t\t\t<img alt=\"\" loading=\"lazy\" decoding=\"async\" width=\"768\" height=\"576\" src=\"https:\/\/www.paris-ancien.fr\/expos-universelles\/wp-content\/uploads\/2025\/12\/invalides-768x576.jpg\" class=\"attachment-medium_large size-medium_large wp-image-195\" alt=\"\" srcset=\"https:\/\/www.paris-ancien.fr\/expos-universelles\/wp-content\/uploads\/2025\/12\/invalides-768x576.jpg 768w, https:\/\/www.paris-ancien.fr\/expos-universelles\/wp-content\/uploads\/2025\/12\/invalides-300x225.jpg 300w, https:\/\/www.paris-ancien.fr\/expos-universelles\/wp-content\/uploads\/2025\/12\/invalides-1024x768.jpg 1024w, https:\/\/www.paris-ancien.fr\/expos-universelles\/wp-content\/uploads\/2025\/12\/invalides-1536x1152.jpg 1536w, https:\/\/www.paris-ancien.fr\/expos-universelles\/wp-content\/uploads\/2025\/12\/invalides.jpg 1600w\" sizes=\"(max-width: 768px) 100vw, 768px\" \/>\t\t\t\t\t\t\t\t<\/a>\n\t\t\t\t\t\t\t\t\t\t\t\t\t\t\t<\/div>\n\t\t\t\t<\/div>\n\t\t\t\t\t<\/div>\n\t\t\t\t<\/div>\n\t\t<div class=\"elementor-element elementor-element-da0b84b e-flex e-con-boxed e-con e-parent\" data-id=\"da0b84b\" data-element_type=\"container\" data-e-type=\"container\">\n\t\t\t\t\t<div class=\"e-con-inner\">\n\t\t\t\t<div class=\"elementor-element elementor-element-398ce14 elementor-widget elementor-widget-heading\" data-id=\"398ce14\" data-element_type=\"widget\" data-e-type=\"widget\" data-widget_type=\"heading.default\">\n\t\t\t\t\t<h4 class=\"elementor-heading-title elementor-size-default\">Mus\u00e9e d'Orsay (Expo de 1900)<\/h4>\t\t\t\t<\/div>\n\t\t<div class=\"elementor-element elementor-element-9a3494f e-con-full e-flex e-con e-child\" data-id=\"9a3494f\" data-element_type=\"container\" data-e-type=\"container\">\n\t\t\t\t<div class=\"elementor-element elementor-element-7a3bfdb elementor-widget elementor-widget-text-editor\" data-id=\"7a3bfdb\" data-element_type=\"widget\" data-e-type=\"widget\" data-widget_type=\"text-editor.default\">\n\t\t\t\t\t\t\t\t\t Ancienne gare construite pour l\u2019exposition universelle sur la ligne du Champ de Mars. Convertie en mus\u00e9e en 1986, elle a \u00e9chapp\u00e9 \u00e0 la destruction \t\t\t\t\t\t\t\t<\/div>\n\t\t\t\t<\/div>\n\t\t\t\t\t<\/div>\n\t\t\t\t<\/div>\n\t\t<div class=\"elementor-element elementor-element-bd8f663 e-flex e-con-boxed e-con e-parent\" data-id=\"bd8f663\" data-element_type=\"container\" data-e-type=\"container\">\n\t\t\t\t\t<div class=\"e-con-inner\">\n\t\t<div class=\"elementor-element elementor-element-27e2d18 e-con-full e-flex e-con e-child\" data-id=\"27e2d18\" data-element_type=\"container\" data-e-type=\"container\">\n\t\t\t\t<div class=\"elementor-element elementor-element-b07e205 elementor-widget elementor-widget-google_maps\" data-id=\"b07e205\" data-element_type=\"widget\" data-e-type=\"widget\" data-widget_type=\"google_maps.default\">\n\t\t\t\t\t\t\t<div class=\"elementor-custom-embed\">\n\t\t\t<iframe loading=\"lazy\"\n\t\t\t\t\tsrc=\"https:\/\/maps.google.com\/maps?q=musee%20d%27orsay&#038;t=m&#038;z=16&#038;output=embed&#038;iwloc=near\"\n\t\t\t\t\ttitle=\"musee d&#039;orsay\"\n\t\t\t\t\taria-label=\"musee d&#039;orsay\"\n\t\t\t><\/iframe>\n\t\t<\/div>\n\t\t\t\t\t\t<\/div>\n\t\t\t\t<\/div>\n\t\t<div class=\"elementor-element elementor-element-ee37f4f e-con-full e-flex e-con e-child\" data-id=\"ee37f4f\" data-element_type=\"container\" data-e-type=\"container\">\n\t\t\t\t<div class=\"elementor-element elementor-element-c7c73f3 elementor-widget elementor-widget-image\" data-id=\"c7c73f3\" data-element_type=\"widget\" data-e-type=\"widget\" data-widget_type=\"image.default\">\n\t\t\t\t\t\t\t\t\t\t\t\t\t\t\t\t<a href=\"https:\/\/www.paris-ancien.fr\/expos-universelles\/wp-content\/uploads\/2025\/12\/invalides.jpg\" data-elementor-open-lightbox=\"yes\" data-elementor-lightbox-title=\"invalides\" data-e-action-hash=\"#elementor-action%3Aaction%3Dlightbox%26settings%3DeyJpZCI6MTk1LCJ1cmwiOiJodHRwczpcL1wvd3d3LnBhcmlzLWFuY2llbi5mclwvZXhwb3MtdW5pdmVyc2VsbGVzXC93cC1jb250ZW50XC91cGxvYWRzXC8yMDI1XC8xMlwvaW52YWxpZGVzLmpwZyJ9\">\n\t\t\t\t\t\t\t<img alt=\"\" loading=\"lazy\" decoding=\"async\" width=\"768\" height=\"576\" src=\"https:\/\/www.paris-ancien.fr\/expos-universelles\/wp-content\/uploads\/2025\/12\/invalides-768x576.jpg\" class=\"attachment-medium_large size-medium_large wp-image-195\" alt=\"\" srcset=\"https:\/\/www.paris-ancien.fr\/expos-universelles\/wp-content\/uploads\/2025\/12\/invalides-768x576.jpg 768w, https:\/\/www.paris-ancien.fr\/expos-universelles\/wp-content\/uploads\/2025\/12\/invalides-300x225.jpg 300w, https:\/\/www.paris-ancien.fr\/expos-universelles\/wp-content\/uploads\/2025\/12\/invalides-1024x768.jpg 1024w, https:\/\/www.paris-ancien.fr\/expos-universelles\/wp-content\/uploads\/2025\/12\/invalides-1536x1152.jpg 1536w, https:\/\/www.paris-ancien.fr\/expos-universelles\/wp-content\/uploads\/2025\/12\/invalides.jpg 1600w\" sizes=\"(max-width: 768px) 100vw, 768px\" \/>\t\t\t\t\t\t\t\t<\/a>\n\t\t\t\t\t\t\t\t\t\t\t\t\t\t\t<\/div>\n\t\t\t\t<\/div>\n\t\t\t\t\t<\/div>\n\t\t\t\t<\/div>\n\t\t<div class=\"elementor-element elementor-element-b87afc6 e-flex e-con-boxed e-con e-parent\" data-id=\"b87afc6\" data-element_type=\"container\" data-e-type=\"container\">\n\t\t\t\t\t<div class=\"e-con-inner\">\n\t\t\t\t<div class=\"elementor-element elementor-element-aa918e8 elementor-widget elementor-widget-heading\" data-id=\"aa918e8\" data-element_type=\"widget\" data-e-type=\"widget\" data-widget_type=\"heading.default\">\n\t\t\t\t\t<h4 class=\"elementor-heading-title elementor-size-default\">Animaux du Mus\u00e9e d'Orsay (Expo de 1900)<\/h4>\t\t\t\t<\/div>\n\t\t<div class=\"elementor-element elementor-element-f07f63c e-con-full e-flex e-con e-child\" data-id=\"f07f63c\" data-element_type=\"container\" data-e-type=\"container\">\n\t\t\t\t<div class=\"elementor-element elementor-element-356c2ad elementor-widget elementor-widget-text-editor\" data-id=\"356c2ad\" data-element_type=\"widget\" data-e-type=\"widget\" data-widget_type=\"text-editor.default\">\n\t\t\t\t\t\t\t\t\t<p>Ces animaux \u00e9taient devant la fontaine du trocad\u00e9ro.<\/p>\t\t\t\t\t\t\t\t<\/div>\n\t\t\t\t<\/div>\n\t\t\t\t\t<\/div>\n\t\t\t\t<\/div>\n\t\t<div class=\"elementor-element elementor-element-c7d67f2 e-flex e-con-boxed e-con e-parent\" data-id=\"c7d67f2\" data-element_type=\"container\" data-e-type=\"container\">\n\t\t\t\t\t<div class=\"e-con-inner\">\n\t\t<div class=\"elementor-element elementor-element-1d2be00 e-con-full e-flex e-con e-child\" data-id=\"1d2be00\" data-element_type=\"container\" data-e-type=\"container\">\n\t\t\t\t<div class=\"elementor-element elementor-element-9402749 elementor-widget elementor-widget-google_maps\" data-id=\"9402749\" data-element_type=\"widget\" data-e-type=\"widget\" data-widget_type=\"google_maps.default\">\n\t\t\t\t\t\t\t<div class=\"elementor-custom-embed\">\n\t\t\t<iframe loading=\"lazy\"\n\t\t\t\t\tsrc=\"https:\/\/maps.google.com\/maps?q=musee%20d%27orsay&#038;t=m&#038;z=16&#038;output=embed&#038;iwloc=near\"\n\t\t\t\t\ttitle=\"musee d&#039;orsay\"\n\t\t\t\t\taria-label=\"musee d&#039;orsay\"\n\t\t\t><\/iframe>\n\t\t<\/div>\n\t\t\t\t\t\t<\/div>\n\t\t\t\t<\/div>\n\t\t<div class=\"elementor-element elementor-element-02bfeb1 e-con-full e-flex e-con e-child\" data-id=\"02bfeb1\" data-element_type=\"container\" data-e-type=\"container\">\n\t\t\t\t<div class=\"elementor-element elementor-element-24cfa16 elementor-widget elementor-widget-image\" data-id=\"24cfa16\" data-element_type=\"widget\" data-e-type=\"widget\" data-widget_type=\"image.default\">\n\t\t\t\t\t\t\t\t\t\t\t\t\t\t\t\t<a href=\"https:\/\/www.paris-ancien.fr\/expos-universelles\/wp-content\/uploads\/2025\/12\/elephant-musee-orsay.jpg\" data-elementor-open-lightbox=\"yes\" data-elementor-lightbox-title=\"elephant-musee-orsay\" data-e-action-hash=\"#elementor-action%3Aaction%3Dlightbox%26settings%3DeyJpZCI6MjA4LCJ1cmwiOiJodHRwczpcL1wvd3d3LnBhcmlzLWFuY2llbi5mclwvZXhwb3MtdW5pdmVyc2VsbGVzXC93cC1jb250ZW50XC91cGxvYWRzXC8yMDI1XC8xMlwvZWxlcGhhbnQtbXVzZWUtb3JzYXkuanBnIn0%3D\">\n\t\t\t\t\t\t\t<img alt=\"\" loading=\"lazy\" decoding=\"async\" width=\"768\" height=\"576\" src=\"https:\/\/www.paris-ancien.fr\/expos-universelles\/wp-content\/uploads\/2025\/12\/elephant-musee-orsay-768x576.jpg\" class=\"attachment-medium_large size-medium_large wp-image-208\" alt=\"\" srcset=\"https:\/\/www.paris-ancien.fr\/expos-universelles\/wp-content\/uploads\/2025\/12\/elephant-musee-orsay-768x576.jpg 768w, https:\/\/www.paris-ancien.fr\/expos-universelles\/wp-content\/uploads\/2025\/12\/elephant-musee-orsay-300x225.jpg 300w, https:\/\/www.paris-ancien.fr\/expos-universelles\/wp-content\/uploads\/2025\/12\/elephant-musee-orsay-1024x768.jpg 1024w, https:\/\/www.paris-ancien.fr\/expos-universelles\/wp-content\/uploads\/2025\/12\/elephant-musee-orsay-1536x1152.jpg 1536w, https:\/\/www.paris-ancien.fr\/expos-universelles\/wp-content\/uploads\/2025\/12\/elephant-musee-orsay.jpg 1600w\" sizes=\"(max-width: 768px) 100vw, 768px\" \/>\t\t\t\t\t\t\t\t<\/a>\n\t\t\t\t\t\t\t\t\t\t\t\t\t\t\t<\/div>\n\t\t\t\t<\/div>\n\t\t\t\t\t<\/div>\n\t\t\t\t<\/div>\n\t\t<div class=\"elementor-element elementor-element-7db4910 e-flex e-con-boxed e-con e-parent\" data-id=\"7db4910\" data-element_type=\"container\" data-e-type=\"container\">\n\t\t\t\t\t<div class=\"e-con-inner\">\n\t\t\t\t<div class=\"elementor-element elementor-element-b87bd5c elementor-widget elementor-widget-spacer\" data-id=\"b87bd5c\" data-element_type=\"widget\" data-e-type=\"widget\" data-widget_type=\"spacer.default\">\n\t\t\t\t\t\t\t<div class=\"elementor-spacer\">\n\t\t\t<div class=\"elementor-spacer-inner\"><\/div>\n\t\t<\/div>\n\t\t\t\t\t\t<\/div>\n\t\t\t\t\t<\/div>\n\t\t\t\t<\/div>\n\t\t\t\t<\/div>\n\t\t","protected":false},"excerpt":{"rendered":"<p>Paris \u2013 7e Arrondissement Tour Eiffel (Expo de 1889) \u00a0Elle f\u00fbt construite par Gustave Eiffel. La Tour Eiffel faillit \u00eatre [&hellip;]<\/p>\n","protected":false},"author":1,"featured_media":0,"parent":0,"menu_order":0,"comment_status":"closed","ping_status":"closed","template":"","meta":{"_seopress_robots_primary_cat":"","_seopress_titles_title":"","_seopress_titles_desc":"Expositions Universelles de Paris - Vestiges des expos de 1855 1867 1889 1900 1907 1931 et 1937. Palais, Frontons, chalets, statues et ornements - Paris 7e","_seopress_robots_index":"","site-sidebar-layout":"no-sidebar","site-content-layout":"","ast-site-content-layout":"full-width-container","site-content-style":"default","site-sidebar-style":"default","ast-global-header-display":"","ast-banner-title-visibility":"","ast-main-header-display":"","ast-hfb-above-header-display":"","ast-hfb-below-header-display":"","ast-hfb-mobile-header-display":"","site-post-title":"disabled","ast-breadcrumbs-content":"","ast-featured-img":"disabled","footer-sml-layout":"","ast-disable-related-posts":"","theme-transparent-header-meta":"","adv-header-id-meta":"","stick-header-meta":"","header-above-stick-meta":"","header-main-stick-meta":"","header-below-stick-meta":"","astra-migrate-meta-layouts":"default","ast-page-background-enabled":"default","ast-page-background-meta":{"desktop":{"background-color":"var(--ast-global-color-5)","background-image":"","background-repeat":"repeat","background-position":"center center","background-size":"auto","background-attachment":"scroll","background-type":"","background-media":"","overlay-type":"","overlay-color":"","overlay-opacity":"","overlay-gradient":""},"tablet":{"background-color":"","background-image":"","background-repeat":"repeat","background-position":"center center","background-size":"auto","background-attachment":"scroll","background-type":"","background-media":"","overlay-type":"","overlay-color":"","overlay-opacity":"","overlay-gradient":""},"mobile":{"background-color":"","background-image":"","background-repeat":"repeat","background-position":"center center","background-size":"auto","background-attachment":"scroll","background-type":"","background-media":"","overlay-type":"","overlay-color":"","overlay-opacity":"","overlay-gradient":""}},"ast-content-background-meta":{"desktop":{"background-color":"var(--ast-global-color-4)","background-image":"","background-repeat":"repeat","background-position":"center center","background-size":"auto","background-attachment":"scroll","background-type":"","background-media":"","overlay-type":"","overlay-color":"","overlay-opacity":"","overlay-gradient":""},"tablet":{"background-color":"var(--ast-global-color-4)","background-image":"","background-repeat":"repeat","background-position":"center center","background-size":"auto","background-attachment":"scroll","background-type":"","background-media":"","overlay-type":"","overlay-color":"","overlay-opacity":"","overlay-gradient":""},"mobile":{"background-color":"var(--ast-global-color-4)","background-image":"","background-repeat":"repeat","background-position":"center center","background-size":"auto","background-attachment":"scroll","background-type":"","background-media":"","overlay-type":"","overlay-color":"","overlay-opacity":"","overlay-gradient":""}},"footnotes":""},"class_list":["post-16","page","type-page","status-publish","hentry"],"_links":{"self":[{"href":"https:\/\/www.paris-ancien.fr\/expos-universelles\/wp-json\/wp\/v2\/pages\/16","targetHints":{"allow":["GET"]}}],"collection":[{"href":"https:\/\/www.paris-ancien.fr\/expos-universelles\/wp-json\/wp\/v2\/pages"}],"about":[{"href":"https:\/\/www.paris-ancien.fr\/expos-universelles\/wp-json\/wp\/v2\/types\/page"}],"author":[{"embeddable":true,"href":"https:\/\/www.paris-ancien.fr\/expos-universelles\/wp-json\/wp\/v2\/users\/1"}],"replies":[{"embeddable":true,"href":"https:\/\/www.paris-ancien.fr\/expos-universelles\/wp-json\/wp\/v2\/comments?post=16"}],"version-history":[{"count":50,"href":"https:\/\/www.paris-ancien.fr\/expos-universelles\/wp-json\/wp\/v2\/pages\/16\/revisions"}],"predecessor-version":[{"id":1412,"href":"https:\/\/www.paris-ancien.fr\/expos-universelles\/wp-json\/wp\/v2\/pages\/16\/revisions\/1412"}],"wp:attachment":[{"href":"https:\/\/www.paris-ancien.fr\/expos-universelles\/wp-json\/wp\/v2\/media?parent=16"}],"curies":[{"name":"wp","href":"https:\/\/api.w.org\/{rel}","templated":true}]}}