{"id":14,"date":"2025-12-18T14:59:30","date_gmt":"2025-12-18T13:59:30","guid":{"rendered":"https:\/\/paris-ancien.fr\/expos-universelles\/?page_id=14"},"modified":"2026-02-05T11:07:54","modified_gmt":"2026-02-05T10:07:54","slug":"paris-6e-arrondissement","status":"publish","type":"page","link":"https:\/\/www.paris-ancien.fr\/expos-universelles\/paris-6e-arrondissement\/","title":{"rendered":"Paris &#8211; 6e Arrondissement"},"content":{"rendered":"\t\t<div data-elementor-type=\"wp-page\" data-elementor-id=\"14\" class=\"elementor elementor-14\">\n\t\t\t\t<div class=\"elementor-element elementor-element-bc76050 e-flex e-con-boxed e-con e-parent\" data-id=\"bc76050\" data-element_type=\"container\" data-e-type=\"container\">\n\t\t\t\t\t<div class=\"e-con-inner\">\n\t\t\t\t<div class=\"elementor-element elementor-element-e990fa1 elementor-widget elementor-widget-heading\" data-id=\"e990fa1\" data-element_type=\"widget\" data-e-type=\"widget\" data-widget_type=\"heading.default\">\n\t\t\t\t\t<h2 class=\"elementor-heading-title elementor-size-default\">Paris - 6e Arrondissement<\/h2>\t\t\t\t<\/div>\n\t\t\t\t\t<\/div>\n\t\t\t\t<\/div>\n\t\t<div class=\"elementor-element elementor-element-925dbc4 e-flex e-con-boxed e-con e-parent\" data-id=\"925dbc4\" data-element_type=\"container\" data-e-type=\"container\">\n\t\t\t\t\t<div class=\"e-con-inner\">\n\t\t\t\t<div class=\"elementor-element elementor-element-de21fe0 elementor-widget elementor-widget-heading\" data-id=\"de21fe0\" data-element_type=\"widget\" data-e-type=\"widget\" data-widget_type=\"heading.default\">\n\t\t\t\t\t<h4 class=\"elementor-heading-title elementor-size-default\">Statue de la Libert\u00e9 - Jardin du Luxembourg (Expo de 1878)<\/h4>\t\t\t\t<\/div>\n\t\t\t\t\t<\/div>\n\t\t\t\t<\/div>\n\t\t<div class=\"elementor-element elementor-element-42baf43 e-flex e-con-boxed e-con e-parent\" data-id=\"42baf43\" data-element_type=\"container\" data-e-type=\"container\">\n\t\t\t\t\t<div class=\"e-con-inner\">\n\t\t\t\t<div class=\"elementor-element elementor-element-5c3827d elementor-widget elementor-widget-text-editor\" data-id=\"5c3827d\" data-element_type=\"widget\" data-e-type=\"widget\" data-widget_type=\"text-editor.default\">\n\t\t\t\t\t\t\t\t\t<p>Petite Statue plac\u00e9e dans le jardin du Luxembourg. Elle fut demand\u00e9e par la femme de Bartholdi. La t\u00eate de la statue originale f\u00fbt expos\u00e9e en 1878.<\/p>\t\t\t\t\t\t\t\t<\/div>\n\t\t\t\t\t<\/div>\n\t\t\t\t<\/div>\n\t\t<div class=\"elementor-element elementor-element-0132cd9 e-flex e-con-boxed e-con e-parent\" data-id=\"0132cd9\" data-element_type=\"container\" data-e-type=\"container\">\n\t\t\t\t\t<div class=\"e-con-inner\">\n\t\t<div class=\"elementor-element elementor-element-5236221 e-con-full e-flex e-con e-child\" data-id=\"5236221\" data-element_type=\"container\" data-e-type=\"container\">\n\t\t\t\t<div class=\"elementor-element elementor-element-0c9cbcb elementor-widget elementor-widget-google_maps\" data-id=\"0c9cbcb\" data-element_type=\"widget\" data-e-type=\"widget\" data-widget_type=\"google_maps.default\">\n\t\t\t\t\t\t\t<div class=\"elementor-custom-embed\">\n\t\t\t<iframe loading=\"lazy\"\n\t\t\t\t\tsrc=\"https:\/\/maps.google.com\/maps?q=statue%20de%20la%20liberte%20jardin%20du%20luxembourg&#038;t=m&#038;z=16&#038;output=embed&#038;iwloc=near\"\n\t\t\t\t\ttitle=\"statue de la liberte jardin du luxembourg\"\n\t\t\t\t\taria-label=\"statue de la liberte jardin du luxembourg\"\n\t\t\t><\/iframe>\n\t\t<\/div>\n\t\t\t\t\t\t<\/div>\n\t\t\t\t<\/div>\n\t\t<div class=\"elementor-element elementor-element-f97a014 e-con-full e-flex e-con e-child\" data-id=\"f97a014\" data-element_type=\"container\" data-e-type=\"container\">\n\t\t\t\t<div class=\"elementor-element elementor-element-c4a8826 elementor-widget elementor-widget-image\" data-id=\"c4a8826\" data-element_type=\"widget\" data-e-type=\"widget\" data-widget_type=\"image.default\">\n\t\t\t\t\t\t\t\t\t\t\t\t\t\t\t\t<a href=\"https:\/\/www.paris-ancien.fr\/expos-universelles\/wp-content\/uploads\/2025\/12\/statue-liberte-luxembourg.jpg\" data-elementor-open-lightbox=\"yes\" data-elementor-lightbox-title=\"statue-liberte-luxembourg\" data-e-action-hash=\"#elementor-action%3Aaction%3Dlightbox%26settings%3DeyJpZCI6MTQzLCJ1cmwiOiJodHRwczpcL1wvd3d3LnBhcmlzLWFuY2llbi5mclwvZXhwb3MtdW5pdmVyc2VsbGVzXC93cC1jb250ZW50XC91cGxvYWRzXC8yMDI1XC8xMlwvc3RhdHVlLWxpYmVydGUtbHV4ZW1ib3VyZy5qcGcifQ%3D%3D\">\n\t\t\t\t\t\t\t<img alt=\"\" fetchpriority=\"high\" decoding=\"async\" width=\"768\" height=\"576\" src=\"https:\/\/www.paris-ancien.fr\/expos-universelles\/wp-content\/uploads\/2025\/12\/statue-liberte-luxembourg-768x576.jpg\" class=\"attachment-medium_large size-medium_large wp-image-143\" alt=\"\" srcset=\"https:\/\/www.paris-ancien.fr\/expos-universelles\/wp-content\/uploads\/2025\/12\/statue-liberte-luxembourg-768x576.jpg 768w, https:\/\/www.paris-ancien.fr\/expos-universelles\/wp-content\/uploads\/2025\/12\/statue-liberte-luxembourg-300x225.jpg 300w, https:\/\/www.paris-ancien.fr\/expos-universelles\/wp-content\/uploads\/2025\/12\/statue-liberte-luxembourg-1024x768.jpg 1024w, https:\/\/www.paris-ancien.fr\/expos-universelles\/wp-content\/uploads\/2025\/12\/statue-liberte-luxembourg-1536x1152.jpg 1536w, https:\/\/www.paris-ancien.fr\/expos-universelles\/wp-content\/uploads\/2025\/12\/statue-liberte-luxembourg.jpg 1600w\" sizes=\"(max-width: 768px) 100vw, 768px\" \/>\t\t\t\t\t\t\t\t<\/a>\n\t\t\t\t\t\t\t\t\t\t\t\t\t\t\t<\/div>\n\t\t\t\t<\/div>\n\t\t\t\t\t<\/div>\n\t\t\t\t<\/div>\n\t\t<div class=\"elementor-element elementor-element-25c9bea e-flex e-con-boxed e-con e-parent\" data-id=\"25c9bea\" data-element_type=\"container\" data-e-type=\"container\">\n\t\t\t\t\t<div class=\"e-con-inner\">\n\t\t\t\t<div class=\"elementor-element elementor-element-bd25b78 elementor-widget elementor-widget-heading\" data-id=\"bd25b78\" data-element_type=\"widget\" data-e-type=\"widget\" data-widget_type=\"heading.default\">\n\t\t\t\t\t<h4 class=\"elementor-heading-title elementor-size-default\">Portail de c\u00e9ramique - Square F\u00e9lix Desruelles, Bd St Germain (Expo de 1900)<\/h4>\t\t\t\t<\/div>\n\t\t\t\t\t<\/div>\n\t\t\t\t<\/div>\n\t\t<div class=\"elementor-element elementor-element-1c6bcf5 e-flex e-con-boxed e-con e-parent\" data-id=\"1c6bcf5\" data-element_type=\"container\" data-e-type=\"container\">\n\t\t\t\t\t<div class=\"e-con-inner\">\n\t\t\t\t<div class=\"elementor-element elementor-element-bd24125 elementor-widget elementor-widget-text-editor\" data-id=\"bd24125\" data-element_type=\"widget\" data-e-type=\"widget\" data-widget_type=\"text-editor.default\">\n\t\t\t\t\t\t\t\t\t<p>Exposition de 1900. Ceci ornait la porte de S\u00e8vres qui se trouvait au niveau des Invalides. Elle f\u00fbt concue par Charles Risler.<\/p>\t\t\t\t\t\t\t\t<\/div>\n\t\t\t\t\t<\/div>\n\t\t\t\t<\/div>\n\t\t<div class=\"elementor-element elementor-element-023e6e7 e-flex e-con-boxed e-con e-parent\" data-id=\"023e6e7\" data-element_type=\"container\" data-e-type=\"container\">\n\t\t\t\t\t<div class=\"e-con-inner\">\n\t\t<div class=\"elementor-element elementor-element-e9eddf6 e-con-full e-flex e-con e-child\" data-id=\"e9eddf6\" data-element_type=\"container\" data-e-type=\"container\">\n\t\t\t\t<div class=\"elementor-element elementor-element-d5b4381 elementor-widget elementor-widget-google_maps\" data-id=\"d5b4381\" data-element_type=\"widget\" data-e-type=\"widget\" data-widget_type=\"google_maps.default\">\n\t\t\t\t\t\t\t<div class=\"elementor-custom-embed\">\n\t\t\t<iframe loading=\"lazy\"\n\t\t\t\t\tsrc=\"https:\/\/maps.google.com\/maps?q=Square%20F%C3%A9lix%20Desruelles%2C%20Bd%20St%20Germain&#038;t=m&#038;z=16&#038;output=embed&#038;iwloc=near\"\n\t\t\t\t\ttitle=\"Square F\u00e9lix Desruelles, Bd St Germain\"\n\t\t\t\t\taria-label=\"Square F\u00e9lix Desruelles, Bd St Germain\"\n\t\t\t><\/iframe>\n\t\t<\/div>\n\t\t\t\t\t\t<\/div>\n\t\t\t\t<\/div>\n\t\t<div class=\"elementor-element elementor-element-4927bfa e-con-full e-flex e-con e-child\" data-id=\"4927bfa\" data-element_type=\"container\" data-e-type=\"container\">\n\t\t\t\t<div class=\"elementor-element elementor-element-31d3dd7 elementor-widget elementor-widget-image\" data-id=\"31d3dd7\" data-element_type=\"widget\" data-e-type=\"widget\" data-widget_type=\"image.default\">\n\t\t\t\t\t\t\t\t\t\t\t\t\t\t\t\t<a href=\"https:\/\/www.paris-ancien.fr\/expos-universelles\/wp-content\/uploads\/2026\/02\/square-desruelles.jpg\" data-elementor-open-lightbox=\"yes\" data-elementor-lightbox-title=\"square-desruelles\" data-e-action-hash=\"#elementor-action%3Aaction%3Dlightbox%26settings%3DeyJpZCI6MTQyMywidXJsIjoiaHR0cHM6XC9cL3d3dy5wYXJpcy1hbmNpZW4uZnJcL2V4cG9zLXVuaXZlcnNlbGxlc1wvd3AtY29udGVudFwvdXBsb2Fkc1wvMjAyNlwvMDJcL3NxdWFyZS1kZXNydWVsbGVzLmpwZyJ9\">\n\t\t\t\t\t\t\t<img alt=\"\" decoding=\"async\" width=\"768\" height=\"576\" src=\"https:\/\/www.paris-ancien.fr\/expos-universelles\/wp-content\/uploads\/2026\/02\/square-desruelles-768x576.jpg\" class=\"attachment-medium_large size-medium_large wp-image-1423\" alt=\"\" srcset=\"https:\/\/www.paris-ancien.fr\/expos-universelles\/wp-content\/uploads\/2026\/02\/square-desruelles-768x576.jpg 768w, https:\/\/www.paris-ancien.fr\/expos-universelles\/wp-content\/uploads\/2026\/02\/square-desruelles-300x225.jpg 300w, https:\/\/www.paris-ancien.fr\/expos-universelles\/wp-content\/uploads\/2026\/02\/square-desruelles-1024x768.jpg 1024w, https:\/\/www.paris-ancien.fr\/expos-universelles\/wp-content\/uploads\/2026\/02\/square-desruelles-1536x1152.jpg 1536w, https:\/\/www.paris-ancien.fr\/expos-universelles\/wp-content\/uploads\/2026\/02\/square-desruelles.jpg 1600w\" sizes=\"(max-width: 768px) 100vw, 768px\" \/>\t\t\t\t\t\t\t\t<\/a>\n\t\t\t\t\t\t\t\t\t\t\t\t\t\t\t<\/div>\n\t\t\t\t<\/div>\n\t\t\t\t\t<\/div>\n\t\t\t\t<\/div>\n\t\t<div class=\"elementor-element elementor-element-a50de94 e-flex e-con-boxed e-con e-parent\" data-id=\"a50de94\" data-element_type=\"container\" data-e-type=\"container\">\n\t\t\t\t\t<div class=\"e-con-inner\">\n\t\t\t\t<div class=\"elementor-element elementor-element-9d1dad4 elementor-widget elementor-widget-spacer\" data-id=\"9d1dad4\" data-element_type=\"widget\" data-e-type=\"widget\" data-widget_type=\"spacer.default\">\n\t\t\t\t\t\t\t<div class=\"elementor-spacer\">\n\t\t\t<div class=\"elementor-spacer-inner\"><\/div>\n\t\t<\/div>\n\t\t\t\t\t\t<\/div>\n\t\t\t\t\t<\/div>\n\t\t\t\t<\/div>\n\t\t\t\t<\/div>\n\t\t","protected":false},"excerpt":{"rendered":"<p>Paris &#8211; 6e Arrondissement Statue de la Libert\u00e9 &#8211; Jardin du Luxembourg (Expo de 1878) Petite Statue plac\u00e9e dans le [&hellip;]<\/p>\n","protected":false},"author":1,"featured_media":0,"parent":0,"menu_order":0,"comment_status":"closed","ping_status":"closed","template":"","meta":{"_seopress_robots_primary_cat":"","_seopress_titles_title":"","_seopress_titles_desc":"Expositions Universelles de Paris - Vestiges des expos de 1855 1867 1889 1900 1907 1931 et 1937. Palais, Frontons, chalets, statues et ornements - Paris 6e","_seopress_robots_index":"","site-sidebar-layout":"no-sidebar","site-content-layout":"","ast-site-content-layout":"full-width-container","site-content-style":"default","site-sidebar-style":"default","ast-global-header-display":"","ast-banner-title-visibility":"","ast-main-header-display":"","ast-hfb-above-header-display":"","ast-hfb-below-header-display":"","ast-hfb-mobile-header-display":"","site-post-title":"disabled","ast-breadcrumbs-content":"","ast-featured-img":"disabled","footer-sml-layout":"","ast-disable-related-posts":"","theme-transparent-header-meta":"","adv-header-id-meta":"","stick-header-meta":"","header-above-stick-meta":"","header-main-stick-meta":"","header-below-stick-meta":"","astra-migrate-meta-layouts":"default","ast-page-background-enabled":"default","ast-page-background-meta":{"desktop":{"background-color":"var(--ast-global-color-5)","background-image":"","background-repeat":"repeat","background-position":"center center","background-size":"auto","background-attachment":"scroll","background-type":"","background-media":"","overlay-type":"","overlay-color":"","overlay-opacity":"","overlay-gradient":""},"tablet":{"background-color":"","background-image":"","background-repeat":"repeat","background-position":"center center","background-size":"auto","background-attachment":"scroll","background-type":"","background-media":"","overlay-type":"","overlay-color":"","overlay-opacity":"","overlay-gradient":""},"mobile":{"background-color":"","background-image":"","background-repeat":"repeat","background-position":"center center","background-size":"auto","background-attachment":"scroll","background-type":"","background-media":"","overlay-type":"","overlay-color":"","overlay-opacity":"","overlay-gradient":""}},"ast-content-background-meta":{"desktop":{"background-color":"var(--ast-global-color-4)","background-image":"","background-repeat":"repeat","background-position":"center center","background-size":"auto","background-attachment":"scroll","background-type":"","background-media":"","overlay-type":"","overlay-color":"","overlay-opacity":"","overlay-gradient":""},"tablet":{"background-color":"var(--ast-global-color-4)","background-image":"","background-repeat":"repeat","background-position":"center center","background-size":"auto","background-attachment":"scroll","background-type":"","background-media":"","overlay-type":"","overlay-color":"","overlay-opacity":"","overlay-gradient":""},"mobile":{"background-color":"var(--ast-global-color-4)","background-image":"","background-repeat":"repeat","background-position":"center center","background-size":"auto","background-attachment":"scroll","background-type":"","background-media":"","overlay-type":"","overlay-color":"","overlay-opacity":"","overlay-gradient":""}},"footnotes":""},"class_list":["post-14","page","type-page","status-publish","hentry"],"_links":{"self":[{"href":"https:\/\/www.paris-ancien.fr\/expos-universelles\/wp-json\/wp\/v2\/pages\/14","targetHints":{"allow":["GET"]}}],"collection":[{"href":"https:\/\/www.paris-ancien.fr\/expos-universelles\/wp-json\/wp\/v2\/pages"}],"about":[{"href":"https:\/\/www.paris-ancien.fr\/expos-universelles\/wp-json\/wp\/v2\/types\/page"}],"author":[{"embeddable":true,"href":"https:\/\/www.paris-ancien.fr\/expos-universelles\/wp-json\/wp\/v2\/users\/1"}],"replies":[{"embeddable":true,"href":"https:\/\/www.paris-ancien.fr\/expos-universelles\/wp-json\/wp\/v2\/comments?post=14"}],"version-history":[{"count":38,"href":"https:\/\/www.paris-ancien.fr\/expos-universelles\/wp-json\/wp\/v2\/pages\/14\/revisions"}],"predecessor-version":[{"id":1435,"href":"https:\/\/www.paris-ancien.fr\/expos-universelles\/wp-json\/wp\/v2\/pages\/14\/revisions\/1435"}],"wp:attachment":[{"href":"https:\/\/www.paris-ancien.fr\/expos-universelles\/wp-json\/wp\/v2\/media?parent=14"}],"curies":[{"name":"wp","href":"https:\/\/api.w.org\/{rel}","templated":true}]}}